{"id":24485,"date":"2020-10-06T16:58:37","date_gmt":"2020-10-06T14:58:37","guid":{"rendered":"https:\/\/susannaarjona.com\/?page_id=24485"},"modified":"2025-11-17T12:33:26","modified_gmt":"2025-11-17T11:33:26","slug":"terapia-familiar","status":"publish","type":"page","link":"https:\/\/susannaarjona.com\/ca\/psicoterapia-familias-adultos\/terapia-familiar\/","title":{"rendered":"Psicoterapia para Familias Girona"},"content":{"rendered":"<p>[et_pb_section fb_built=\u00bb1&#8243; disabled_on=\u00bbon|on|off\u00bb _builder_version=\u00bb4.16&#8243; _module_preset=\u00bbdefault\u00bb background_color=\u00bb#9ed7cd\u00bb background_enable_color=\u00bboff\u00bb use_background_color_gradient=\u00bbon\u00bb background_color_gradient_direction=\u00bb90deg\u00bb background_color_gradient_stops=\u00bb#ddc07c 83%|rgba(221,192,124,0.61) 100%\u00bb background_color_gradient_start=\u00bb#ddc07c\u00bb background_color_gradient_start_position=\u00bb83%\u00bb background_color_gradient_end=\u00bbrgba(221,192,124,0.61)\u00bb custom_padding=\u00bb30px||30px||true|\u00bb bottom_divider_style=\u00bbwave2&#8243; bottom_divider_color=\u00bb#FFFFFF\u00bb bottom_divider_height=\u00bb52px\u00bb global_colors_info=\u00bb{}\u00bb][et_pb_row _builder_version=\u00bb4.16&#8243; _module_preset=\u00bbdefault\u00bb custom_padding=\u00bb56px|||||\u00bb global_colors_info=\u00bb{}\u00bb][et_pb_column type=\u00bb4_4&#8243; _builder_version=\u00bb4.16&#8243; _module_preset=\u00bbdefault\u00bb global_colors_info=\u00bb{}\u00bb][dg_adh_heading title_prefix=\u00bbTerapia\u00bb title_infix=\u00bbFamiliar\u00bb title_suffix_block=\u00bbblock\u00bb heading_margin=\u00bb||||false|false\u00bb heading_margin_tablet=\u00bb|98px|||false|false\u00bb heading_margin_phone=\u00bb|0px|||false|false\u00bb heading_margin_last_edited=\u00bbon|phone\u00bb prefix_margin=\u00bb-82px|||65px|false|false\u00bb prefix_margin_tablet=\u00bb-70px|||52px|false|false\u00bb prefix_margin_phone=\u00bb|||40px|false|false\u00bb prefix_margin_last_edited=\u00bbon|phone\u00bb infix_margin=\u00bb-82px||||false|false\u00bb infix_margin_tablet=\u00bb-70px||||false|false\u00bb infix_margin_phone=\u00bb\u00bb infix_margin_last_edited=\u00bbon|tablet\u00bb suffix_margin=\u00bb-46px|71px|||false|false\u00bb suffix_margin_tablet=\u00bb-30px|77px|||false|false\u00bb suffix_margin_phone=\u00bb-38px|32px|||false|false\u00bb suffix_margin_last_edited=\u00bbon|phone\u00bb dual_text_margin_tablet=\u00bb|||24px|false|false\u00bb dual_text_margin_phone=\u00bb|||8px|false|false\u00bb dual_text_margin_last_edited=\u00bbon|tablet\u00bb _builder_version=\u00bb4.19.4&#8243; title_level=\u00bbh1&#8243; title_font=\u00bbYeseva One||||||||\u00bb title_text_color=\u00bb#ffffff\u00bb title_font_size=\u00bb84px\u00bb title_line_height=\u00bb1.3em\u00bb t_dual_font=\u00bbYeseva One||||||||\u00bb t_dual_text_color=\u00bbrgba(255,255,255,0.24)\u00bb t_dual_font_size=\u00bb382px\u00bb t_dual_line_height=\u00bb1.6em\u00bb t_prefix_font=\u00bbYeseva One||||||||\u00bb t_prefix_text_color=\u00bb#FFFFFF\u00bb t_prefix_font_size=\u00bb60px\u00bb t_infix_font=\u00bbSusy||||||||\u00bb t_infix_text_color=\u00bb#FFFFFF\u00bb t_infix_font_size=\u00bb85px\u00bb t_suffix_font=\u00bbMuli||||||||\u00bb t_suffix_text_align=\u00bbright\u00bb t_suffix_text_color=\u00bb#FFFFFF\u00bb t_suffix_font_size=\u00bb20px\u00bb t_suffix_letter_spacing=\u00bb2px\u00bb t_suffix_line_height=\u00bb1.4em\u00bb custom_margin=\u00bb10px||-3px||false|false\u00bb custom_margin_tablet=\u00bb0px||49px||false|false\u00bb custom_margin_phone=\u00bb0px||2px||false|false\u00bb custom_margin_last_edited=\u00bbon|tablet\u00bb title_text_align_tablet=\u00bb\u00bb title_text_align_phone=\u00bbcenter\u00bb title_text_align_last_edited=\u00bbon|phone\u00bb title_font_size_tablet=\u00bb\u00bb title_font_size_phone=\u00bb72px\u00bb title_font_size_last_edited=\u00bbon|tablet\u00bb t_dual_text_align_tablet=\u00bb\u00bb t_dual_text_align_phone=\u00bbcenter\u00bb t_dual_text_align_last_edited=\u00bbon|phone\u00bb t_dual_font_size_tablet=\u00bb300px\u00bb t_dual_font_size_phone=\u00bb300px\u00bb t_dual_font_size_last_edited=\u00bbon|phone\u00bb t_prefix_text_align_tablet=\u00bb\u00bb t_prefix_text_align_phone=\u00bbcenter\u00bb t_prefix_text_align_last_edited=\u00bbon|phone\u00bb t_prefix_font_size_tablet=\u00bb\u00bb t_prefix_font_size_phone=\u00bb53px\u00bb t_prefix_font_size_last_edited=\u00bbon|phone\u00bb t_infix_text_align_tablet=\u00bb\u00bb t_infix_text_align_phone=\u00bbcenter\u00bb t_infix_text_align_last_edited=\u00bbon|phone\u00bb t_infix_font_size_tablet=\u00bb\u00bb t_infix_font_size_phone=\u00bb64px\u00bb t_infix_font_size_last_edited=\u00bbon|phone\u00bb t_suffix_text_align_tablet=\u00bb\u00bb t_suffix_text_align_phone=\u00bbcenter\u00bb t_suffix_text_align_last_edited=\u00bbon|phone\u00bb t_suffix_text_color_tablet=\u00bb\u00bb t_suffix_text_color_phone=\u00bb\u00bb t_suffix_text_color_last_edited=\u00bbon|phone\u00bb t_suffix_font_size_tablet=\u00bb\u00bb t_suffix_font_size_phone=\u00bb22px\u00bb t_suffix_font_size_last_edited=\u00bbon|phone\u00bb locked=\u00bboff\u00bb global_colors_info=\u00bb{}\u00bb suffix_margin__hover_enabled=\u00bboff|desktop\u00bb prefix_margin__hover_enabled=\u00bboff|desktop\u00bb][\/dg_adh_heading][et_pb_image src=\u00bbhttps:\/\/susannaarjona.com\/wp-content\/uploads\/2020\/10\/tierra-psicopedagoga-psicopedagogia-terapeuta-infantil-adolescences-adultos-astrologia-susanna-arjona-aria-vital-girona-18.png\u00bb title_text=\u00bbtierra psicopedagoga psicopedagogia terapeuta infantil adolescences adultos astrologia susanna arjona aria vital girona 18&#8243; _builder_version=\u00bb4.16&#8243; _module_preset=\u00bbdefault\u00bb positioning=\u00bbabsolute\u00bb vertical_offset=\u00bb-71px\u00bb horizontal_offset=\u00bb-62px\u00bb width=\u00bb100%\u00bb max_width=\u00bb20%\u00bb scroll_rotating_enable=\u00bbon\u00bb global_colors_info=\u00bb{}\u00bb][\/et_pb_image][\/et_pb_column][\/et_pb_row][\/et_pb_section][et_pb_section fb_built=\u00bb1&#8243; next_background_color=\u00bb#ffffff\u00bb disabled_on=\u00bboff|off|on\u00bb _builder_version=\u00bb4.16&#8243; _module_preset=\u00bbdefault\u00bb background_color=\u00bb#DDC07C\u00bb custom_padding=\u00bb30px||30px||true|\u00bb bottom_divider_style=\u00bbwave2&#8243; bottom_divider_height=\u00bb74px\u00bb global_colors_info=\u00bb{}\u00bb][et_pb_row _builder_version=\u00bb4.16&#8243; _module_preset=\u00bbdefault\u00bb custom_padding=\u00bb35px|||||\u00bb global_colors_info=\u00bb{}\u00bb][et_pb_column type=\u00bb4_4&#8243; _builder_version=\u00bb4.16&#8243; _module_preset=\u00bbdefault\u00bb global_colors_info=\u00bb{}\u00bb][et_pb_image src=\u00bbhttps:\/\/susannaarjona.com\/wp-content\/uploads\/2020\/10\/tierra-psicopedagoga-psicopedagogia-terapeuta-infantil-adolescences-adultos-astrologia-susanna-arjona-aria-vital-girona-18.png\u00bb title_text=\u00bbtierra psicopedagoga psicopedagogia terapeuta infantil adolescences adultos astrologia susanna arjona aria vital girona 18&#8243; align_tablet=\u00bb\u00bb align_phone=\u00bbcenter\u00bb align_last_edited=\u00bbon|tablet\u00bb _builder_version=\u00bb4.16&#8243; _module_preset=\u00bbdefault\u00bb vertical_offset=\u00bb-73px\u00bb horizontal_offset=\u00bb-62px\u00bb vertical_offset_tablet=\u00bb\u00bb vertical_offset_phone=\u00bb-38px\u00bb vertical_offset_last_edited=\u00bbon|phone\u00bb horizontal_offset_tablet=\u00bb-83px\u00bb horizontal_offset_phone=\u00bb-31px\u00bb horizontal_offset_last_edited=\u00bbon|phone\u00bb position_origin_a_tablet=\u00bb\u00bb position_origin_a_phone=\u00bb\u00bb position_origin_a_last_edited=\u00bbon|phone\u00bb position_origin_f_tablet=\u00bb\u00bb position_origin_f_phone=\u00bb\u00bb position_origin_f_last_edited=\u00bbon|phone\u00bb position_origin_r_tablet=\u00bb\u00bb position_origin_r_phone=\u00bb\u00bb position_origin_r_last_edited=\u00bbon|phone\u00bb width=\u00bb83%\u00bb width_tablet=\u00bb25%\u00bb width_phone=\u00bb41%\u00bb width_last_edited=\u00bbon|phone\u00bb scroll_rotating_enable=\u00bbon\u00bb positioning_tablet=\u00bbabsolute\u00bb positioning_phone=\u00bbabsolute\u00bb positioning_last_edited=\u00bbon|phone\u00bb global_colors_info=\u00bb{}\u00bb][\/et_pb_image][dg_adh_heading title_prefix=\u00bbTerapia para\u00bb title_infix=\u00bbFamilias\u00bb title_suffix_block=\u00bbinline\u00bb dual_text_margin_tablet=\u00bb|||24px|false|false\u00bb dual_text_margin_phone=\u00bb|||8px|false|false\u00bb dual_text_margin_last_edited=\u00bbon|tablet\u00bb _builder_version=\u00bb4.16&#8243; title_level=\u00bbh1&#8243; title_font=\u00bbYeseva One||||||||\u00bb title_text_color=\u00bb#ffffff\u00bb title_font_size=\u00bb84px\u00bb title_line_height=\u00bb1.3em\u00bb t_dual_font=\u00bbYeseva One||||||||\u00bb t_dual_text_color=\u00bbrgba(255,255,255,0.24)\u00bb t_dual_font_size=\u00bb382px\u00bb t_dual_line_height=\u00bb1.6em\u00bb t_prefix_font=\u00bbYeseva One||||||||\u00bb t_prefix_font_size=\u00bb60px\u00bb t_infix_font=\u00bbSusy||||||||\u00bb t_infix_text_color=\u00bb#ffffff\u00bb t_infix_font_size=\u00bb85px\u00bb t_suffix_font=\u00bbMuli||||||||\u00bb t_suffix_text_align=\u00bbright\u00bb custom_margin=\u00bb||5px|||\u00bb title_text_align_tablet=\u00bb\u00bb title_text_align_phone=\u00bbcenter\u00bb title_text_align_last_edited=\u00bbon|phone\u00bb title_font_size_tablet=\u00bb\u00bb title_font_size_phone=\u00bb72px\u00bb title_font_size_last_edited=\u00bbon|tablet\u00bb t_dual_text_align_tablet=\u00bb\u00bb t_dual_text_align_phone=\u00bbcenter\u00bb t_dual_text_align_last_edited=\u00bbon|phone\u00bb t_dual_font_size_tablet=\u00bb300px\u00bb t_dual_font_size_phone=\u00bb300px\u00bb t_dual_font_size_last_edited=\u00bbon|phone\u00bb t_prefix_text_align_tablet=\u00bb\u00bb t_prefix_text_align_phone=\u00bbcenter\u00bb t_prefix_text_align_last_edited=\u00bbon|phone\u00bb t_prefix_font_size_tablet=\u00bb\u00bb t_prefix_font_size_phone=\u00bb53px\u00bb t_prefix_font_size_last_edited=\u00bbon|phone\u00bb t_infix_text_align_tablet=\u00bb\u00bb t_infix_text_align_phone=\u00bbcenter\u00bb t_infix_text_align_last_edited=\u00bbon|phone\u00bb t_infix_font_size_tablet=\u00bb\u00bb t_infix_font_size_phone=\u00bb64px\u00bb t_infix_font_size_last_edited=\u00bbon|phone\u00bb t_suffix_text_align_tablet=\u00bb\u00bb t_suffix_text_align_phone=\u00bbcenter\u00bb t_suffix_text_align_last_edited=\u00bbon|phone\u00bb t_suffix_text_color_tablet=\u00bb\u00bb t_suffix_text_color_phone=\u00bb\u00bb t_suffix_text_color_last_edited=\u00bbon|phone\u00bb t_suffix_font_size_phone=\u00bb22px\u00bb t_suffix_font_size_last_edited=\u00bboff|desktop\u00bb locked=\u00bboff\u00bb global_colors_info=\u00bb{}\u00bb][\/dg_adh_heading][\/et_pb_column][\/et_pb_row][\/et_pb_section][et_pb_section fb_built=\u00bb1&#8243; _builder_version=\u00bb4.16&#8243; _module_preset=\u00bbdefault\u00bb custom_padding=\u00bb||0px|||\u00bb global_colors_info=\u00bb{}\u00bb][et_pb_row _builder_version=\u00bb4.16&#8243; _module_preset=\u00bbdefault\u00bb global_colors_info=\u00bb{}\u00bb][et_pb_column type=\u00bb4_4&#8243; _builder_version=\u00bb4.16&#8243; _module_preset=\u00bbdefault\u00bb global_colors_info=\u00bb{}\u00bb][et_pb_text _builder_version=\u00bb4.16&#8243; _module_preset=\u00bbdefault\u00bb global_colors_info=\u00bb{}\u00bb]<\/p>\n<blockquote>\n<h6 style=\"text-align: center;\">\u201cLa familia es el Sistema de relaciones fundamentalmente afectivas, presente en todas las culturas, de la cual, el ser humano forma parte a lo largo del tiempo\u201d. Giorgio Nardone<\/h6>\n<\/blockquote>\n<p>[\/et_pb_text][\/et_pb_column][\/et_pb_row][\/et_pb_section][et_pb_section fb_built=\u00bb1&#8243; _builder_version=\u00bb4.16&#8243; _module_preset=\u00bbdefault\u00bb background_enable_color=\u00bboff\u00bb custom_padding=\u00bb33px||85px|||\u00bb bottom_divider_flip=\u00bbhorizontal\u00bb global_colors_info=\u00bb{}\u00bb][et_pb_row column_structure=\u00bb2_3,1_3&#8243; _builder_version=\u00bb4.16&#8243; _module_preset=\u00bbdefault\u00bb global_colors_info=\u00bb{}\u00bb][et_pb_column type=\u00bb2_3&#8243; _builder_version=\u00bb4.16&#8243; _module_preset=\u00bbdefault\u00bb global_colors_info=\u00bb{}\u00bb][et_pb_text _builder_version=\u00bb4.16&#8243; _module_preset=\u00bbdefault\u00bb global_colors_info=\u00bb{}\u00bb]<\/p>\n<p>La base de una sociedad sana es la familia, son las personas que conforman ese sistema familiar. Y si nos gusta la definici\u00f3n de Giorgio Nardone, es porque no habla de familia en referencia a lazos de sangre, sino que habla de un sistema de relaciones afectivas y vinculares. Lo cual nos lleva mucho m\u00e1s all\u00e1 de nuestra familia de or\u00edgen.<\/p>\n<p>Quiz\u00e1 nuestra familia no sea el hogar donde nacimos, ni las personas que nos dieron la vida, quiz\u00e1 la fam\u00edlia, en este momento ya, sea algo m\u00e1s complejo y extenso. Son las relaciones que elegimos que nos hacen sentir parte de un clan.<\/p>\n<p>Lo que se ven\u00eda llamando hasta hace pocos a\u00f1os \u201cfamilia tradicional\u201d, ha empezado, desde hacer tiempo a dejar lugar a nuevas fam\u00edlias. A lo que yo llamamos \u201cfamilias de colores\u201d donde la vinculaci\u00f3n va m\u00e1s all\u00e1 de los lazos consangu\u00edneos. Donde una madre\/padre puede estar con hijxs que no son suyos o dos familias convivir en armon\u00eda con cada uno, sus propios hijxs. O bien hijxs con dos madres o con dos padres.<\/p>\n<p>[\/et_pb_text][\/et_pb_column][et_pb_column type=\u00bb1_3&#8243; _builder_version=\u00bb4.16&#8243; _module_preset=\u00bbdefault\u00bb global_colors_info=\u00bb{}\u00bb][et_pb_image src=\u00bbhttps:\/\/susannaarjona.com\/wp-content\/uploads\/2020\/11\/psicopedagoga-psicopedagogia-terapeuta-infantil-adolescences-adultos-astrologia-susanna-arjona-aria-vital-girona-39.jpg\u00bb title_text=\u00bbpsicopedagoga psicopedagogia terapeuta infantil adolescences adultos astrologia susanna arjona aria vital girona 39&#8243; _builder_version=\u00bb4.16&#8243; _module_preset=\u00bbdefault\u00bb global_colors_info=\u00bb{}\u00bb][\/et_pb_image][\/et_pb_column][\/et_pb_row][et_pb_row _builder_version=\u00bb4.16&#8243; _module_preset=\u00bbdefault\u00bb global_colors_info=\u00bb{}\u00bb][et_pb_column type=\u00bb4_4&#8243; _builder_version=\u00bb4.16&#8243; _module_preset=\u00bbdefault\u00bb global_colors_info=\u00bb{}\u00bb][et_pb_text _builder_version=\u00bb4.16&#8243; _module_preset=\u00bbdefault\u00bb global_colors_info=\u00bb{}\u00bb]<\/p>\n<blockquote>\n<h6 style=\"text-align: center;\">\u201cPara educar a un ni\u00f1x, hace falta toda la tribu\u201d. Jos\u00e9 Antonio Marina<\/h6>\n<\/blockquote>\n<p>[\/et_pb_text][\/et_pb_column][\/et_pb_row][et_pb_row _builder_version=\u00bb4.16&#8243; _module_preset=\u00bbdefault\u00bb global_colors_info=\u00bb{}\u00bb][et_pb_column type=\u00bb4_4&#8243; _builder_version=\u00bb4.16&#8243; _module_preset=\u00bbdefault\u00bb global_colors_info=\u00bb{}\u00bb][et_pb_button button_url=\u00bb#contacto\u00bb button_text=\u00bbmejorad vuestros v\u00ednculos familiares \u00bb _builder_version=\u00bb4.19.4&#8243; _module_preset=\u00bb3ed7a36f-3d8b-486a-a339-c2b3648d9b6e\u00bb global_colors_info=\u00bb{}\u00bb][\/et_pb_button][\/et_pb_column][\/et_pb_row][et_pb_row column_structure=\u00bb1_2,1_2&#8243; _builder_version=\u00bb4.16&#8243; _module_preset=\u00bbdefault\u00bb custom_margin=\u00bb42px|auto||auto||\u00bb global_colors_info=\u00bb{}\u00bb][et_pb_column type=\u00bb1_2&#8243; _builder_version=\u00bb4.16&#8243; _module_preset=\u00bbdefault\u00bb global_colors_info=\u00bb{}\u00bb][et_pb_image src=\u00bbhttps:\/\/susannaarjona.com\/wp-content\/uploads\/2021\/01\/terapia-para-familias-girona-susanna-arjona-ariavital-61.jpg\u00bb alt=\u00bbterapia familiar\u00bb title_text=\u00bbterapia para familias girona susanna arjona ariavital 61&#8243; _builder_version=\u00bb4.16&#8243; _module_preset=\u00bbdefault\u00bb global_colors_info=\u00bb{}\u00bb][\/et_pb_image][\/et_pb_column][et_pb_column type=\u00bb1_2&#8243; _builder_version=\u00bb4.16&#8243; _module_preset=\u00bbdefault\u00bb global_colors_info=\u00bb{}\u00bb][et_pb_text _builder_version=\u00bb4.16&#8243; _module_preset=\u00bbdefault\u00bb global_colors_info=\u00bb{}\u00bb]<\/p>\n<p>Hay dos seres que en un determinado momento, decidieron so\u00f1ar juntos en convertirse en padres o madres.<\/p>\n<p>Si ya cuando somos dos, es complicado entendernos. A veces estando solos con nosotros mismos tambi\u00e9n es as\u00ed, qu\u00e9 complejidad cuando somos m\u00e1s de dos, con necesidades diferentes, con problemas y dificultades, con sue\u00f1os.<\/p>\n<p>En Aria, la familia es nuestro centro, nuestro movimiento, nuestra raz\u00f3n. Acompa\u00f1ar familias en procesos vitales muy diversos y diferentes. V\u00ednculos familiares que a veces no fluyen y necesitan un orden, una mirada amorosa, un acompa\u00f1amiento especializado, un asesoramiento o un impulso para vivir mejor.<\/p>\n<p>Estamos especializados en Orientaci\u00f3n familiar, Terapia Familiar Sist\u00e9mica y procesos de separaci\u00f3n y duelo.<\/p>\n<p>[\/et_pb_text][\/et_pb_column][\/et_pb_row][\/et_pb_section][et_pb_section fb_built=\u00bb1&#8243; next_background_color=\u00bb#ffffff\u00bb module_id=\u00bbinfancia\u00bb _builder_version=\u00bb4.16&#8243; _module_preset=\u00bbdefault\u00bb background_color=\u00bb#ffffff\u00bb use_background_color_gradient=\u00bbon\u00bb background_color_gradient_direction=\u00bb90deg\u00bb background_color_gradient_stops=\u00bb#fbf6ec 0%|rgba(251,246,236,0.92) 100%\u00bb background_color_gradient_overlays_image=\u00bbon\u00bb background_color_gradient_start=\u00bb#fbf6ec\u00bb background_color_gradient_end=\u00bbrgba(251,246,236,0.92)\u00bb background_enable_image=\u00bboff\u00bb background_size=\u00bbinitial\u00bb custom_padding=\u00bb||70px|||\u00bb bottom_divider_style=\u00bbasymmetric2&#8243; global_colors_info=\u00bb{}\u00bb][et_pb_row _builder_version=\u00bb4.16&#8243; _module_preset=\u00bbdefault\u00bb custom_margin=\u00bb||26px||false|false\u00bb custom_padding=\u00bb||1px|||\u00bb locked=\u00bboff\u00bb global_colors_info=\u00bb{}\u00bb][et_pb_column type=\u00bb4_4&#8243; _builder_version=\u00bb4.16&#8243; _module_preset=\u00bbdefault\u00bb global_colors_info=\u00bb{}\u00bb][dg_adh_heading title_prefix=\u00bb\u00bfCu\u00e1ndo es \u00bb title_infix=\u00bbvital\u00bb title_suffix=\u00bbun acompa\u00f1amiento terap\u00e9utico?\u00bb _builder_version=\u00bb4.19.4&#8243; _module_preset=\u00bbdefault\u00bb title_level=\u00bbh2&#8243; title_text_align=\u00bbcenter\u00bb title_font_size=\u00bb40px\u00bb t_dual_text_color=\u00bb#9ed7cd\u00bb t_infix_font=\u00bbSusy||||||||\u00bb t_infix_text_color=\u00bb#cd5b3e\u00bb t_infix_font_size=\u00bb65px\u00bb global_colors_info=\u00bb{}\u00bb][\/dg_adh_heading][\/et_pb_column][\/et_pb_row][et_pb_row column_structure=\u00bb1_2,1_2&#8243; _builder_version=\u00bb4.16&#8243; _module_preset=\u00bbdefault\u00bb global_colors_info=\u00bb{}\u00bb][et_pb_column type=\u00bb1_2&#8243; _builder_version=\u00bb4.16&#8243; _module_preset=\u00bbdefault\u00bb global_colors_info=\u00bb{}\u00bb][et_pb_blurb image=\u00bbhttps:\/\/susannaarjona.com\/wp-content\/uploads\/2020\/10\/psicopedagoga-psicopedagogia-terapeuta-infantil-adolescences-adultos-astrologia-susanna-arjona-aria-vital-girona-34.png\u00bb icon_placement=\u00bbleft\u00bb _builder_version=\u00bb4.16&#8243; _module_preset=\u00bbdefault\u00bb header_level=\u00bbh5&#8243; header_font=\u00bbYeseva One||||||||\u00bb animation_style=\u00bbslide\u00bb animation_direction=\u00bbleft\u00bb animation_intensity_slide=\u00bb5%\u00bb animation=\u00bbleft\u00bb motion_trigger_start=\u00bbbottom\u00bb locked=\u00bboff\u00bb global_colors_info=\u00bb{}\u00bb]<\/p>\n<p>Cuando crecemos como familia y nos preparamos para ser padres.<\/p>\n<p>[\/et_pb_blurb][et_pb_blurb image=\u00bbhttps:\/\/susannaarjona.com\/wp-content\/uploads\/2020\/10\/psicopedagoga-psicopedagogia-terapeuta-infantil-adolescences-adultos-astrologia-susanna-arjona-aria-vital-girona-34.png\u00bb icon_placement=\u00bbleft\u00bb _builder_version=\u00bb4.16&#8243; _module_preset=\u00bbdefault\u00bb header_level=\u00bbh5&#8243; header_font=\u00bbYeseva One||||||||\u00bb animation_style=\u00bbslide\u00bb animation_direction=\u00bbleft\u00bb animation_intensity_slide=\u00bb5%\u00bb animation=\u00bbleft\u00bb motion_trigger_start=\u00bbbottom\u00bb locked=\u00bboff\u00bb global_colors_info=\u00bb{}\u00bb]<\/p>\n<p>En momentos de cambios o procesos importantes: laborales, de vivienda, procesos de salud importantes.<\/p>\n<p>[\/et_pb_blurb][et_pb_blurb image=\u00bbhttps:\/\/susannaarjona.com\/wp-content\/uploads\/2020\/10\/psicopedagoga-psicopedagogia-terapeuta-infantil-adolescences-adultos-astrologia-susanna-arjona-aria-vital-girona-34.png\u00bb icon_placement=\u00bbleft\u00bb _builder_version=\u00bb4.16&#8243; _module_preset=\u00bbdefault\u00bb header_level=\u00bbh5&#8243; header_font=\u00bbYeseva One||||||||\u00bb animation_style=\u00bbslide\u00bb animation_direction=\u00bbleft\u00bb animation_intensity_slide=\u00bb5%\u00bb animation=\u00bbleft\u00bb motion_trigger_start=\u00bbbottom\u00bb locked=\u00bboff\u00bb global_colors_info=\u00bb{}\u00bb]<\/p>\n<p>Situaciones familiares traum\u00e1ticas: p\u00e9rdida de alg\u00fan familiar, procesos de ruptura.<\/p>\n<p>[\/et_pb_blurb][et_pb_blurb image=\u00bbhttps:\/\/susannaarjona.com\/wp-content\/uploads\/2020\/10\/psicopedagoga-psicopedagogia-terapeuta-infantil-adolescences-adultos-astrologia-susanna-arjona-aria-vital-girona-34.png\u00bb icon_placement=\u00bbleft\u00bb _builder_version=\u00bb4.16&#8243; _module_preset=\u00bbdefault\u00bb header_level=\u00bbh5&#8243; header_font=\u00bbYeseva One||||||||\u00bb animation_style=\u00bbslide\u00bb animation_direction=\u00bbleft\u00bb animation_intensity_slide=\u00bb5%\u00bb animation=\u00bbleft\u00bb motion_trigger_start=\u00bbbottom\u00bb locked=\u00bboff\u00bb global_colors_info=\u00bb{}\u00bb]<\/p>\n<p>Simplemente por dudas, consultas, preguntas que dan vueltas en vuestra cabeza, decisiones importantes que tomar, etc.<\/p>\n<p>[\/et_pb_blurb][et_pb_blurb image=\u00bbhttps:\/\/susannaarjona.com\/wp-content\/uploads\/2020\/10\/psicopedagoga-psicopedagogia-terapeuta-infantil-adolescences-adultos-astrologia-susanna-arjona-aria-vital-girona-34.png\u00bb icon_placement=\u00bbleft\u00bb _builder_version=\u00bb4.16&#8243; _module_preset=\u00bbdefault\u00bb header_level=\u00bbh5&#8243; header_font=\u00bbYeseva One||||||||\u00bb animation_style=\u00bbslide\u00bb animation_direction=\u00bbleft\u00bb animation_intensity_slide=\u00bb5%\u00bb animation=\u00bbleft\u00bb motion_trigger_start=\u00bbbottom\u00bb locked=\u00bboff\u00bb global_colors_info=\u00bb{}\u00bb]<\/p>\n<p>Cuando el sistema crece, somos unidades familiares diferentes y buscamos vivir en armon\u00eda.<\/p>\n<p>[\/et_pb_blurb][\/et_pb_column][et_pb_column type=\u00bb1_2&#8243; _builder_version=\u00bb4.16&#8243; _module_preset=\u00bbdefault\u00bb global_colors_info=\u00bb{}\u00bb][et_pb_blurb image=\u00bbhttps:\/\/susannaarjona.com\/wp-content\/uploads\/2020\/10\/psicopedagoga-psicopedagogia-terapeuta-infantil-adolescences-adultos-astrologia-susanna-arjona-aria-vital-girona-34.png\u00bb icon_placement=\u00bbleft\u00bb _builder_version=\u00bb4.16&#8243; _module_preset=\u00bbdefault\u00bb header_level=\u00bbh5&#8243; header_font=\u00bbYeseva One||||||||\u00bb animation_style=\u00bbslide\u00bb animation_direction=\u00bbleft\u00bb animation_intensity_slide=\u00bb5%\u00bb animation=\u00bbleft\u00bb motion_trigger_start=\u00bbbottom\u00bb locked=\u00bboff\u00bb global_colors_info=\u00bb{}\u00bb]<\/p>\n<p>Cuando alg\u00fan miembro de la familia tiene dificultades ya sean emocionales, cognitivas, de salud o relacionales.<\/p>\n<p>[\/et_pb_blurb][et_pb_blurb image=\u00bbhttps:\/\/susannaarjona.com\/wp-content\/uploads\/2020\/10\/psicopedagoga-psicopedagogia-terapeuta-infantil-adolescences-adultos-astrologia-susanna-arjona-aria-vital-girona-34.png\u00bb icon_placement=\u00bbleft\u00bb _builder_version=\u00bb4.16&#8243; _module_preset=\u00bbdefault\u00bb header_level=\u00bbh5&#8243; header_font=\u00bbYeseva One||||||||\u00bb animation_style=\u00bbslide\u00bb animation_direction=\u00bbleft\u00bb animation_intensity_slide=\u00bb5%\u00bb animation=\u00bbleft\u00bb motion_trigger_start=\u00bbbottom\u00bb locked=\u00bboff\u00bb global_colors_info=\u00bb{}\u00bb]<\/p>\n<p>Acompa\u00f1amiento para la gesti\u00f3n emocional y las relaciones que se dan entre los miembros de la familia.<\/p>\n<p>[\/et_pb_blurb][et_pb_image src=\u00bbhttps:\/\/susannaarjona.com\/wp-content\/uploads\/2021\/01\/terapia-para-familias-girona-susanna-arjona-ariavital-63.jpg\u00bb title_text=\u00bbterapia para familias girona susanna arjona ariavital 63&#8243; _builder_version=\u00bb4.16&#8243; _module_preset=\u00bbdefault\u00bb global_colors_info=\u00bb{}\u00bb][\/et_pb_image][\/et_pb_column][\/et_pb_row][et_pb_row _builder_version=\u00bb4.16&#8243; _module_preset=\u00bbdefault\u00bb global_colors_info=\u00bb{}\u00bb][et_pb_column type=\u00bb4_4&#8243; _builder_version=\u00bb4.16&#8243; _module_preset=\u00bbdefault\u00bb global_colors_info=\u00bb{}\u00bb][et_pb_button button_url=\u00bb#contacto\u00bb button_text=\u00bbSOLICITA UNA SESI\u00d3N DE ORIENTACI\u00d3N FAMILIAR\u00bb _builder_version=\u00bb4.19.4&#8243; _module_preset=\u00bb3ed7a36f-3d8b-486a-a339-c2b3648d9b6e\u00bb global_colors_info=\u00bb{}\u00bb][\/et_pb_button][\/et_pb_column][\/et_pb_row][\/et_pb_section][et_pb_section fb_built=\u00bb1&#8243; admin_label=\u00bbinfancia y adolescencia\u00bb _builder_version=\u00bb4.16&#8243; _module_preset=\u00bbdefault\u00bb custom_padding=\u00bb||96px|||\u00bb global_colors_info=\u00bb{}\u00bb][et_pb_row _builder_version=\u00bb4.16&#8243; _module_preset=\u00bbdefault\u00bb custom_margin=\u00bb|auto|32px|auto||\u00bb custom_padding=\u00bb||1px|||\u00bb locked=\u00bboff\u00bb global_colors_info=\u00bb{}\u00bb][et_pb_column type=\u00bb4_4&#8243; _builder_version=\u00bb4.16&#8243; _module_preset=\u00bbdefault\u00bb global_colors_info=\u00bb{}\u00bb][dg_adh_heading title_prefix=\u00bb\u00bfC\u00f3mo enfocamos la\u00bb title_infix=\u00bbterapia familiar\u00bb title_suffix=\u00bben AriaVital?\u00bb _builder_version=\u00bb4.19.4&#8243; _module_preset=\u00bbdefault\u00bb title_level=\u00bbh2&#8243; title_text_align=\u00bbcenter\u00bb title_font_size=\u00bb40px\u00bb t_dual_text_color=\u00bb#9ed7cd\u00bb t_infix_font=\u00bbSusy||||||||\u00bb t_infix_text_color=\u00bb#cd5b3e\u00bb t_infix_font_size=\u00bb65px\u00bb global_colors_info=\u00bb{}\u00bb][\/dg_adh_heading][\/et_pb_column][\/et_pb_row][et_pb_row column_structure=\u00bb1_2,1_2&#8243; _builder_version=\u00bb4.16&#8243; _module_preset=\u00bbdefault\u00bb global_colors_info=\u00bb{}\u00bb][et_pb_column type=\u00bb1_2&#8243; _builder_version=\u00bb4.16&#8243; _module_preset=\u00bbdefault\u00bb global_colors_info=\u00bb{}\u00bb][et_pb_blurb image=\u00bbhttps:\/\/susannaarjona.com\/wp-content\/uploads\/2020\/10\/psicopedagoga-psicopedagogia-terapeuta-infantil-adolescences-adultos-astrologia-susanna-arjona-aria-vital-girona-34.png\u00bb icon_placement=\u00bbleft\u00bb _builder_version=\u00bb4.16&#8243; _module_preset=\u00bbdefault\u00bb header_level=\u00bbh5&#8243; header_font=\u00bbYeseva One||||||||\u00bb animation_style=\u00bbslide\u00bb animation_direction=\u00bbleft\u00bb animation_intensity_slide=\u00bb5%\u00bb animation=\u00bbleft\u00bb motion_trigger_start=\u00bbbottom\u00bb locked=\u00bboff\u00bb global_colors_info=\u00bb{}\u00bb]<\/p>\n<p>Presencia, estaremos con vosotros en vuestros procesos de transformaci\u00f3n.<\/p>\n<p>[\/et_pb_blurb][et_pb_blurb image=\u00bbhttps:\/\/susannaarjona.com\/wp-content\/uploads\/2020\/10\/psicopedagoga-psicopedagogia-terapeuta-infantil-adolescences-adultos-astrologia-susanna-arjona-aria-vital-girona-34.png\u00bb icon_placement=\u00bbleft\u00bb _builder_version=\u00bb4.16&#8243; _module_preset=\u00bbdefault\u00bb header_level=\u00bbh5&#8243; header_font=\u00bbYeseva One||||||||\u00bb animation_style=\u00bbslide\u00bb animation_direction=\u00bbleft\u00bb animation_intensity_slide=\u00bb5%\u00bb animation=\u00bbleft\u00bb motion_trigger_start=\u00bbbottom\u00bb locked=\u00bboff\u00bb global_colors_info=\u00bb{}\u00bb]<\/p>\n<p>Profesionalidad. Buscaremos siempre la mejor opci\u00f3n, la que se adapta mejor a vuestra necesidad, aunque no seamos nosotros como profesionales.<\/p>\n<p>[\/et_pb_blurb][et_pb_blurb image=\u00bbhttps:\/\/susannaarjona.com\/wp-content\/uploads\/2020\/10\/psicopedagoga-psicopedagogia-terapeuta-infantil-adolescences-adultos-astrologia-susanna-arjona-aria-vital-girona-34.png\u00bb icon_placement=\u00bbleft\u00bb _builder_version=\u00bb4.16&#8243; _module_preset=\u00bbdefault\u00bb header_level=\u00bbh5&#8243; header_font=\u00bbYeseva One||||||||\u00bb animation_style=\u00bbslide\u00bb animation_direction=\u00bbleft\u00bb animation_intensity_slide=\u00bb5%\u00bb animation=\u00bbleft\u00bb motion_trigger_start=\u00bbbottom\u00bb locked=\u00bboff\u00bb global_colors_info=\u00bb{}\u00bb]<\/p>\n<p>Recursos y Capacidad de escucha. La simple escucha amorosa nos puede llevar a tomar decisiones sanas y saludables para todos.<\/p>\n<p>[\/et_pb_blurb][\/et_pb_column][et_pb_column type=\u00bb1_2&#8243; _builder_version=\u00bb4.16&#8243; _module_preset=\u00bbdefault\u00bb global_colors_info=\u00bb{}\u00bb][et_pb_blurb image=\u00bbhttps:\/\/susannaarjona.com\/wp-content\/uploads\/2020\/10\/psicopedagoga-psicopedagogia-terapeuta-infantil-adolescences-adultos-astrologia-susanna-arjona-aria-vital-girona-34.png\u00bb icon_placement=\u00bbleft\u00bb _builder_version=\u00bb4.16&#8243; _module_preset=\u00bbdefault\u00bb header_level=\u00bbh5&#8243; header_font=\u00bbYeseva One||||||||\u00bb animation_style=\u00bbslide\u00bb animation_direction=\u00bbleft\u00bb animation_intensity_slide=\u00bb5%\u00bb animation=\u00bbleft\u00bb motion_trigger_start=\u00bbbottom\u00bb locked=\u00bboff\u00bb global_colors_info=\u00bb{}\u00bb]<\/p>\n<p>Momentos de descanso profundo y seguridad en las decisiones que se tomen.<\/p>\n<p>[\/et_pb_blurb][et_pb_blurb image=\u00bbhttps:\/\/susannaarjona.com\/wp-content\/uploads\/2020\/10\/psicopedagoga-psicopedagogia-terapeuta-infantil-adolescences-adultos-astrologia-susanna-arjona-aria-vital-girona-34.png\u00bb icon_placement=\u00bbleft\u00bb _builder_version=\u00bb4.16&#8243; _module_preset=\u00bbdefault\u00bb header_level=\u00bbh5&#8243; header_font=\u00bbYeseva One||||||||\u00bb animation_style=\u00bbslide\u00bb animation_direction=\u00bbleft\u00bb animation_intensity_slide=\u00bb5%\u00bb animation=\u00bbleft\u00bb motion_trigger_start=\u00bbbottom\u00bb locked=\u00bboff\u00bb global_colors_info=\u00bb{}\u00bb]<\/p>\n<p>Atenci\u00f3n personalizada a cada miembro de la fam\u00edlia. Que todos formen parte.<\/p>\n<p>[\/et_pb_blurb][et_pb_blurb image=\u00bbhttps:\/\/susannaarjona.com\/wp-content\/uploads\/2020\/10\/psicopedagoga-psicopedagogia-terapeuta-infantil-adolescences-adultos-astrologia-susanna-arjona-aria-vital-girona-34.png\u00bb icon_placement=\u00bbleft\u00bb _builder_version=\u00bb4.16&#8243; _module_preset=\u00bbdefault\u00bb header_level=\u00bbh5&#8243; header_font=\u00bbYeseva One||||||||\u00bb animation_style=\u00bbslide\u00bb animation_direction=\u00bbleft\u00bb animation_intensity_slide=\u00bb5%\u00bb animation=\u00bbleft\u00bb motion_trigger_start=\u00bbbottom\u00bb locked=\u00bboff\u00bb global_colors_info=\u00bb{}\u00bb]<\/p>\n<p>Clarificaci\u00f3n de vuestra necesidad y un acompa\u00f1amiento de la misma para llegar a un objetivo com\u00fan, vuestro bienestar.<\/p>\n<p>[\/et_pb_blurb][\/et_pb_column][\/et_pb_row][\/et_pb_section][et_pb_section fb_built=\u00bb1&#8243; next_background_color=\u00bb#ffffff\u00bb admin_label=\u00bbinfancia y adolescencia\u00bb module_id=\u00bbinfancia\u00bb _builder_version=\u00bb4.16&#8243; _module_preset=\u00bbdefault\u00bb background_color=\u00bb#ffffff\u00bb use_background_color_gradient=\u00bbon\u00bb background_color_gradient_direction=\u00bb90deg\u00bb background_color_gradient_stops=\u00bb#fbf6ec 0%|rgba(251,246,236,0.92) 100%\u00bb background_color_gradient_overlays_image=\u00bbon\u00bb background_color_gradient_start=\u00bb#fbf6ec\u00bb background_color_gradient_end=\u00bbrgba(251,246,236,0.92)\u00bb background_enable_image=\u00bboff\u00bb background_size=\u00bbinitial\u00bb bottom_divider_style=\u00bbasymmetric2&#8243; global_colors_info=\u00bb{}\u00bb][et_pb_row _builder_version=\u00bb4.16&#8243; _module_preset=\u00bbdefault\u00bb custom_margin=\u00bb|auto|32px|auto||\u00bb custom_padding=\u00bb||1px|||\u00bb locked=\u00bboff\u00bb global_colors_info=\u00bb{}\u00bb][et_pb_column type=\u00bb4_4&#8243; _builder_version=\u00bb4.16&#8243; _module_preset=\u00bbdefault\u00bb global_colors_info=\u00bb{}\u00bb][dg_adh_heading title_prefix=\u00bbEl c\u00edrculo de \u00bb title_infix=\u00bbfamilias\u00bb _builder_version=\u00bb4.16&#8243; _module_preset=\u00bbdefault\u00bb title_level=\u00bbh2&#8243; title_text_align=\u00bbcenter\u00bb title_font_size=\u00bb40px\u00bb t_dual_text_color=\u00bb#9ed7cd\u00bb t_infix_font=\u00bbSusy||||||||\u00bb t_infix_text_color=\u00bb#cd5b3e\u00bb t_infix_font_size=\u00bb65px\u00bb global_colors_info=\u00bb{}\u00bb][\/dg_adh_heading][\/et_pb_column][\/et_pb_row][et_pb_row column_structure=\u00bb1_2,1_2&#8243; _builder_version=\u00bb4.16&#8243; _module_preset=\u00bbdefault\u00bb global_colors_info=\u00bb{}\u00bb][et_pb_column type=\u00bb1_2&#8243; _builder_version=\u00bb4.16&#8243; _module_preset=\u00bbdefault\u00bb global_colors_info=\u00bb{}\u00bb][et_pb_text _builder_version=\u00bb4.16&#8243; _module_preset=\u00bbdefault\u00bb global_colors_info=\u00bb{}\u00bb]<\/p>\n<p>Por familia se entiende uno mismo tambi\u00e9n, si es que mi familia soy tan s\u00f3lo yo y no hay nadie m\u00e1s.<\/p>\n<p><strong>Un lugar de encuentro donde compartir experiencias diversas entre todos, para ayudarnos entre todos<\/strong>.<\/p>\n<p>Un espacio de familia a familia. Con todo nuestro bagaje, dudas, experiencias, dificultades, pasiones, amores, dolor y proyectos de futuro o de presente.<\/p>\n<p><strong>Facilitado por<\/strong>: Joaquim Massana y Susanna Arjona<\/p>\n<p><strong>Si te apuntas a nuestro bolet\u00edn, te iremos informando de todas estas cositas que nos llenan el coraz\u00f3n y valen la alegr\u00eda!<\/strong><\/p>\n<p><span style=\"text-decoration: line-through;\"><\/span><\/p>\n<p>[\/et_pb_text][\/et_pb_column][et_pb_column type=\u00bb1_2&#8243; _builder_version=\u00bb4.16&#8243; _module_preset=\u00bbdefault\u00bb global_colors_info=\u00bb{}\u00bb][et_pb_image src=\u00bbhttps:\/\/susannaarjona.com\/wp-content\/uploads\/2021\/01\/terapia-para-familias-girona-susanna-arjona-ariavital-62.jpg\u00bb alt=\u00bbc\u00edrculo para familias\u00bb title_text=\u00bbterapia para familias girona susanna arjona ariavital 62&#8243; _builder_version=\u00bb4.16&#8243; _module_preset=\u00bbdefault\u00bb global_colors_info=\u00bb{}\u00bb][\/et_pb_image][\/et_pb_column][\/et_pb_row][et_pb_row _builder_version=\u00bb4.16&#8243; _module_preset=\u00bbdefault\u00bb global_colors_info=\u00bb{}\u00bb][et_pb_column type=\u00bb4_4&#8243; _builder_version=\u00bb4.16&#8243; _module_preset=\u00bbdefault\u00bb global_colors_info=\u00bb{}\u00bb][et_pb_text _builder_version=\u00bb4.16&#8243; _module_preset=\u00bbdefault\u00bb global_colors_info=\u00bb{}\u00bb]<\/p>\n<p style=\"text-align: center;\"><span style=\"color: #000000;\"><span style=\"color: #000000;\">El c\u00edrculo de fam\u00edlias es una actividad puntual que realizamos una vez al a\u00f1o para celebrarnos juntos y abrirnos a fam\u00edlias que quieran empezar a compartir con nosotros.<\/span><\/span><\/p>\n<p style=\"text-align: center;\"><span color=\"#000000\" style=\"color: #000000;\">Es un encuentro que se realiza en Girona, principalmente en el mes de junio (si las condiciones sanitarias lo permiten) de 2021.<\/span><\/p>\n<p style=\"text-align: center;\"><span style=\"color: #000000;\"><span style=\"color: #000000;\">En esta ocasi\u00f3n realizaremos YOGA EN FAMILIA, de la mano de Juan Carlos Gros de SystemicYogaKids.<\/span><\/span><\/p>\n<p style=\"text-align: center;\"><span style=\"color: #000000;\"><span style=\"color: #000000;\">Para cualquier informaci\u00f3n o bien si os apetece asistir, no dudeis en contactar con nosotros.<\/span><\/span><\/p>\n<p>[\/et_pb_text][\/et_pb_column][\/et_pb_row][\/et_pb_section][et_pb_section fb_built=\u00bb1&#8243; _builder_version=\u00bb4.16&#8243; _module_preset=\u00bbdefault\u00bb global_colors_info=\u00bb{}\u00bb][et_pb_row _builder_version=\u00bb4.16&#8243; _module_preset=\u00bbdefault\u00bb global_colors_info=\u00bb{}\u00bb][et_pb_column type=\u00bb4_4&#8243; _builder_version=\u00bb4.16&#8243; _module_preset=\u00bbdefault\u00bb global_colors_info=\u00bb{}\u00bb][et_pb_testimonial author=\u00bbDolors\u00bb quote_icon_color=\u00bb#cd5b3e\u00bb quote_icon_background_color=\u00bb#fbf6ec\u00bb _builder_version=\u00bb4.16&#8243; _module_preset=\u00bbdefault\u00bb background_color=\u00bb#fbf6ec\u00bb global_colors_info=\u00bb{}\u00bb]<\/p>\n<p>Gracias Susanna, por habernos acompa\u00f1ado individualmente y como familia en este periodo de nuestras vidas. Desde la reflexi\u00f3n, la cr\u00edtica constructiva y la dulzura, nos has hecho profundizar en nuestro subconsciente para hacernos conscientes de nuestros actos. \u00a1Ya formas parte de nosotros y de nuestras vidas!<\/p>\n<p>[\/et_pb_testimonial][\/et_pb_column][\/et_pb_row][et_pb_row _builder_version=\u00bb4.16&#8243; _module_preset=\u00bbdefault\u00bb global_colors_info=\u00bb{}\u00bb][et_pb_column type=\u00bb4_4&#8243; _builder_version=\u00bb4.16&#8243; _module_preset=\u00bbdefault\u00bb global_colors_info=\u00bb{}\u00bb][\/et_pb_column][\/et_pb_row][\/et_pb_section][et_pb_section fb_built=\u00bb1&#8243; prev_background_color=\u00bb#ffffff\u00bb admin_label=\u00bbcontacto\u00bb module_id=\u00bbcontacto\u00bb _builder_version=\u00bb4.16&#8243; _module_preset=\u00bbdefault\u00bb background_color=\u00bb#9ed7cd\u00bb background_enable_color=\u00bboff\u00bb use_background_color_gradient=\u00bbon\u00bb background_color_gradient_direction=\u00bb90deg\u00bb background_color_gradient_stops=\u00bb#ddc07c 83%|rgba(221,192,124,0.61) 100%\u00bb background_color_gradient_start=\u00bb#ddc07c\u00bb background_color_gradient_start_position=\u00bb83%\u00bb background_color_gradient_end=\u00bbrgba(221,192,124,0.61)\u00bb custom_padding=\u00bb113px||113px||true|\u00bb top_divider_style=\u00bbasymmetric2&#8243; top_divider_height=\u00bb78px\u00bb top_divider_flip=\u00bbvertical|horizontal\u00bb locked=\u00bboff\u00bb global_colors_info=\u00bb{}\u00bb][et_pb_row _builder_version=\u00bb4.16&#8243; _module_preset=\u00bbdefault\u00bb custom_margin=\u00bb|auto|48px|auto|false|false\u00bb custom_padding=\u00bb||1px|||\u00bb locked=\u00bboff\u00bb global_colors_info=\u00bb{}\u00bb][et_pb_column type=\u00bb4_4&#8243; _builder_version=\u00bb4.16&#8243; _module_preset=\u00bbdefault\u00bb global_colors_info=\u00bb{}\u00bb][dg_adh_heading title_prefix=\u00bbContacta para\u00bb title_infix=\u00bbreservar\u00bb title_suffix=\u00bbtu cita\u00bb _builder_version=\u00bb4.16&#8243; _module_preset=\u00bbdefault\u00bb title_level=\u00bbh2&#8243; title_text_align=\u00bbcenter\u00bb title_text_color=\u00bb#FFFFFF\u00bb title_font_size=\u00bb40px\u00bb t_dual_text_color=\u00bb#FFFFFF\u00bb t_prefix_text_color=\u00bb#FFFFFF\u00bb t_infix_font=\u00bbSusy||||||||\u00bb t_infix_text_color=\u00bb#FFFFFF\u00bb t_infix_font_size=\u00bb65px\u00bb custom_margin=\u00bb||3px|||\u00bb global_colors_info=\u00bb{}\u00bb][\/dg_adh_heading][et_pb_text _builder_version=\u00bb4.19.4&#8243; _module_preset=\u00bbdefault\u00bb text_font_size=\u00bb19px\u00bb background_layout=\u00bbdark\u00bb global_colors_info=\u00bb{}\u00bb]<\/p>\n<p style=\"text-align: center;\">Escr\u00edbenos en el siguiente formulario de contacto para solicitar cita o m\u00e1s informaci\u00f3n sobre nuestra terapia familiar.<\/p>\n<p>[\/et_pb_text][\/et_pb_column][\/et_pb_row][et_pb_row column_structure=\u00bb2_5,3_5&#8243; _builder_version=\u00bb4.16&#8243; _module_preset=\u00bbdefault\u00bb global_colors_info=\u00bb{}\u00bb][et_pb_column type=\u00bb2_5&#8243; _builder_version=\u00bb4.16&#8243; _module_preset=\u00bbdefault\u00bb global_colors_info=\u00bb{}\u00bb][et_pb_blurb use_icon=\u00bbon\u00bb font_icon=\u00bb&#x45;||divi||400&#8243; icon_color=\u00bb#cd5b3e\u00bb icon_placement=\u00bbleft\u00bb _builder_version=\u00bb4.19.4&#8243; _module_preset=\u00bbdefault\u00bb header_level=\u00bbh5&#8243; header_font=\u00bbYeseva One||||||||\u00bb animation_style=\u00bbslide\u00bb animation_direction=\u00bbleft\u00bb animation_intensity_slide=\u00bb5%\u00bb animation=\u00bbleft\u00bb motion_trigger_start=\u00bbbottom\u00bb locked=\u00bboff\u00bb global_colors_info=\u00bb{}\u00bb]<\/p>\n<p>Las sesiones de terapia familiar son presenciales en nuestro centro de Girona, Blanes o bien mediante v\u00eddeo llamada.<\/p>\n<p>[\/et_pb_blurb][et_pb_blurb use_icon=\u00bbon\u00bb font_icon=\u00bb&#x45;||divi||400&#8243; icon_color=\u00bb#cd5b3e\u00bb icon_placement=\u00bbleft\u00bb _builder_version=\u00bb4.16&#8243; _module_preset=\u00bbdefault\u00bb header_level=\u00bbh5&#8243; header_font=\u00bbYeseva One||||||||\u00bb animation_style=\u00bbslide\u00bb animation_direction=\u00bbleft\u00bb animation_intensity_slide=\u00bb5%\u00bb animation=\u00bbleft\u00bb motion_trigger_start=\u00bbbottom\u00bb locked=\u00bboff\u00bb global_colors_info=\u00bb{}\u00bb]<\/p>\n<p>Seg\u00fan tu proceso y situaci\u00f3n, valoramos qu\u00e9 necesidad existe y qu\u00e9 posibilidades hay. Para seg\u00fan qu\u00e9 trabajos y procesos, la terapia presencial es imprescindible.<\/p>\n<p>[\/et_pb_blurb][\/et_pb_column][et_pb_column type=\u00bb3_5&#8243; _builder_version=\u00bb4.16&#8243; _module_preset=\u00bbdefault\u00bb global_colors_info=\u00bb{}\u00bb][et_pb_contact_form captcha=\u00bboff\u00bb email=\u00bbinfo@susannaarjona.com\u00bb custom_message=\u00bbHola %%Nombre%%,||et_pb_line_break_holder||||et_pb_line_break_holder||Este es un correo autom\u00e1tico con copia de tu mensaje enviado a susannaarjona.com desde la p\u00e1gina %22Terapia para Familias%22.||et_pb_line_break_holder||||et_pb_line_break_holder||Para asegurarte que recibes correctamente respuesta, por favor agrega info@susannaarjona.com a tu lista de contactos.||et_pb_line_break_holder||||et_pb_line_break_holder||Gracias, te responderemos lo antes posible.||et_pb_line_break_holder||||et_pb_line_break_holder||Un saludo,||et_pb_line_break_holder||||et_pb_line_break_holder||Susanna Arjona||et_pb_line_break_holder||AriaVital||et_pb_line_break_holder||||et_pb_line_break_holder||\u2014\u2014\u2014||et_pb_line_break_holder||||et_pb_line_break_holder||Datos de contacto:||et_pb_line_break_holder||%%Nombre%%||et_pb_line_break_holder||%%Tel%%||et_pb_line_break_holder||%%Email%%||et_pb_line_break_holder||||et_pb_line_break_holder||Mensaje:||et_pb_line_break_holder||%%Mensaje%%||et_pb_line_break_holder||||et_pb_line_break_holder||||et_pb_line_break_holder||%%pol%%\u00bb use_redirect=\u00bbon\u00bb redirect_url=\u00bbhttps:\/\/susannaarjona.com\/enviado\/\u00bb success_message=\u00bbmensaje enviado\u00bb _builder_version=\u00bb4.16&#8243; _module_preset=\u00bbdefault\u00bb _unique_id=\u00bb1d9f1a5c-567f-4d1e-bbb3-84115fd504d2&#8243; form_field_background_color=\u00bb#FFFFFF\u00bb form_field_text_color=\u00bb#231F20&#8243; form_field_focus_background_color=\u00bb#FBF6EC\u00bb form_field_focus_text_color=\u00bb#231F20&#8243; form_field_font_size=\u00bb15px\u00bb custom_button=\u00bbon\u00bb button_text_size=\u00bb15px\u00bb button_text_color=\u00bb#ffffff\u00bb button_bg_color=\u00bb#9ED7CD\u00bb button_bg_enable_image=\u00bboff\u00bb button_border_width=\u00bb0px\u00bb button_border_radius=\u00bb5px\u00bb button_letter_spacing=\u00bb2px\u00bb button_font=\u00bbMuli|800||on|||||\u00bb button_icon=\u00bb&#x35;||divi||400&#8243; button_custom_padding=\u00bb7px|2vw|7px|2vw|true|true\u00bb box_shadow_style_button=\u00bbpreset3&#8243; global_colors_info=\u00bb{}\u00bb button_bg_color__hover_enabled=\u00bbon|hover\u00bb button_bg_color__hover=\u00bb#82B29E\u00bb button_bg_enable_color__hover=\u00bbon\u00bb button_letter_spacing__hover_enabled=\u00bbon|hover\u00bb button_letter_spacing__hover=\u00bb5px\u00bb][et_pb_contact_field field_id=\u00bbNombre\u00bb field_title=\u00bbNombre\u00bb _builder_version=\u00bb4.16&#8243; global_colors_info=\u00bb{}\u00bb button_text_size__hover_enabled=\u00bboff\u00bb button_one_text_size__hover_enabled=\u00bboff\u00bb button_two_text_size__hover_enabled=\u00bboff\u00bb button_text_color__hover_enabled=\u00bboff\u00bb button_one_text_color__hover_enabled=\u00bboff\u00bb button_two_text_color__hover_enabled=\u00bboff\u00bb button_border_width__hover_enabled=\u00bboff\u00bb button_one_border_width__hover_enabled=\u00bboff\u00bb button_two_border_width__hover_enabled=\u00bboff\u00bb button_border_color__hover_enabled=\u00bboff\u00bb button_one_border_color__hover_enabled=\u00bboff\u00bb button_two_border_color__hover_enabled=\u00bboff\u00bb button_border_radius__hover_enabled=\u00bboff\u00bb button_one_border_radius__hover_enabled=\u00bboff\u00bb button_two_border_radius__hover_enabled=\u00bboff\u00bb button_letter_spacing__hover_enabled=\u00bboff\u00bb button_one_letter_spacing__hover_enabled=\u00bboff\u00bb button_two_letter_spacing__hover_enabled=\u00bboff\u00bb button_bg_color__hover_enabled=\u00bboff\u00bb button_one_bg_color__hover_enabled=\u00bboff\u00bb button_two_bg_color__hover_enabled=\u00bboff\u00bb][\/et_pb_contact_field][et_pb_contact_field field_id=\u00bbTel\u00bb field_title=\u00bbM\u00f3vil\u00bb allowed_symbols=\u00bbnumbers\u00bb _builder_version=\u00bb4.16&#8243; global_colors_info=\u00bb{}\u00bb button_text_size__hover_enabled=\u00bboff\u00bb button_one_text_size__hover_enabled=\u00bboff\u00bb button_two_text_size__hover_enabled=\u00bboff\u00bb button_text_color__hover_enabled=\u00bboff\u00bb button_one_text_color__hover_enabled=\u00bboff\u00bb button_two_text_color__hover_enabled=\u00bboff\u00bb button_border_width__hover_enabled=\u00bboff\u00bb button_one_border_width__hover_enabled=\u00bboff\u00bb button_two_border_width__hover_enabled=\u00bboff\u00bb button_border_color__hover_enabled=\u00bboff\u00bb button_one_border_color__hover_enabled=\u00bboff\u00bb button_two_border_color__hover_enabled=\u00bboff\u00bb button_border_radius__hover_enabled=\u00bboff\u00bb button_one_border_radius__hover_enabled=\u00bboff\u00bb button_two_border_radius__hover_enabled=\u00bboff\u00bb button_letter_spacing__hover_enabled=\u00bboff\u00bb button_one_letter_spacing__hover_enabled=\u00bboff\u00bb button_two_letter_spacing__hover_enabled=\u00bboff\u00bb button_bg_color__hover_enabled=\u00bboff\u00bb button_one_bg_color__hover_enabled=\u00bboff\u00bb button_two_bg_color__hover_enabled=\u00bboff\u00bb][\/et_pb_contact_field][et_pb_contact_field field_id=\u00bbEmail\u00bb field_title=\u00bbEmail\u00bb field_type=\u00bbemail\u00bb fullwidth_field=\u00bbon\u00bb _builder_version=\u00bb4.16&#8243; global_colors_info=\u00bb{}\u00bb button_text_size__hover_enabled=\u00bboff\u00bb button_one_text_size__hover_enabled=\u00bboff\u00bb button_two_text_size__hover_enabled=\u00bboff\u00bb button_text_color__hover_enabled=\u00bboff\u00bb button_one_text_color__hover_enabled=\u00bboff\u00bb button_two_text_color__hover_enabled=\u00bboff\u00bb button_border_width__hover_enabled=\u00bboff\u00bb button_one_border_width__hover_enabled=\u00bboff\u00bb button_two_border_width__hover_enabled=\u00bboff\u00bb button_border_color__hover_enabled=\u00bboff\u00bb button_one_border_color__hover_enabled=\u00bboff\u00bb button_two_border_color__hover_enabled=\u00bboff\u00bb button_border_radius__hover_enabled=\u00bboff\u00bb button_one_border_radius__hover_enabled=\u00bboff\u00bb button_two_border_radius__hover_enabled=\u00bboff\u00bb button_letter_spacing__hover_enabled=\u00bboff\u00bb button_one_letter_spacing__hover_enabled=\u00bboff\u00bb button_two_letter_spacing__hover_enabled=\u00bboff\u00bb button_bg_color__hover_enabled=\u00bboff\u00bb button_one_bg_color__hover_enabled=\u00bboff\u00bb button_two_bg_color__hover_enabled=\u00bboff\u00bb][\/et_pb_contact_field][et_pb_contact_field field_id=\u00bbMensaje\u00bb field_title=\u00bbMensaje\u00bb field_type=\u00bbtext\u00bb fullwidth_field=\u00bbon\u00bb _builder_version=\u00bb4.16&#8243; global_colors_info=\u00bb{}\u00bb button_text_size__hover_enabled=\u00bboff\u00bb button_one_text_size__hover_enabled=\u00bboff\u00bb button_two_text_size__hover_enabled=\u00bboff\u00bb button_text_color__hover_enabled=\u00bboff\u00bb button_one_text_color__hover_enabled=\u00bboff\u00bb button_two_text_color__hover_enabled=\u00bboff\u00bb button_border_width__hover_enabled=\u00bboff\u00bb button_one_border_width__hover_enabled=\u00bboff\u00bb button_two_border_width__hover_enabled=\u00bboff\u00bb button_border_color__hover_enabled=\u00bboff\u00bb button_one_border_color__hover_enabled=\u00bboff\u00bb button_two_border_color__hover_enabled=\u00bboff\u00bb button_border_radius__hover_enabled=\u00bboff\u00bb button_one_border_radius__hover_enabled=\u00bboff\u00bb button_two_border_radius__hover_enabled=\u00bboff\u00bb button_letter_spacing__hover_enabled=\u00bboff\u00bb button_one_letter_spacing__hover_enabled=\u00bboff\u00bb button_two_letter_spacing__hover_enabled=\u00bboff\u00bb button_bg_color__hover_enabled=\u00bboff\u00bb button_one_bg_color__hover_enabled=\u00bboff\u00bb button_two_bg_color__hover_enabled=\u00bboff\u00bb][\/et_pb_contact_field][et_pb_contact_field field_id=\u00bbpol\u00bb field_title=\u00bb \u00bb field_type=\u00bbcheckbox\u00bb checkbox_options=\u00bb%91{%22value%22:%22 He le\u00eddo y acepto la %22,%22checked%22:0,%22dragID%22:-1,%22link_url%22:%22https:\/\/susannaarjona.com\/politica-de-privacidad\/%22,%22link_text%22:%22pol\u00edtica de privacidad%22}%93&#8243; fullwidth_field=\u00bbon\u00bb _builder_version=\u00bb4.16&#8243; _module_preset=\u00bbdefault\u00bb global_colors_info=\u00bb{}\u00bb][\/et_pb_contact_field][\/et_pb_contact_form][et_pb_text _builder_version=\u00bb4.8.0&#8243; text_font=\u00bb||||||||\u00bb text_font_size=\u00bb12px\u00bb text_line_height=\u00bb1.4em\u00bb text_orientation=\u00bbjustified\u00bb global_module=\u00bb18294&#8243; global_colors_info=\u00bb{}\u00bb]<\/p>\n<p>INFORMACI\u00d3N PROTECCI\u00d3N DE DATOS: Responsable: Susanna Arjona. Finalidades: Responder a sus solicitudes. En ning\u00fan caso realizaremos env\u00edos de car\u00e1cter promocional o comercial. Legitimaci\u00f3n: Consentimiento del interesado. Destinatarios: No est\u00e1n previstas cesiones de datos. Los datos facilitados se almacenan en nuestros servidores gestionados por AFX Solutions. Derechos: Puede retirar su consentimiento en cualquier momento, as\u00ed como acceder, rectificar, suprimir sus datos y dem\u00e1s derechos en info@susannaarjona.com. Informaci\u00f3n Adicional: Puede ampliar la informaci\u00f3n en el enlace de <a href=\"https:\/\/susannaarjona.com\/aviso-legal\/\" target=\"_blank\" rel=\"noopener noreferrer\">Avisos Legales<\/a>.<\/p>\n<p>[\/et_pb_text][\/et_pb_column][\/et_pb_row][\/et_pb_section]<\/p>\n","protected":false},"excerpt":{"rendered":"<div class=\"et_pb_module dg_adh_heading dg_adh_heading_0\">\n\t\t\t\t\n\t\t\t\t\n\t\t\t\t\n\t\t\t\t\n\t\t\t\t\n\t\t\t\t\n\t\t\t\t<div class=\"et_pb_module_inner\">\n\t\t\t\t\t<div class=\"dg-heading-container\">\r\n                \r\n                \r\n                <h4 class=\"dg-heading\"><span class=\"prefix\">\u00bbTerapia\u00bb<\/span> <span class=\"infix\">\u00bbFamiliar\u00bb<\/span> <\/h4>\r\n                \r\n            <\/div>\n\t\t\t\t<\/div>\n\t\t\t<\/div>","protected":false},"author":4,"featured_media":24995,"parent":25213,"menu_order":0,"comment_status":"closed","ping_status":"closed","template":"","meta":{"_et_pb_use_builder":"on","_et_pb_old_content":"<!-- wp:divi\/placeholder \/-->","_et_gb_content_width":"","footnotes":""},"class_list":["post-24485","page","type-page","status-publish","has-post-thumbnail","hentry"],"_links":{"self":[{"href":"https:\/\/susannaarjona.com\/ca\/wp-json\/wp\/v2\/pages\/24485","targetHints":{"allow":["GET"]}}],"collection":[{"href":"https:\/\/susannaarjona.com\/ca\/wp-json\/wp\/v2\/pages"}],"about":[{"href":"https:\/\/susannaarjona.com\/ca\/wp-json\/wp\/v2\/types\/page"}],"author":[{"embeddable":true,"href":"https:\/\/susannaarjona.com\/ca\/wp-json\/wp\/v2\/users\/4"}],"replies":[{"embeddable":true,"href":"https:\/\/susannaarjona.com\/ca\/wp-json\/wp\/v2\/comments?post=24485"}],"version-history":[{"count":1,"href":"https:\/\/susannaarjona.com\/ca\/wp-json\/wp\/v2\/pages\/24485\/revisions"}],"predecessor-version":[{"id":26534,"href":"https:\/\/susannaarjona.com\/ca\/wp-json\/wp\/v2\/pages\/24485\/revisions\/26534"}],"up":[{"embeddable":true,"href":"https:\/\/susannaarjona.com\/ca\/wp-json\/wp\/v2\/pages\/25213"}],"wp:featuredmedia":[{"embeddable":true,"href":"https:\/\/susannaarjona.com\/ca\/wp-json\/wp\/v2\/media\/24995"}],"wp:attachment":[{"href":"https:\/\/susannaarjona.com\/ca\/wp-json\/wp\/v2\/media?parent=24485"}],"curies":[{"name":"wp","href":"https:\/\/api.w.org\/{rel}","templated":true}]}}