{"id":24479,"date":"2020-10-06T16:57:04","date_gmt":"2020-10-06T14:57:04","guid":{"rendered":"https:\/\/susannaarjona.com\/?page_id=24479"},"modified":"2025-09-21T21:18:30","modified_gmt":"2025-09-21T19:18:30","slug":"astrologia-psicologica","status":"publish","type":"page","link":"https:\/\/susannaarjona.com\/ca\/psicoterapia-familias-adultos\/astrologia-psicologica\/","title":{"rendered":"Astrologia Psicol\u00f2gica"},"content":{"rendered":"<p>[et_pb_section fb_built=\u00bb1&#8243; disabled_on=\u00bbon|on|off\u00bb _builder_version=\u00bb4.16&#8243; _module_preset=\u00bbdefault\u00bb background_color=\u00bb#9ed7cd\u00bb background_enable_color=\u00bboff\u00bb use_background_color_gradient=\u00bbon\u00bb background_color_gradient_direction=\u00bb90deg\u00bb background_color_gradient_stops=\u00bb#ddc07c 83%|rgba(221,192,124,0.61) 100%\u00bb background_color_gradient_start=\u00bb#ddc07c\u00bb background_color_gradient_start_position=\u00bb83%\u00bb background_color_gradient_end=\u00bbrgba(221,192,124,0.61)\u00bb custom_padding=\u00bb30px||30px||true|\u00bb bottom_divider_style=\u00bbwave2&#8243; bottom_divider_color=\u00bb#FFFFFF\u00bb bottom_divider_height=\u00bb52px\u00bb global_colors_info=\u00bb{}\u00bb][et_pb_row _builder_version=\u00bb4.16&#8243; _module_preset=\u00bbdefault\u00bb custom_padding=\u00bb56px|||||\u00bb global_colors_info=\u00bb{}\u00bb][et_pb_column type=\u00bb4_4&#8243; _builder_version=\u00bb4.16&#8243; _module_preset=\u00bbdefault\u00bb global_colors_info=\u00bb{}\u00bb][dg_adh_heading title_prefix=\u00bbAstrolog\u00eda Psicol\u00f3gica\u00bb title_suffix=\u00bbCARTA NATAL: LAS RESPUESTAS DEL SER\u00bb title_suffix_block=\u00bbblock\u00bb heading_margin=\u00bb||||false|false\u00bb heading_margin_tablet=\u00bb|98px|||false|false\u00bb heading_margin_phone=\u00bb|0px|||false|false\u00bb heading_margin_last_edited=\u00bbon|phone\u00bb prefix_margin=\u00bb-82px|||65px|false|false\u00bb prefix_margin_tablet=\u00bb-70px|||52px|false|false\u00bb prefix_margin_phone=\u00bb|||40px|false|false\u00bb prefix_margin_last_edited=\u00bbon|phone\u00bb infix_margin=\u00bb-82px||||false|false\u00bb infix_margin_tablet=\u00bb-70px||||false|false\u00bb infix_margin_phone=\u00bb\u00bb infix_margin_last_edited=\u00bbon|tablet\u00bb suffix_margin=\u00bb-46px|71px|||false|false\u00bb suffix_margin_tablet=\u00bb-30px|77px|||false|false\u00bb suffix_margin_phone=\u00bb-38px|32px|||false|false\u00bb suffix_margin_last_edited=\u00bbon|phone\u00bb dual_text_margin_tablet=\u00bb|||24px|false|false\u00bb dual_text_margin_phone=\u00bb|||8px|false|false\u00bb dual_text_margin_last_edited=\u00bbon|tablet\u00bb _builder_version=\u00bb4.19.4&#8243; title_level=\u00bbh1&#8243; title_font=\u00bbYeseva One||||||||\u00bb title_text_color=\u00bb#ffffff\u00bb title_font_size=\u00bb84px\u00bb title_line_height=\u00bb1.3em\u00bb t_dual_font=\u00bbYeseva One||||||||\u00bb t_dual_text_color=\u00bbrgba(255,255,255,0.24)\u00bb t_dual_font_size=\u00bb382px\u00bb t_dual_line_height=\u00bb1.6em\u00bb t_prefix_font=\u00bbYeseva One||||||||\u00bb t_prefix_text_color=\u00bb#FFFFFF\u00bb t_prefix_font_size=\u00bb60px\u00bb t_infix_font=\u00bbSusy||||||||\u00bb t_infix_text_color=\u00bb#FFFFFF\u00bb t_infix_font_size=\u00bb85px\u00bb t_suffix_font=\u00bbMuli||||||||\u00bb t_suffix_text_align=\u00bbright\u00bb t_suffix_text_color=\u00bb#FFFFFF\u00bb t_suffix_font_size=\u00bb20px\u00bb t_suffix_letter_spacing=\u00bb2px\u00bb t_suffix_line_height=\u00bb1.4em\u00bb custom_margin=\u00bb10px||-3px||false|false\u00bb custom_margin_tablet=\u00bb0px||49px||false|false\u00bb custom_margin_phone=\u00bb0px||2px||false|false\u00bb custom_margin_last_edited=\u00bbon|tablet\u00bb title_text_align_tablet=\u00bb\u00bb title_text_align_phone=\u00bbcenter\u00bb title_text_align_last_edited=\u00bbon|phone\u00bb title_font_size_tablet=\u00bb\u00bb title_font_size_phone=\u00bb72px\u00bb title_font_size_last_edited=\u00bbon|tablet\u00bb t_dual_text_align_tablet=\u00bb\u00bb t_dual_text_align_phone=\u00bbcenter\u00bb t_dual_text_align_last_edited=\u00bbon|phone\u00bb t_dual_font_size_tablet=\u00bb300px\u00bb t_dual_font_size_phone=\u00bb300px\u00bb t_dual_font_size_last_edited=\u00bbon|phone\u00bb t_prefix_text_align_tablet=\u00bb\u00bb t_prefix_text_align_phone=\u00bbcenter\u00bb t_prefix_text_align_last_edited=\u00bbon|phone\u00bb t_prefix_font_size_tablet=\u00bb\u00bb t_prefix_font_size_phone=\u00bb53px\u00bb t_prefix_font_size_last_edited=\u00bbon|phone\u00bb t_infix_text_align_tablet=\u00bb\u00bb t_infix_text_align_phone=\u00bbcenter\u00bb t_infix_text_align_last_edited=\u00bbon|phone\u00bb t_infix_font_size_tablet=\u00bb\u00bb t_infix_font_size_phone=\u00bb64px\u00bb t_infix_font_size_last_edited=\u00bbon|phone\u00bb t_suffix_text_align_tablet=\u00bb\u00bb t_suffix_text_align_phone=\u00bbcenter\u00bb t_suffix_text_align_last_edited=\u00bbon|phone\u00bb t_suffix_text_color_tablet=\u00bb\u00bb t_suffix_text_color_phone=\u00bb\u00bb t_suffix_text_color_last_edited=\u00bbon|phone\u00bb t_suffix_font_size_tablet=\u00bb\u00bb t_suffix_font_size_phone=\u00bb22px\u00bb t_suffix_font_size_last_edited=\u00bbon|phone\u00bb locked=\u00bboff\u00bb global_colors_info=\u00bb{}\u00bb suffix_margin__hover_enabled=\u00bboff|desktop\u00bb prefix_margin__hover_enabled=\u00bboff|desktop\u00bb][\/dg_adh_heading][et_pb_image src=\u00bbhttps:\/\/susannaarjona.com\/wp-content\/uploads\/2020\/10\/tierra-psicopedagoga-psicopedagogia-terapeuta-infantil-adolescences-adultos-astrologia-susanna-arjona-aria-vital-girona-18.png\u00bb title_text=\u00bbtierra psicopedagoga psicopedagogia terapeuta infantil adolescences adultos astrologia susanna arjona aria vital girona 18&#8243; _builder_version=\u00bb4.16&#8243; _module_preset=\u00bbdefault\u00bb positioning=\u00bbabsolute\u00bb vertical_offset=\u00bb-71px\u00bb horizontal_offset=\u00bb-62px\u00bb width=\u00bb100%\u00bb max_width=\u00bb20%\u00bb scroll_rotating_enable=\u00bbon\u00bb global_colors_info=\u00bb{}\u00bb][\/et_pb_image][\/et_pb_column][\/et_pb_row][\/et_pb_section][et_pb_section fb_built=\u00bb1&#8243; next_background_color=\u00bb#ffffff\u00bb disabled_on=\u00bboff|off|on\u00bb _builder_version=\u00bb4.16&#8243; _module_preset=\u00bbdefault\u00bb background_color=\u00bb#DDC07C\u00bb custom_padding=\u00bb30px||30px||true|\u00bb bottom_divider_style=\u00bbwave2&#8243; bottom_divider_height=\u00bb74px\u00bb global_colors_info=\u00bb{}\u00bb][et_pb_row _builder_version=\u00bb4.16&#8243; _module_preset=\u00bbdefault\u00bb custom_padding=\u00bb35px|||||\u00bb global_colors_info=\u00bb{}\u00bb][et_pb_column type=\u00bb4_4&#8243; _builder_version=\u00bb4.16&#8243; _module_preset=\u00bbdefault\u00bb global_colors_info=\u00bb{}\u00bb][et_pb_image src=\u00bbhttps:\/\/susannaarjona.com\/wp-content\/uploads\/2020\/10\/tierra-psicopedagoga-psicopedagogia-terapeuta-infantil-adolescences-adultos-astrologia-susanna-arjona-aria-vital-girona-18.png\u00bb title_text=\u00bbtierra psicopedagoga psicopedagogia terapeuta infantil adolescences adultos astrologia susanna arjona aria vital girona 18&#8243; align_tablet=\u00bb\u00bb align_phone=\u00bbcenter\u00bb align_last_edited=\u00bbon|tablet\u00bb _builder_version=\u00bb4.16&#8243; _module_preset=\u00bbdefault\u00bb vertical_offset=\u00bb-73px\u00bb horizontal_offset=\u00bb-62px\u00bb vertical_offset_tablet=\u00bb\u00bb vertical_offset_phone=\u00bb-38px\u00bb vertical_offset_last_edited=\u00bbon|phone\u00bb horizontal_offset_tablet=\u00bb-83px\u00bb horizontal_offset_phone=\u00bb-31px\u00bb horizontal_offset_last_edited=\u00bbon|phone\u00bb position_origin_a_tablet=\u00bb\u00bb position_origin_a_phone=\u00bb\u00bb position_origin_a_last_edited=\u00bbon|phone\u00bb position_origin_f_tablet=\u00bb\u00bb position_origin_f_phone=\u00bb\u00bb position_origin_f_last_edited=\u00bbon|phone\u00bb position_origin_r_tablet=\u00bb\u00bb position_origin_r_phone=\u00bb\u00bb position_origin_r_last_edited=\u00bbon|phone\u00bb width=\u00bb83%\u00bb width_tablet=\u00bb25%\u00bb width_phone=\u00bb41%\u00bb width_last_edited=\u00bbon|phone\u00bb scroll_rotating_enable=\u00bbon\u00bb positioning_tablet=\u00bbabsolute\u00bb positioning_phone=\u00bbabsolute\u00bb positioning_last_edited=\u00bbon|phone\u00bb global_colors_info=\u00bb{}\u00bb][\/et_pb_image][dg_adh_heading title_prefix=\u00bbAstrolog\u00eda Psicol\u00f3gica\u00bb title_suffix_block=\u00bbinline\u00bb dual_text_margin_tablet=\u00bb|||24px|false|false\u00bb dual_text_margin_phone=\u00bb|||8px|false|false\u00bb dual_text_margin_last_edited=\u00bbon|tablet\u00bb _builder_version=\u00bb4.16&#8243; title_level=\u00bbh1&#8243; title_font=\u00bbYeseva One||||||||\u00bb title_text_color=\u00bb#ffffff\u00bb title_font_size=\u00bb84px\u00bb title_line_height=\u00bb1.3em\u00bb t_dual_font=\u00bbYeseva One||||||||\u00bb t_dual_text_color=\u00bbrgba(255,255,255,0.24)\u00bb t_dual_font_size=\u00bb382px\u00bb t_dual_line_height=\u00bb1.6em\u00bb t_prefix_font=\u00bbYeseva One||||||||\u00bb t_prefix_font_size=\u00bb60px\u00bb t_infix_font=\u00bbSusy||||||||\u00bb t_infix_text_color=\u00bb#ffffff\u00bb t_infix_font_size=\u00bb85px\u00bb t_suffix_font=\u00bbMuli||||||||\u00bb t_suffix_text_align=\u00bbright\u00bb custom_margin=\u00bb||5px|||\u00bb title_text_align_tablet=\u00bb\u00bb title_text_align_phone=\u00bbcenter\u00bb title_text_align_last_edited=\u00bbon|phone\u00bb title_font_size_tablet=\u00bb\u00bb title_font_size_phone=\u00bb72px\u00bb title_font_size_last_edited=\u00bbon|tablet\u00bb t_dual_text_align_tablet=\u00bb\u00bb t_dual_text_align_phone=\u00bbcenter\u00bb t_dual_text_align_last_edited=\u00bbon|phone\u00bb t_dual_font_size_tablet=\u00bb300px\u00bb t_dual_font_size_phone=\u00bb300px\u00bb t_dual_font_size_last_edited=\u00bbon|phone\u00bb t_prefix_text_align_tablet=\u00bb\u00bb t_prefix_text_align_phone=\u00bbcenter\u00bb t_prefix_text_align_last_edited=\u00bbon|phone\u00bb t_prefix_font_size_tablet=\u00bb\u00bb t_prefix_font_size_phone=\u00bb53px\u00bb t_prefix_font_size_last_edited=\u00bbon|phone\u00bb t_infix_text_align_tablet=\u00bb\u00bb t_infix_text_align_phone=\u00bbcenter\u00bb t_infix_text_align_last_edited=\u00bbon|phone\u00bb t_infix_font_size_tablet=\u00bb\u00bb t_infix_font_size_phone=\u00bb64px\u00bb t_infix_font_size_last_edited=\u00bbon|phone\u00bb t_suffix_text_align_tablet=\u00bb\u00bb t_suffix_text_align_phone=\u00bbcenter\u00bb t_suffix_text_align_last_edited=\u00bbon|phone\u00bb t_suffix_text_color_tablet=\u00bb\u00bb t_suffix_text_color_phone=\u00bb\u00bb t_suffix_text_color_last_edited=\u00bbon|phone\u00bb t_suffix_font_size_phone=\u00bb22px\u00bb t_suffix_font_size_last_edited=\u00bboff|desktop\u00bb locked=\u00bboff\u00bb global_colors_info=\u00bb{}\u00bb][\/dg_adh_heading][et_pb_text _builder_version=\u00bb4.16&#8243; _module_preset=\u00bbdefault\u00bb header_2_font=\u00bbMuli|500||on|||||\u00bb header_2_font_size=\u00bb22px\u00bb header_2_letter_spacing=\u00bb2px\u00bb header_2_line_height=\u00bb1.5em\u00bb background_layout=\u00bbdark\u00bb header_2_text_align_tablet=\u00bb\u00bb header_2_text_align_phone=\u00bbcenter\u00bb header_2_text_align_last_edited=\u00bbon|tablet\u00bb header_2_font_size_tablet=\u00bb\u00bb header_2_font_size_phone=\u00bb27px\u00bb header_2_font_size_last_edited=\u00bbon|phone\u00bb global_colors_info=\u00bb{}\u00bb]<\/p>\n<h2>LA B\u00daSQUEDA DEL SER<\/h2>\n<p>[\/et_pb_text][\/et_pb_column][\/et_pb_row][\/et_pb_section][et_pb_section fb_built=\u00bb1&#8243; _builder_version=\u00bb4.16&#8243; _module_preset=\u00bbdefault\u00bb global_colors_info=\u00bb{}\u00bb][et_pb_row column_structure=\u00bb1_2,1_2&#8243; _builder_version=\u00bb4.16&#8243; _module_preset=\u00bbdefault\u00bb global_colors_info=\u00bb{}\u00bb][et_pb_column type=\u00bb1_2&#8243; _builder_version=\u00bb4.16&#8243; _module_preset=\u00bbdefault\u00bb global_colors_info=\u00bb{}\u00bb][et_pb_text _builder_version=\u00bb4.16&#8243; _module_preset=\u00bbdefault\u00bb global_colors_info=\u00bb{}\u00bb]<\/p>\n<p>Ancestralmente nos hemos centrado en la b\u00fasqueda. La b\u00fasqueda de la felicidad, de la pareja, de los hijos, de la vocaci\u00f3n, de la paz, de la tranquilidad&#8230; Quiz\u00e1 la b\u00fasqueda era la quietud de quedarse en lo que uno ES. Y para quedarse en lo que uno ES, <strong>la carta natal es un mapa de un territorio amplio que no para de desarrollarse<\/strong>.<\/p>\n<p>La astrolog\u00eda psicol\u00f3gica se basa en el \u201ccomo es arriba es abajo\u201d. Y para estar dispuesto a ser consciente de que hay abajo necesito parar, mirarme, reconocerme, perdonarme, potenciarme, acompa\u00f1arme. \u00bfC\u00f3mo voy a hacer todo eso sin saber cual es mi mapa interior? \u00bfqu\u00e9 necesito y qu\u00e9 no? \u00bfqu\u00e9 es propio de m\u00ed y que debo dejar ir?<\/p>\n<p><strong>Con la carta natal tenemos el punto de partida de un mapa amplio de posibilidades entre las cuales, evidentemente, t\u00fa decides lo que se queda y lo que no.<\/strong><\/p>\n<p>[\/et_pb_text][\/et_pb_column][et_pb_column type=\u00bb1_2&#8243; _builder_version=\u00bb4.16&#8243; _module_preset=\u00bbdefault\u00bb global_colors_info=\u00bb{}\u00bb][et_pb_image src=\u00bbhttps:\/\/susannaarjona.com\/wp-content\/uploads\/2020\/11\/astrologia-psicologica-terapeutica-carta-natal-carta-astrologica-revolucion-solar-anual-susanna-arjona-girona-41.jpg\u00bb title_text=\u00bbastrologia psicologica terapeutica carta natal carta astrologica revolucion solar anual susanna arjona girona 41&#8243; _builder_version=\u00bb4.16&#8243; _module_preset=\u00bbdefault\u00bb global_colors_info=\u00bb{}\u00bb][\/et_pb_image][\/et_pb_column][\/et_pb_row][et_pb_row _builder_version=\u00bb4.16&#8243; _module_preset=\u00bbdefault\u00bb global_colors_info=\u00bb{}\u00bb][et_pb_column type=\u00bb4_4&#8243; _builder_version=\u00bb4.16&#8243; _module_preset=\u00bbdefault\u00bb global_colors_info=\u00bb{}\u00bb][et_pb_text _builder_version=\u00bb4.16&#8243; _module_preset=\u00bbdefault\u00bb global_colors_info=\u00bb{}\u00bb]<\/p>\n<p>Carl Jung introdujo la astrolog\u00eda en psicoan\u00e1lisis. Para \u00e9l, tanto signos como planetas eran \u201carquetipos internos\u201d que viven en nosotros. Ser\u00eda algo as\u00ed como el universo respirando dentro de nosotros y nosotros respirando al comp\u00e1s del universo en una danza casi perfecta. En el momento de nuestro nacimiento, hab\u00eda una energ\u00eda disponible, una energ\u00eda planetaria con la cual, nosotros tambi\u00e9n nacimos.<\/p>\n<p>[\/et_pb_text][\/et_pb_column][\/et_pb_row][et_pb_row _builder_version=\u00bb4.16&#8243; _module_preset=\u00bbdefault\u00bb locked=\u00bboff\u00bb global_colors_info=\u00bb{}\u00bb][et_pb_column type=\u00bb4_4&#8243; _builder_version=\u00bb4.16&#8243; _module_preset=\u00bbdefault\u00bb global_colors_info=\u00bb{}\u00bb][et_pb_text _builder_version=\u00bb4.16&#8243; _module_preset=\u00bbdefault\u00bb text_line_height=\u00bb1.3em\u00bb global_colors_info=\u00bb{}\u00bb]<\/p>\n<blockquote>\n<p style=\"text-align: justify;\">\u201cLa Astrolog\u00eda consiste en\u00a0configuraciones simb\u00f3licas del\u00a0inconsciente colectivo, que es el\u00a0t\u00f3pico principal de la psicolog\u00eda:\u00a0los planetas son los dioses,\u00a0s\u00edmbolos de los poderes del\u00a0inconsciente\u201d.<\/p>\n<p style=\"text-align: center;\">Carl G. Jung<\/p>\n<\/blockquote>\n<p>[\/et_pb_text][\/et_pb_column][\/et_pb_row][\/et_pb_section][et_pb_section fb_built=\u00bb1&#8243; next_background_color=\u00bb#ffffff\u00bb module_id=\u00bbinfancia\u00bb _builder_version=\u00bb4.16&#8243; _module_preset=\u00bbdefault\u00bb background_color=\u00bb#ffffff\u00bb use_background_color_gradient=\u00bbon\u00bb background_color_gradient_direction=\u00bb90deg\u00bb background_color_gradient_stops=\u00bb#fbf6ec 0%|rgba(251,246,236,0.92) 100%\u00bb background_color_gradient_overlays_image=\u00bbon\u00bb background_color_gradient_start=\u00bb#fbf6ec\u00bb background_color_gradient_end=\u00bbrgba(251,246,236,0.92)\u00bb background_enable_image=\u00bboff\u00bb background_size=\u00bbinitial\u00bb custom_padding=\u00bb70px||90px|||\u00bb bottom_divider_style=\u00bbasymmetric2&#8243; locked=\u00bboff\u00bb global_colors_info=\u00bb{}\u00bb][et_pb_row _builder_version=\u00bb4.16&#8243; _module_preset=\u00bbdefault\u00bb custom_margin=\u00bb||26px||false|false\u00bb custom_padding=\u00bb||1px|||\u00bb locked=\u00bboff\u00bb global_colors_info=\u00bb{}\u00bb][et_pb_column type=\u00bb4_4&#8243; _builder_version=\u00bb4.16&#8243; _module_preset=\u00bbdefault\u00bb global_colors_info=\u00bb{}\u00bb][dg_adh_heading title_prefix=\u00bb\u00bfQu\u00e9 puedes\u00bb title_infix=\u00bbdescubrir\u00bb title_suffix=\u00bb?\u00bb _builder_version=\u00bb4.16&#8243; _module_preset=\u00bbdefault\u00bb title_level=\u00bbh2&#8243; title_text_align=\u00bbcenter\u00bb title_font_size=\u00bb40px\u00bb t_dual_text_color=\u00bb#9ed7cd\u00bb t_infix_font=\u00bbSusy||||||||\u00bb t_infix_text_color=\u00bb#cd5b3e\u00bb t_infix_font_size=\u00bb65px\u00bb global_colors_info=\u00bb{}\u00bb][\/dg_adh_heading][\/et_pb_column][\/et_pb_row][et_pb_row column_structure=\u00bb3_5,2_5&#8243; _builder_version=\u00bb4.16&#8243; _module_preset=\u00bbdefault\u00bb global_colors_info=\u00bb{}\u00bb][et_pb_column type=\u00bb3_5&#8243; _builder_version=\u00bb4.16&#8243; _module_preset=\u00bbdefault\u00bb global_colors_info=\u00bb{}\u00bb][et_pb_accordion _builder_version=\u00bb4.16&#8243; _module_preset=\u00bb9900ffb5-0157-4c6d-b648-638d709276ec\u00bb global_colors_info=\u00bb{}\u00bb][et_pb_accordion_item title=\u00bbCarta natal\u00bb _builder_version=\u00bb4.16&#8243; _module_preset=\u00bbdefault\u00bb global_colors_info=\u00bb{}\u00bb open=\u00bbon\u00bb]<\/p>\n<p>\u00bfC\u00f3mo estaba el cielo cuando naciste y qu\u00e9 pide la vida de ti?. \u00bfQui\u00e9n eres?. La carta natal es el mapa de posibilidades que te configuran, que te orientan, que te gu\u00edan y te hacen un ser especial y realmente \u00fanico.<\/p>\n<p>[\/et_pb_accordion_item][et_pb_accordion_item title=\u00bbTu prop\u00f3sito vital\u00bb open=\u00bboff\u00bb _builder_version=\u00bb4.16&#8243; _module_preset=\u00bbdefault\u00bb global_colors_info=\u00bb{}\u00bb]<\/p>\n<p>\u00bfPara qu\u00e9 has nacido?, \u00bfc\u00f3mo es tu relaci\u00f3n con la abundancia y el dinero?.<\/p>\n<p>Realizamos un an\u00e1lisis de tus virtudes y capacidades, las que est\u00e1n activas y en potencia para que puedas actuar de coraz\u00f3n y de forma Solar.<\/p>\n<p>[\/et_pb_accordion_item][et_pb_accordion_item title=\u00bbRevoluci\u00f3n solar\u00bb _builder_version=\u00bb4.16&#8243; _module_preset=\u00bbdefault\u00bb global_colors_info=\u00bb{}\u00bb open=\u00bboff\u00bb]<\/p>\n<p>Es la carta que se genera cada cumplea\u00f1os o cada vuelta al sol, como decimos nosotros. En la cual, durante ese a\u00f1o, la vida te va a proponer nuevos retos y experiencias.<\/p>\n<p>\u00bfQu\u00e9 te est\u00e1 pidiendo la vida este a\u00f1o en particular?.<\/p>\n<p>[\/et_pb_accordion_item][et_pb_accordion_item title=\u00bbCartas compuestas y sinastrias\u00bb _builder_version=\u00bb4.16&#8243; _module_preset=\u00bbdefault\u00bb global_colors_info=\u00bb{}\u00bb open=\u00bboff\u00bb]<\/p>\n<p>Si quieres conocer c\u00f3mo son, c\u00f3mo van a ser o qu\u00e9 necesitan tus relaciones personales, laborales, familiares.<\/p>\n<p>[\/et_pb_accordion_item][et_pb_accordion_item title=\u00bbTr\u00e1nsitos\u00bb _builder_version=\u00bb4.16&#8243; _module_preset=\u00bbdefault\u00bb global_colors_info=\u00bb{}\u00bb open=\u00bboff\u00bb]<\/p>\n<p>Los tr\u00e1nsitos es un proceso de an\u00e1lisis de c\u00f3mo est\u00e1 la energ\u00eda disponible en este determinado momento y qu\u00e9 necesitas conocer de t\u00ed mismo y de lo que te rodea. Se utiliza para la toma de decisiones importantes, para momentos clave en tu vida, para decidir cuando dar seg\u00fan qu\u00e9 pasos, etc.<\/p>\n<p>[\/et_pb_accordion_item][et_pb_accordion_item title=\u00bbEl norte personal\u00bb _builder_version=\u00bb4.16&#8243; _module_preset=\u00bbdefault\u00bb global_colors_info=\u00bb{}\u00bb open=\u00bboff\u00bb]<\/p>\n<p>El Nodo Norte y el Nodo Sur, vendr\u00edan a ser algo as\u00ed como toda la s\u00edntesis de una carta, el resumen, los puntos de partida y de llegada de una persona, los patrones muy inconscientes que debe superar (Nodo Sur) para llegar al su lugar de m\u00e1xima expansi\u00f3n (Nodo Norte).<\/p>\n<p>[\/et_pb_accordion_item][et_pb_accordion_item title=\u00bbAstrolog\u00eda infantil\u00bb _builder_version=\u00bb4.16&#8243; _module_preset=\u00bbdefault\u00bb global_colors_info=\u00bb{}\u00bb open=\u00bboff\u00bb]<\/p>\n<p>Es decir responder a la pregunta de \u00bfqui\u00e9n es mi hijx?, para aprender a entender su energ\u00eda, sus pasiones, lo que necesita emocionalmente y tambi\u00e9n a nivel corporal, mental y relacional.<\/p>\n<p>La astrolog\u00eda infantil nos ayuda a crear un entorno adecuados para nuestros hijos, un entorno saludable y unas relaciones vinculares m\u00e1s sanas y respetuosas.<\/p>\n<p>[\/et_pb_accordion_item][et_pb_accordion_item title=\u00bbConsultas concretas\u00bb _builder_version=\u00bb4.16&#8243; _module_preset=\u00bbdefault\u00bb global_colors_info=\u00bb{}\u00bb open=\u00bboff\u00bb]<\/p>\n<p>Consultas concretas sobre salud o dificultades en momentos vitales de importancia. Necesidades a nivel de salud, autoestima o cuidado propio. Cambios de etapa, duelos, laborales, etc.<\/p>\n<p>[\/et_pb_accordion_item][\/et_pb_accordion][\/et_pb_column][et_pb_column type=\u00bb2_5&#8243; _builder_version=\u00bb4.16&#8243; _module_preset=\u00bbdefault\u00bb global_colors_info=\u00bb{}\u00bb][et_pb_image src=\u00bbhttps:\/\/susannaarjona.com\/wp-content\/uploads\/2020\/11\/astrologia-psicologica-terapeutica-carta-natal-carta-astrologica-revolucion-solar-anual-susanna-arjona-girona-42.jpg\u00bb title_text=\u00bbastrologia psicologica terapeutica carta natal carta astrologica revolucion solar anual susanna arjona girona 42&#8243; _builder_version=\u00bb4.16&#8243; _module_preset=\u00bbdefault\u00bb global_colors_info=\u00bb{}\u00bb][\/et_pb_image][\/et_pb_column][\/et_pb_row][et_pb_row _builder_version=\u00bb4.16&#8243; _module_preset=\u00bbdefault\u00bb global_colors_info=\u00bb{}\u00bb][et_pb_column type=\u00bb4_4&#8243; _builder_version=\u00bb4.16&#8243; _module_preset=\u00bbdefault\u00bb global_colors_info=\u00bb{}\u00bb][et_pb_text _builder_version=\u00bb4.16&#8243; _module_preset=\u00bbdefault\u00bb text_orientation=\u00bbcenter\u00bb text_orientation_tablet=\u00bbleft\u00bb text_orientation_phone=\u00bb\u00bb text_orientation_last_edited=\u00bbon|desktop\u00bb global_colors_info=\u00bb{}\u00bb]<\/p>\n<p><strong>No hacemos astrolog\u00eda predictiva. Nuestra forma de ver y utilizar la astrolog\u00eda es lo m\u00e1s cient\u00edfica posible, con evidencias y contrastando la informaci\u00f3n. Es decir, no vamos a comentarte, ni tenemos inter\u00e9s en proponerte que te va a pasar.<\/strong><\/p>\n<p>Predecir es querer ahorrarse el proceso y el trabajo de conocerse y dejar tus decisiones m\u00e1s importantes en mano de quien te predice las cosas. Para estar bien, uno debe invertir en ello, es un proceso al cual hay que entregarse y hacerse responsable de uno mismo.<\/p>\n<p>No es necesario que sepas nada de astrolog\u00eda, m\u00e1s bien trae espacio en ti para aprender algo que te va a maravillar, te lo prometo!.<\/p>\n<p>[\/et_pb_text][\/et_pb_column][\/et_pb_row][\/et_pb_section][et_pb_section fb_built=\u00bb1&#8243; _builder_version=\u00bb4.16&#8243; _module_preset=\u00bbdefault\u00bb custom_padding=\u00bb||101px|||\u00bb global_colors_info=\u00bb{}\u00bb][et_pb_row _builder_version=\u00bb4.16&#8243; _module_preset=\u00bbdefault\u00bb custom_margin=\u00bb||26px||false|false\u00bb custom_padding=\u00bb||1px|||\u00bb locked=\u00bboff\u00bb global_colors_info=\u00bb{}\u00bb][et_pb_column type=\u00bb4_4&#8243; _builder_version=\u00bb4.16&#8243; _module_preset=\u00bbdefault\u00bb global_colors_info=\u00bb{}\u00bb][dg_adh_heading title_prefix=\u00bb\u00bfC\u00f3mo son las \u00bb title_infix=\u00bbsesiones\u00bb title_suffix=\u00bbde astrolog\u00eda psicol\u00f3gica?\u00bb _builder_version=\u00bb4.19.4&#8243; _module_preset=\u00bbdefault\u00bb title_level=\u00bbh2&#8243; title_text_align=\u00bbcenter\u00bb title_font_size=\u00bb40px\u00bb t_dual_text_color=\u00bb#9ed7cd\u00bb t_infix_font=\u00bbSusy||||||||\u00bb t_infix_text_color=\u00bb#cd5b3e\u00bb t_infix_font_size=\u00bb65px\u00bb global_colors_info=\u00bb{}\u00bb][\/dg_adh_heading][\/et_pb_column][\/et_pb_row][et_pb_row column_structure=\u00bb1_2,1_2&#8243; _builder_version=\u00bb4.16&#8243; _module_preset=\u00bbdefault\u00bb global_colors_info=\u00bb{}\u00bb][et_pb_column type=\u00bb1_2&#8243; _builder_version=\u00bb4.16&#8243; _module_preset=\u00bbdefault\u00bb global_colors_info=\u00bb{}\u00bb][et_pb_blurb title=\u00bbD\u00f3nde\u00bb image=\u00bbhttps:\/\/susannaarjona.com\/wp-content\/uploads\/2020\/10\/psicopedagoga-psicopedagogia-terapeuta-infantil-adolescences-adultos-astrologia-susanna-arjona-aria-vital-girona-34.png\u00bb icon_placement=\u00bbleft\u00bb _builder_version=\u00bb4.16&#8243; _module_preset=\u00bbdefault\u00bb header_level=\u00bbh5&#8243; header_font=\u00bbYeseva One||||||||\u00bb animation_style=\u00bbslide\u00bb animation_direction=\u00bbleft\u00bb animation_intensity_slide=\u00bb5%\u00bb animation=\u00bbleft\u00bb motion_trigger_start=\u00bbbottom\u00bb locked=\u00bboff\u00bb global_colors_info=\u00bb{}\u00bb]<\/p>\n<p>Realizamos la consulta de forma presencial en Girona o bien mediante video llamada por Skype.<\/p>\n<p>[\/et_pb_blurb][et_pb_blurb title=\u00bbGrabaci\u00f3n\u00bb image=\u00bbhttps:\/\/susannaarjona.com\/wp-content\/uploads\/2020\/10\/psicopedagoga-psicopedagogia-terapeuta-infantil-adolescences-adultos-astrologia-susanna-arjona-aria-vital-girona-34.png\u00bb icon_placement=\u00bbleft\u00bb _builder_version=\u00bb4.16&#8243; _module_preset=\u00bbdefault\u00bb header_level=\u00bbh5&#8243; header_font=\u00bbYeseva One||||||||\u00bb animation_style=\u00bbslide\u00bb animation_direction=\u00bbleft\u00bb animation_intensity_slide=\u00bb5%\u00bb animation=\u00bbleft\u00bb motion_trigger_start=\u00bbbottom\u00bb locked=\u00bboff\u00bb global_colors_info=\u00bb{}\u00bb]<\/p>\n<p>Realizamos la grabaci\u00f3n de la misma para que la consultes posteriormente por si te han quedados dudas o m\u00e1s preguntas.\u00a0Posteriormente puedes volver a escuchar la grabaci\u00f3n y preguntarme dudas que te hayan quedado.<\/p>\n<p>[\/et_pb_blurb][et_pb_blurb title=\u00bbDuraci\u00f3n\u00bb image=\u00bbhttps:\/\/susannaarjona.com\/wp-content\/uploads\/2020\/10\/psicopedagoga-psicopedagogia-terapeuta-infantil-adolescences-adultos-astrologia-susanna-arjona-aria-vital-girona-34.png\u00bb icon_placement=\u00bbleft\u00bb _builder_version=\u00bb4.16&#8243; _module_preset=\u00bbdefault\u00bb header_level=\u00bbh5&#8243; header_font=\u00bbYeseva One||||||||\u00bb animation_style=\u00bbslide\u00bb animation_direction=\u00bbleft\u00bb animation_intensity_slide=\u00bb5%\u00bb animation=\u00bbleft\u00bb motion_trigger_start=\u00bbbottom\u00bb locked=\u00bboff\u00bb global_colors_info=\u00bb{}\u00bb]<\/p>\n<p>Necesitas reservar una 1:30h de tiempo y cuidado para t\u00ed.<\/p>\n<p>[\/et_pb_blurb][et_pb_blurb title=\u00bbSeguimiento\u00bb image=\u00bbhttps:\/\/susannaarjona.com\/wp-content\/uploads\/2020\/10\/psicopedagoga-psicopedagogia-terapeuta-infantil-adolescences-adultos-astrologia-susanna-arjona-aria-vital-girona-34.png\u00bb icon_placement=\u00bbleft\u00bb _builder_version=\u00bb4.16&#8243; _module_preset=\u00bbdefault\u00bb header_level=\u00bbh5&#8243; header_font=\u00bbYeseva One||||||||\u00bb animation_style=\u00bbslide\u00bb animation_direction=\u00bbleft\u00bb animation_intensity_slide=\u00bb5%\u00bb animation=\u00bbleft\u00bb motion_trigger_start=\u00bbbottom\u00bb locked=\u00bboff\u00bb global_colors_info=\u00bb{}\u00bb]<\/p>\n<p>iEn cualquier otro momento podemos realizar una sesi\u00f3n de Coaching para, siguiendo tu carta natal y su an\u00e1lisis, proponer objetivos vitales para ti.<\/p>\n<p>[\/et_pb_blurb][\/et_pb_column][et_pb_column type=\u00bb1_2&#8243; _builder_version=\u00bb4.16&#8243; _module_preset=\u00bbdefault\u00bb global_colors_info=\u00bb{}\u00bb][et_pb_image src=\u00bbhttps:\/\/susannaarjona.com\/wp-content\/uploads\/2021\/01\/astrologi\u0301a-psicolo\u0301gica-carta-natal-astral-revolucio\u0301n-solar-susanna-arjona-ariavital-girona-online-73.jpg\u00bb alt=\u00bbastrolog\u00eda psicol\u00f3gica\u00bb title_text=\u00bbastrolog\u00eda psicol\u00f3gica\u00bb _builder_version=\u00bb4.16&#8243; _module_preset=\u00bbdefault\u00bb global_colors_info=\u00bb{}\u00bb][\/et_pb_image][\/et_pb_column][\/et_pb_row][\/et_pb_section][et_pb_section fb_built=\u00bb1&#8243; next_background_color=\u00bb#ffffff\u00bb module_id=\u00bbinfancia\u00bb _builder_version=\u00bb4.16&#8243; _module_preset=\u00bbdefault\u00bb background_color=\u00bb#FBF6EC\u00bb use_background_color_gradient=\u00bbon\u00bb background_color_gradient_direction=\u00bb90deg\u00bb background_color_gradient_stops=\u00bb#fbf6ec 0%|rgba(251,246,236,0.92) 100%\u00bb background_color_gradient_overlays_image=\u00bbon\u00bb background_color_gradient_start=\u00bb#fbf6ec\u00bb background_color_gradient_end=\u00bbrgba(251,246,236,0.92)\u00bb background_enable_image=\u00bboff\u00bb background_size=\u00bbinitial\u00bb custom_padding=\u00bb84px||133px||false|\u00bb bottom_divider_style=\u00bbasymmetric2&#8243; locked=\u00bboff\u00bb global_colors_info=\u00bb{}\u00bb][et_pb_row _builder_version=\u00bb4.16&#8243; _module_preset=\u00bbdefault\u00bb custom_margin=\u00bb||26px||false|false\u00bb custom_padding=\u00bb||1px|||\u00bb locked=\u00bboff\u00bb global_colors_info=\u00bb{}\u00bb][et_pb_column type=\u00bb4_4&#8243; _builder_version=\u00bb4.16&#8243; _module_preset=\u00bbdefault\u00bb global_colors_info=\u00bb{}\u00bb][dg_adh_heading title_prefix=\u00bbTipolog\u00eda de\u00bb title_infix=\u00bbconsultas\u00bb title_suffix=\u00bbastrol\u00f3gicas\u00bb _builder_version=\u00bb4.19.4&#8243; _module_preset=\u00bbdefault\u00bb title_level=\u00bbh2&#8243; title_text_align=\u00bbcenter\u00bb title_font_size=\u00bb40px\u00bb t_dual_text_color=\u00bb#9ed7cd\u00bb t_infix_font=\u00bbSusy||||||||\u00bb t_infix_text_color=\u00bb#cd5b3e\u00bb t_infix_font_size=\u00bb65px\u00bb global_colors_info=\u00bb{}\u00bb][\/dg_adh_heading][et_pb_text _builder_version=\u00bb4.16&#8243; _module_preset=\u00bbdefault\u00bb text_orientation=\u00bbcenter\u00bb text_orientation_last_edited=\u00bboff|desktop\u00bb global_colors_info=\u00bb{}\u00bb]<\/p>\n<p>Hemos concentrado, organizado y planificado la informaci\u00f3n que necesitas en conjuntos astrol\u00f3gicos, para que simplemente te concentres en lo que en este momento quieres investigar o conocer.<\/p>\n<p>[\/et_pb_text][\/et_pb_column][\/et_pb_row][et_pb_row column_structure=\u00bb1_4,1_4,1_4,1_4&#8243; _builder_version=\u00bb4.16&#8243; _module_preset=\u00bbdefault\u00bb custom_margin=\u00bb41px|auto||auto||\u00bb global_colors_info=\u00bb{}\u00bb][et_pb_column type=\u00bb1_4&#8243; _builder_version=\u00bb4.16&#8243; _module_preset=\u00bbdefault\u00bb custom_padding_tablet=\u00bb||50px||false|false\u00bb custom_padding_phone=\u00bb||50px||false|false\u00bb custom_padding_last_edited=\u00bbon|phone\u00bb global_colors_info=\u00bb{}\u00bb][et_pb_blurb title=\u00bbTu Sol Vital\u00bb image=\u00bbhttps:\/\/susannaarjona.com\/wp-content\/uploads\/2021\/01\/astrologi\u0301a-psicolo\u0301gica-tu-sol-vital-susanna-arjona-ariavital-girona-online-72.jpg\u00bb alt=\u00bbtu sol vital\u00bb _builder_version=\u00bb4.16&#8243; _module_preset=\u00bbdefault\u00bb header_level=\u00bbh3&#8243; header_text_align=\u00bbcenter\u00bb custom_margin=\u00bb||14px|||\u00bb global_colors_info=\u00bb{}\u00bb][\/et_pb_blurb][et_pb_button button_url=\u00bb#solvital\u00bb button_text=\u00bbm\u00e1s informaci\u00f3n\u00bb button_alignment=\u00bbcenter\u00bb _builder_version=\u00bb4.16&#8243; _module_preset=\u00bbdefault\u00bb custom_button=\u00bbon\u00bb button_text_size=\u00bb13px\u00bb button_text_color=\u00bb#ffffff\u00bb button_bg_color=\u00bb#d8b265&#8243; button_bg_enable_image=\u00bboff\u00bb button_border_width=\u00bb0px\u00bb button_border_radius=\u00bb5px\u00bb button_letter_spacing=\u00bb2px\u00bb button_font=\u00bbMuli|800||on|||||\u00bb button_icon=\u00bb&#x35;||divi||400&#8243; custom_padding=\u00bb7px|13px|7px|13px|true|true\u00bb box_shadow_style=\u00bbpreset3&#8243; box_shadow_color=\u00bbrgba(0,0,0,0.19)\u00bb locked=\u00bboff\u00bb global_colors_info=\u00bb{}\u00bb button_bg_color__hover=\u00bb#d8b672&#8243; button_bg_color__hover_enabled=\u00bbon|desktop\u00bb button_bg_enable_color__hover=\u00bbon\u00bb title_text__hover=\u00bbpsicopedagoga psicopedagogia terapeuta infantil adolescences adultos astrologia susanna arjona aria vital girona 34&#8243; button_bg_image__hover=\u00bbhttps:\/\/susannaarjona.com\/wp-content\/uploads\/2020\/10\/psicopedagoga-psicopedagogia-terapeuta-infantil-adolescences-adultos-astrologia-susanna-arjona-aria-vital-girona-34.png\u00bb button_bg_enable_image__hover=\u00bbon\u00bb][\/et_pb_button][\/et_pb_column][et_pb_column type=\u00bb1_4&#8243; _builder_version=\u00bb4.16&#8243; _module_preset=\u00bbdefault\u00bb global_colors_info=\u00bb{}\u00bb][et_pb_blurb title=\u00bbAstroFamilia\u00bb image=\u00bbhttps:\/\/susannaarjona.com\/wp-content\/uploads\/2021\/01\/astrologi\u0301a-psicolo\u0301gica-de-familia-astrofamilia-susanna-arjona-ariavital-girona-online-70.jpg\u00bb alt=\u00bbastrofamilia\u00bb _builder_version=\u00bb4.16&#8243; _module_preset=\u00bbdefault\u00bb header_level=\u00bbh3&#8243; header_text_align=\u00bbcenter\u00bb custom_margin=\u00bb||14px|||\u00bb global_colors_info=\u00bb{}\u00bb][\/et_pb_blurb][et_pb_button button_url=\u00bb#astrofamilia\u00bb button_text=\u00bbm\u00e1s informaci\u00f3n\u00bb button_alignment=\u00bbcenter\u00bb _builder_version=\u00bb4.16&#8243; _module_preset=\u00bbdefault\u00bb custom_button=\u00bbon\u00bb button_text_size=\u00bb13px\u00bb button_text_color=\u00bb#ffffff\u00bb button_bg_color=\u00bb#d8b265&#8243; button_bg_enable_image=\u00bboff\u00bb button_border_width=\u00bb0px\u00bb button_border_radius=\u00bb5px\u00bb button_letter_spacing=\u00bb2px\u00bb button_font=\u00bbMuli|800||on|||||\u00bb button_icon=\u00bb&#x35;||divi||400&#8243; custom_padding=\u00bb7px|13px|7px|13px|true|true\u00bb box_shadow_style=\u00bbpreset3&#8243; box_shadow_color=\u00bbrgba(0,0,0,0.19)\u00bb locked=\u00bboff\u00bb global_colors_info=\u00bb{}\u00bb button_bg_color__hover=\u00bb#d8b672&#8243; button_bg_color__hover_enabled=\u00bbon|desktop\u00bb button_bg_enable_color__hover=\u00bbon\u00bb title_text__hover=\u00bbpsicopedagoga psicopedagogia terapeuta infantil adolescences adultos astrologia susanna arjona aria vital girona 34&#8243; button_bg_image__hover=\u00bbhttps:\/\/susannaarjona.com\/wp-content\/uploads\/2020\/10\/psicopedagoga-psicopedagogia-terapeuta-infantil-adolescences-adultos-astrologia-susanna-arjona-aria-vital-girona-34.png\u00bb button_bg_enable_image__hover=\u00bbon\u00bb][\/et_pb_button][\/et_pb_column][et_pb_column type=\u00bb1_4&#8243; _builder_version=\u00bb4.16&#8243; _module_preset=\u00bbdefault\u00bb global_colors_info=\u00bb{}\u00bb][et_pb_blurb title=\u00bbAstroRelaciones\u00bb image=\u00bbhttps:\/\/susannaarjona.com\/wp-content\/uploads\/2021\/01\/astrologi\u0301a-psicolo\u0301gica-relacional-astrorelaciones-susanna-arjona-ariavital-girona-online-71.jpg\u00bb alt=\u00bbastrorelaciones\u00bb _builder_version=\u00bb4.16&#8243; _module_preset=\u00bbdefault\u00bb header_level=\u00bbh3&#8243; header_text_align=\u00bbcenter\u00bb custom_margin=\u00bb||14px|||\u00bb global_colors_info=\u00bb{}\u00bb][\/et_pb_blurb][et_pb_button button_url=\u00bb#astrorelaciones\u00bb button_text=\u00bbm\u00e1s informaci\u00f3n\u00bb button_alignment=\u00bbcenter\u00bb _builder_version=\u00bb4.16&#8243; _module_preset=\u00bbdefault\u00bb custom_button=\u00bbon\u00bb button_text_size=\u00bb13px\u00bb button_text_color=\u00bb#ffffff\u00bb button_bg_color=\u00bb#d8b265&#8243; button_bg_enable_image=\u00bboff\u00bb button_border_width=\u00bb0px\u00bb button_border_radius=\u00bb5px\u00bb button_letter_spacing=\u00bb2px\u00bb button_font=\u00bbMuli|800||on|||||\u00bb button_icon=\u00bb&#x35;||divi||400&#8243; custom_padding=\u00bb7px|13px|7px|13px|true|true\u00bb box_shadow_style=\u00bbpreset3&#8243; box_shadow_color=\u00bbrgba(0,0,0,0.19)\u00bb locked=\u00bboff\u00bb global_colors_info=\u00bb{}\u00bb button_bg_color__hover=\u00bb#d8b672&#8243; button_bg_color__hover_enabled=\u00bbon|desktop\u00bb button_bg_enable_color__hover=\u00bbon\u00bb title_text__hover=\u00bbpsicopedagoga psicopedagogia terapeuta infantil adolescences adultos astrologia susanna arjona aria vital girona 34&#8243; button_bg_image__hover=\u00bbhttps:\/\/susannaarjona.com\/wp-content\/uploads\/2020\/10\/psicopedagoga-psicopedagogia-terapeuta-infantil-adolescences-adultos-astrologia-susanna-arjona-aria-vital-girona-34.png\u00bb button_bg_enable_image__hover=\u00bbon\u00bb][\/et_pb_button][\/et_pb_column][et_pb_column type=\u00bb1_4&#8243; _builder_version=\u00bb4.16&#8243; _module_preset=\u00bbdefault\u00bb global_colors_info=\u00bb{}\u00bb][et_pb_blurb title=\u00bbAstroEmpresa\u00bb image=\u00bbhttps:\/\/susannaarjona.com\/wp-content\/uploads\/2021\/01\/astrologi\u0301a-psicolo\u0301gica-de-empresa-astroempresa-susanna-arjona-ariavital-girona-online-69.jpg\u00bb alt=\u00bbastroempresa\u00bb _builder_version=\u00bb4.16&#8243; _module_preset=\u00bbdefault\u00bb header_level=\u00bbh3&#8243; header_text_align=\u00bbcenter\u00bb custom_margin=\u00bb||14px|||\u00bb global_colors_info=\u00bb{}\u00bb][\/et_pb_blurb][et_pb_button button_url=\u00bb#astroempresa\u00bb button_text=\u00bbm\u00e1s informaci\u00f3n\u00bb button_alignment=\u00bbcenter\u00bb _builder_version=\u00bb4.16&#8243; _module_preset=\u00bbdefault\u00bb custom_button=\u00bbon\u00bb button_text_size=\u00bb13px\u00bb button_text_color=\u00bb#ffffff\u00bb button_bg_color=\u00bb#d8b265&#8243; button_bg_enable_image=\u00bboff\u00bb button_border_width=\u00bb0px\u00bb button_border_radius=\u00bb5px\u00bb button_letter_spacing=\u00bb2px\u00bb button_font=\u00bbMuli|800||on|||||\u00bb button_icon=\u00bb&#x35;||divi||400&#8243; custom_padding=\u00bb7px|13px|7px|13px|true|true\u00bb box_shadow_style=\u00bbpreset3&#8243; box_shadow_color=\u00bbrgba(0,0,0,0.19)\u00bb locked=\u00bboff\u00bb global_colors_info=\u00bb{}\u00bb button_bg_color__hover=\u00bb#d8b672&#8243; button_bg_color__hover_enabled=\u00bbon|desktop\u00bb button_bg_enable_color__hover=\u00bbon\u00bb title_text__hover=\u00bbpsicopedagoga psicopedagogia terapeuta infantil adolescences adultos astrologia susanna arjona aria vital girona 34&#8243; button_bg_image__hover=\u00bbhttps:\/\/susannaarjona.com\/wp-content\/uploads\/2020\/10\/psicopedagoga-psicopedagogia-terapeuta-infantil-adolescences-adultos-astrologia-susanna-arjona-aria-vital-girona-34.png\u00bb button_bg_enable_image__hover=\u00bbon\u00bb][\/et_pb_button][\/et_pb_column][\/et_pb_row][\/et_pb_section][et_pb_section fb_built=\u00bb1&#8243; admin_label=\u00bbsolvital\u00bb module_id=\u00bbsolvital\u00bb _builder_version=\u00bb4.16&#8243; _module_preset=\u00bbdefault\u00bb custom_padding=\u00bb||68px|||\u00bb global_colors_info=\u00bb{}\u00bb][et_pb_row _builder_version=\u00bb4.16&#8243; _module_preset=\u00bbdefault\u00bb custom_margin=\u00bb||26px||false|false\u00bb custom_padding=\u00bb||1px|||\u00bb locked=\u00bboff\u00bb global_colors_info=\u00bb{}\u00bb][et_pb_column type=\u00bb4_4&#8243; _builder_version=\u00bb4.16&#8243; _module_preset=\u00bbdefault\u00bb global_colors_info=\u00bb{}\u00bb][dg_adh_heading title_prefix=\u00bbTu Sol\u00bb title_infix=\u00bbVital\u00bb _builder_version=\u00bb4.16&#8243; _module_preset=\u00bbdefault\u00bb title_level=\u00bbh2&#8243; title_text_align=\u00bbcenter\u00bb title_font_size=\u00bb40px\u00bb t_dual_text_color=\u00bb#9ed7cd\u00bb t_infix_font=\u00bbSusy||||||||\u00bb t_infix_text_color=\u00bb#cd5b3e\u00bb t_infix_font_size=\u00bb65px\u00bb global_colors_info=\u00bb{}\u00bb][\/dg_adh_heading][\/et_pb_column][\/et_pb_row][et_pb_row column_structure=\u00bb1_2,1_2&#8243; _builder_version=\u00bb4.16&#8243; _module_preset=\u00bbdefault\u00bb global_colors_info=\u00bb{}\u00bb][et_pb_column type=\u00bb1_2&#8243; _builder_version=\u00bb4.16&#8243; _module_preset=\u00bbdefault\u00bb global_colors_info=\u00bb{}\u00bb][et_pb_text _builder_version=\u00bb4.16&#8243; _module_preset=\u00bbdefault\u00bb global_colors_info=\u00bb{}\u00bb]<\/p>\n<p><strong>\u00bfQuieres saber qu\u00e9 puedes aportar al mundo? \u00bfQuieres conocer cu\u00e1l es tu misi\u00f3n en la vida? \u00bfY para qu\u00e9 has nacido<\/strong><\/p>\n<p>Estas preguntas y otras muchas, surgen a menudo en relaci\u00f3n a la profesi\u00f3n y otros aspectos de nuestra vida. Vocaci\u00f3n y profesi\u00f3n no son lo mismo, pero es habitual en las personas cuando llega un momento concreto en su vida, en que quieren cambiar de estilo vital, de proyectos o hay algo en ellos que les pide cambiar de direcci\u00f3n.<\/p>\n<p><strong>Analizando tu carta natal podemos confirmar si vas por buen camino, un camino sano para ti, para tu entorno y que te haga sentir en plenitud<\/strong>. O descubrir caminos que a\u00fan no has tenido en cuenta o desarrollado en tu vida.<\/p>\n<p>Lo m\u00e1s importante es: \u00bfqu\u00e9 te pide el sol?, cuales son tus dones, talentos y capacidades y d\u00f3nde la vida te pide que los apliques.<\/p>\n<p><strong>Tu sol vital junto con otros aspectos, es un camino de realizaci\u00f3n personal.<\/strong><\/p>\n<p>[\/et_pb_text][\/et_pb_column][et_pb_column type=\u00bb1_2&#8243; _builder_version=\u00bb4.16&#8243; _module_preset=\u00bbdefault\u00bb global_colors_info=\u00bb{}\u00bb][et_pb_image src=\u00bbhttps:\/\/susannaarjona.com\/wp-content\/uploads\/2021\/01\/astrologi\u0301a-psicolo\u0301gica-tu-sol-vital-susanna-arjona-ariavital-girona-online-72.jpg\u00bb alt=\u00bbtu sol vital\u00bb title_text=\u00bbtu sol vital\u00bb _builder_version=\u00bb4.16&#8243; _module_preset=\u00bbdefault\u00bb global_colors_info=\u00bb{}\u00bb][\/et_pb_image][et_pb_accordion _builder_version=\u00bb4.16&#8243; _module_preset=\u00bb9900ffb5-0157-4c6d-b648-638d709276ec\u00bb global_colors_info=\u00bb{}\u00bb][et_pb_accordion_item title=\u00bbIndagaremos en:\u00bb open=\u00bbon\u00bb _builder_version=\u00bb4.16&#8243; _module_preset=\u00bbdefault\u00bb global_colors_info=\u00bb{}\u00bb]<\/p>\n<ul>\n<li>Tus dones, virtudes y capacidades.<\/li>\n<li>Profesiones que se pueden adaptar mejor a t\u00ed.<\/li>\n<li>En qu\u00e9 contextos desarrollarlos mejor.<\/li>\n<li>Qu\u00e9 te limita para llegar a tu \u00e9xito personal.<\/li>\n<li>Si existen puntos ciegos o aspectos que no ves o no reconoces que te dificultan tu desarrollo personal.<\/li>\n<li>Responderemos a tus preguntas<\/li>\n<li>\u00bfC\u00f3mo es tu relaci\u00f3n con la abundancia y el dinero?<\/li>\n<li>\u00bfTe permites brillar? \u00bfY ser creativx?<\/li>\n<\/ul>\n<p>En este estudio tambi\u00e9n es para reconocer tus aspectos o tesoros ocultos, miedos y dependencias, las sombras del car\u00e1cter, d\u00f3nde te limitas, donde dejas que los dem\u00e1s te limiten y qu\u00e9 hacer con todo eso.<\/p>\n<p>Es este estudio te comprender\u00e1s, aprender\u00e1s a acompa\u00f1arte y tratarte bien en el proceso de ser t\u00fa mismo\/ t\u00fa misma.<\/p>\n<p>En el estudio de <strong>\u00abTu Sol Vital\u00bb<\/strong> se incluyen, adem\u00e1s, dos <strong>sesiones de Coaching de Vida Generativo<\/strong> para, a lo largo de 6 semanas, realizar las dos sesiones con tu carta, tu revoluci\u00f3n solar en ese momento y las dos sesiones para marcar tus objetivos a medio y largo plazo con un plan de acci\u00f3n.<\/p>\n<p>As\u00ed te acompa\u00f1amos durante algunas semanas a llegar hasta lo que te propones, analizar lo que te limita y que se haga realidad Tu Sol Vital.<\/p>\n<p><strong>Cuando t\u00fa brillas, \u00a1el mundo brilla tambi\u00e9n!<\/strong><\/p>\n<p>&nbsp;<\/p>\n<p>[\/et_pb_accordion_item][\/et_pb_accordion][\/et_pb_column][\/et_pb_row][et_pb_row _builder_version=\u00bb4.16&#8243; _module_preset=\u00bbdefault\u00bb global_colors_info=\u00bb{}\u00bb][et_pb_column type=\u00bb4_4&#8243; _builder_version=\u00bb4.16&#8243; _module_preset=\u00bbdefault\u00bb global_colors_info=\u00bb{}\u00bb][et_pb_button button_url=\u00bb#contacto\u00bb button_text=\u00bbsolicitar consulta\u00bb _builder_version=\u00bb4.16&#8243; _module_preset=\u00bb3ed7a36f-3d8b-486a-a339-c2b3648d9b6e\u00bb global_colors_info=\u00bb{}\u00bb][\/et_pb_button][\/et_pb_column][\/et_pb_row][\/et_pb_section][et_pb_section fb_built=\u00bb1&#8243; next_background_color=\u00bb#ffffff\u00bb admin_label=\u00bbastrofamilia\u00bb module_id=\u00bbastrofamilia\u00bb _builder_version=\u00bb4.16&#8243; _module_preset=\u00bbdefault\u00bb background_color=\u00bb#FBF6EC\u00bb use_background_color_gradient=\u00bbon\u00bb background_color_gradient_direction=\u00bb90deg\u00bb background_color_gradient_stops=\u00bb#fbf6ec 0%|rgba(251,246,236,0.92) 100%\u00bb background_color_gradient_overlays_image=\u00bbon\u00bb background_color_gradient_start=\u00bb#fbf6ec\u00bb background_color_gradient_end=\u00bbrgba(251,246,236,0.92)\u00bb background_size=\u00bbinitial\u00bb custom_padding=\u00bb84px||133px||false|\u00bb bottom_divider_style=\u00bbasymmetric2&#8243; global_colors_info=\u00bb{}\u00bb][et_pb_row _builder_version=\u00bb4.16&#8243; _module_preset=\u00bbdefault\u00bb custom_margin=\u00bb||26px||false|false\u00bb custom_padding=\u00bb||1px|||\u00bb locked=\u00bboff\u00bb global_colors_info=\u00bb{}\u00bb][et_pb_column type=\u00bb4_4&#8243; _builder_version=\u00bb4.16&#8243; _module_preset=\u00bbdefault\u00bb global_colors_info=\u00bb{}\u00bb][dg_adh_heading title_prefix=\u00bbAstro\u00bb title_infix=\u00bbFamilia\u00bb _builder_version=\u00bb4.16&#8243; _module_preset=\u00bbdefault\u00bb title_level=\u00bbh2&#8243; title_text_align=\u00bbcenter\u00bb title_font_size=\u00bb40px\u00bb t_dual_text_color=\u00bb#9ed7cd\u00bb t_infix_font=\u00bbSusy||||||||\u00bb t_infix_text_color=\u00bb#cd5b3e\u00bb t_infix_font_size=\u00bb65px\u00bb global_colors_info=\u00bb{}\u00bb][\/dg_adh_heading][\/et_pb_column][\/et_pb_row][et_pb_row column_structure=\u00bb1_2,1_2&#8243; _builder_version=\u00bb4.16&#8243; _module_preset=\u00bbdefault\u00bb global_colors_info=\u00bb{}\u00bb][et_pb_column type=\u00bb1_2&#8243; _builder_version=\u00bb4.16&#8243; _module_preset=\u00bbdefault\u00bb global_colors_info=\u00bb{}\u00bb][et_pb_text _builder_version=\u00bb4.16&#8243; _module_preset=\u00bbdefault\u00bb global_colors_info=\u00bb{}\u00bb]<\/p>\n<p><strong>Tus v\u00ednculos son muy importantes en tu vida.<\/strong> Incluso podemos definirnos a trav\u00e9s de nuestros v\u00ednculos y las personas con las que nos relacionamos.<\/p>\n<p>\u00bfQuieres aprender a relacionarte de forma sana y saludable con tus seres queridos?<\/p>\n<p>\u00bfTe gustar\u00eda conocer m\u00e1s a tu hijxs y aprender a conocer sus necesidades y tambi\u00e9n virtudes?<\/p>\n<p>\u00bfC\u00f3mo sois tu pareja y t\u00fa como padres?.<\/p>\n<p>Descubrir en qu\u00e9 puntos brillais y en qu\u00e9 puntos pod\u00e9is mejorar es la mejor inversi\u00f3n para la educaci\u00f3n de vuestros hijxs y vuestra abundancia como familia.<\/p>\n<p>[\/et_pb_text][\/et_pb_column][et_pb_column type=\u00bb1_2&#8243; _builder_version=\u00bb4.16&#8243; _module_preset=\u00bbdefault\u00bb global_colors_info=\u00bb{}\u00bb][et_pb_image src=\u00bbhttps:\/\/susannaarjona.com\/wp-content\/uploads\/2021\/01\/astrologi\u0301a-psicolo\u0301gica-de-familia-astrofamilia-susanna-arjona-ariavital-girona-online-70.jpg\u00bb alt=\u00bbastrofamilia\u00bb title_text=\u00bbastrofamilia\u00bb _builder_version=\u00bb4.16&#8243; _module_preset=\u00bbdefault\u00bb global_colors_info=\u00bb{}\u00bb][\/et_pb_image][et_pb_accordion _builder_version=\u00bb4.16&#8243; _module_preset=\u00bb9900ffb5-0157-4c6d-b648-638d709276ec\u00bb global_colors_info=\u00bb{}\u00bb][et_pb_accordion_item title=\u00bbIndagaremos en:\u00bb open=\u00bbon\u00bb _builder_version=\u00bb4.16&#8243; _module_preset=\u00bbdefault\u00bb global_colors_info=\u00bb{}\u00bb]<\/p>\n<ul>\n<li>Autoestima familiar: c\u00f3mo conseguir que todos form\u00e9is parte de la familia con aceptaci\u00f3n y respeto.<\/li>\n<li>Dones y virtudes de tus relaciones familiares.<\/li>\n<li>\u00bfQu\u00e9 necesitas estando en relaci\u00f3n<\/li>\n<li>\u00bfQu\u00e9 necesitan tus seres queridos?<\/li>\n<li>A nivel emocional, intelectual y corporal, \u00bfcuales son vuestras necesidades?<\/li>\n<li>Indagaremos tambi\u00e9n en las sinastrias y cartas compuestas de los diferentes familiares para conocer aspectos que se dan en vosotros cuando est\u00e1is juntos.<\/li>\n<\/ul>\n<p>Familias de colores, \u00a1familias aut\u00e9nticas!<\/p>\n<p>&nbsp;<\/p>\n<p>[\/et_pb_accordion_item][\/et_pb_accordion][\/et_pb_column][\/et_pb_row][et_pb_row _builder_version=\u00bb4.16&#8243; _module_preset=\u00bbdefault\u00bb global_colors_info=\u00bb{}\u00bb][et_pb_column type=\u00bb4_4&#8243; _builder_version=\u00bb4.16&#8243; _module_preset=\u00bbdefault\u00bb global_colors_info=\u00bb{}\u00bb][et_pb_button button_url=\u00bb#contacto\u00bb button_text=\u00bbsolicitar consulta\u00bb _builder_version=\u00bb4.16&#8243; _module_preset=\u00bb3ed7a36f-3d8b-486a-a339-c2b3648d9b6e\u00bb global_colors_info=\u00bb{}\u00bb][\/et_pb_button][\/et_pb_column][\/et_pb_row][\/et_pb_section][et_pb_section fb_built=\u00bb1&#8243; admin_label=\u00bbastrorelaciones\u00bb module_id=\u00bbastrorelaciones\u00bb _builder_version=\u00bb4.16&#8243; _module_preset=\u00bbdefault\u00bb global_colors_info=\u00bb{}\u00bb][et_pb_row _builder_version=\u00bb4.16&#8243; _module_preset=\u00bbdefault\u00bb custom_margin=\u00bb||26px||false|false\u00bb custom_padding=\u00bb||1px|||\u00bb locked=\u00bboff\u00bb global_colors_info=\u00bb{}\u00bb][et_pb_column type=\u00bb4_4&#8243; _builder_version=\u00bb4.16&#8243; _module_preset=\u00bbdefault\u00bb global_colors_info=\u00bb{}\u00bb][dg_adh_heading title_prefix=\u00bbAstro\u00bb title_infix=\u00bbRelaciones\u00bb _builder_version=\u00bb4.16&#8243; _module_preset=\u00bbdefault\u00bb title_level=\u00bbh2&#8243; title_text_align=\u00bbcenter\u00bb title_font_size=\u00bb40px\u00bb t_dual_text_color=\u00bb#9ed7cd\u00bb t_infix_font=\u00bbSusy||||||||\u00bb t_infix_text_color=\u00bb#cd5b3e\u00bb t_infix_font_size=\u00bb65px\u00bb global_colors_info=\u00bb{}\u00bb][\/dg_adh_heading][\/et_pb_column][\/et_pb_row][et_pb_row column_structure=\u00bb1_2,1_2&#8243; _builder_version=\u00bb4.16&#8243; _module_preset=\u00bbdefault\u00bb global_colors_info=\u00bb{}\u00bb][et_pb_column type=\u00bb1_2&#8243; _builder_version=\u00bb4.16&#8243; _module_preset=\u00bbdefault\u00bb global_colors_info=\u00bb{}\u00bb][et_pb_text _builder_version=\u00bb4.16&#8243; _module_preset=\u00bbdefault\u00bb global_colors_info=\u00bb{}\u00bb]<\/p>\n<p>\u00bfC\u00f3mo te relacionas con tu pareja?<br \/> \u00bfQuieres pareja pero no acabas de encontrar a la persona adecuada?<br \/> \u00bfQu\u00e9 te pasa cuando est\u00e1s en pareja?<\/p>\n<p>La pareja, ese lugar a veces tan placentero y a veces tan inc\u00f3modo pero del que aprendemos tanto. Aunque tus relaciones no tan s\u00f3lo son la pareja, sino tambi\u00e9n tus amigos y tus compa\u00f1eros de trabajo, en definitiva las personas con las que te \u201casocias\u201d de alguna manera. Las emociones son una maravilla pero tambi\u00e9n a menudo muy enigm\u00e1ticas en los que mensajes que te aportan o en las dificultades que te ponen delante y que, con conciencia, intentas resolver.<br \/> Pero adem\u00e1s tambi\u00e9n hablamos de la relaci\u00f3n contigo mismx, con tu parte masculina y tu parte femenina.<\/p>\n<p>&nbsp;<\/p>\n<p>[\/et_pb_text][\/et_pb_column][et_pb_column type=\u00bb1_2&#8243; _builder_version=\u00bb4.16&#8243; _module_preset=\u00bbdefault\u00bb global_colors_info=\u00bb{}\u00bb][et_pb_image src=\u00bbhttps:\/\/susannaarjona.com\/wp-content\/uploads\/2021\/01\/astrologi\u0301a-psicolo\u0301gica-relacional-astrorelaciones-susanna-arjona-ariavital-girona-online-71.jpg\u00bb alt=\u00bbastrorelaciones\u00bb title_text=\u00bbastrorelaciones\u00bb _builder_version=\u00bb4.16&#8243; _module_preset=\u00bbdefault\u00bb global_colors_info=\u00bb{}\u00bb][\/et_pb_image][et_pb_accordion _builder_version=\u00bb4.16&#8243; _module_preset=\u00bb9900ffb5-0157-4c6d-b648-638d709276ec\u00bb global_colors_info=\u00bb{}\u00bb][et_pb_accordion_item title=\u00bbIndagaremos en:\u00bb open=\u00bbon\u00bb _builder_version=\u00bb4.16&#8243; _module_preset=\u00bbdefault\u00bb global_colors_info=\u00bb{}\u00bb]<\/p>\n<ul>\n<li>En tu parte masculina, para conocer c\u00f3mo sales al mundo, c\u00f3mo conquistas, c\u00f3mo accionas, c\u00f3mo te mueves y qu\u00e9 necesitas.<\/li>\n<li>Tambi\u00e9n conversaremos con tu parte femenina y sus diferentes facetas. Qu\u00e9 relaci\u00f3n tienes con el deseo, el placer, la sensualidad, la sexualidad, la ternura.<\/li>\n<\/ul>\n<p>La idea siempre es el equilibrio entre ambas, que puedas atenderlas y atenderte, que conozcas tus energ\u00edas internas y tus arquetipos (seg\u00fan el lenguaje Jungiano), para crecer y desarrollarte como persona y poder acceder a tu potencial interno y externo.<\/p>\n<p>Que tus relaciones te ayuden a crecer y ayudes a crecer!<\/p>\n<p>&nbsp;<\/p>\n<p>[\/et_pb_accordion_item][\/et_pb_accordion][\/et_pb_column][\/et_pb_row][et_pb_row _builder_version=\u00bb4.16&#8243; _module_preset=\u00bbdefault\u00bb global_colors_info=\u00bb{}\u00bb][et_pb_column type=\u00bb4_4&#8243; _builder_version=\u00bb4.16&#8243; _module_preset=\u00bbdefault\u00bb global_colors_info=\u00bb{}\u00bb][et_pb_button button_url=\u00bb#contacto\u00bb button_text=\u00bbsolicitar consulta\u00bb _builder_version=\u00bb4.16&#8243; _module_preset=\u00bb3ed7a36f-3d8b-486a-a339-c2b3648d9b6e\u00bb global_colors_info=\u00bb{}\u00bb][\/et_pb_button][\/et_pb_column][\/et_pb_row][\/et_pb_section][et_pb_section fb_built=\u00bb1&#8243; next_background_color=\u00bb#ffffff\u00bb admin_label=\u00bbastroempresa\u00bb module_id=\u00bbastroempresa\u00bb _builder_version=\u00bb4.16&#8243; _module_preset=\u00bbdefault\u00bb background_color=\u00bb#FBF6EC\u00bb use_background_color_gradient=\u00bbon\u00bb background_color_gradient_direction=\u00bb90deg\u00bb background_color_gradient_stops=\u00bb#fbf6ec 0%|rgba(251,246,236,0.92) 100%\u00bb background_color_gradient_overlays_image=\u00bbon\u00bb background_color_gradient_start=\u00bb#fbf6ec\u00bb background_color_gradient_end=\u00bbrgba(251,246,236,0.92)\u00bb background_size=\u00bbinitial\u00bb custom_padding=\u00bb84px||133px||false|\u00bb bottom_divider_style=\u00bbasymmetric2&#8243; global_colors_info=\u00bb{}\u00bb][et_pb_row _builder_version=\u00bb4.16&#8243; _module_preset=\u00bbdefault\u00bb custom_margin=\u00bb||26px||false|false\u00bb custom_padding=\u00bb||1px|||\u00bb locked=\u00bboff\u00bb global_colors_info=\u00bb{}\u00bb][et_pb_column type=\u00bb4_4&#8243; _builder_version=\u00bb4.16&#8243; _module_preset=\u00bbdefault\u00bb global_colors_info=\u00bb{}\u00bb][dg_adh_heading title_prefix=\u00bbAstro\u00bb title_infix=\u00bbEmpresa\u00bb _builder_version=\u00bb4.16&#8243; _module_preset=\u00bbdefault\u00bb title_level=\u00bbh2&#8243; title_text_align=\u00bbcenter\u00bb title_font_size=\u00bb40px\u00bb t_dual_text_color=\u00bb#9ed7cd\u00bb t_infix_font=\u00bbSusy||||||||\u00bb t_infix_text_color=\u00bb#cd5b3e\u00bb t_infix_font_size=\u00bb65px\u00bb global_colors_info=\u00bb{}\u00bb][\/dg_adh_heading][\/et_pb_column][\/et_pb_row][et_pb_row column_structure=\u00bb1_2,1_2&#8243; _builder_version=\u00bb4.16&#8243; _module_preset=\u00bbdefault\u00bb global_colors_info=\u00bb{}\u00bb][et_pb_column type=\u00bb1_2&#8243; _builder_version=\u00bb4.16&#8243; _module_preset=\u00bbdefault\u00bb global_colors_info=\u00bb{}\u00bb][et_pb_text _builder_version=\u00bb4.16&#8243; _module_preset=\u00bbdefault\u00bb global_colors_info=\u00bb{}\u00bb]<\/p>\n<p>Consigue que tu empresa crezca, tenga valor y te aporte lo que buscas.<br \/> Conoc\u00e9la al mismo tiempo que te conoces a t\u00ed.<\/p>\n<p>\u00bfCual es el sentido profundo de tu empresa?<br \/> \u00bfQu\u00e9 valores tiene?<br \/> \u00bfC\u00f3mo conseguir que produzca y tenga valor social al mismo tiempo?<br \/> \u00bfC\u00f3mo puedes triunfar a nivel profesional a trav\u00e9s de tu proyecto?<br \/> \u00bfQuieres empezar un proyecto? \u00bfTienes una idea que quieres hacer realidad?<\/p>\n<p>&nbsp;<\/p>\n<p>[\/et_pb_text][\/et_pb_column][et_pb_column type=\u00bb1_2&#8243; _builder_version=\u00bb4.16&#8243; _module_preset=\u00bbdefault\u00bb global_colors_info=\u00bb{}\u00bb][et_pb_image src=\u00bbhttps:\/\/susannaarjona.com\/wp-content\/uploads\/2021\/01\/astrologi\u0301a-psicolo\u0301gica-de-empresa-astroempresa-susanna-arjona-ariavital-girona-online-69.jpg\u00bb alt=\u00bbastroempresa\u00bb title_text=\u00bbastrologi\u0301a psicolo\u0301gica de empresa astroempresa susanna arjona ariavital girona online 69&#8243; _builder_version=\u00bb4.16&#8243; _module_preset=\u00bbdefault\u00bb global_colors_info=\u00bb{}\u00bb][\/et_pb_image][et_pb_accordion _builder_version=\u00bb4.16&#8243; _module_preset=\u00bb9900ffb5-0157-4c6d-b648-638d709276ec\u00bb global_colors_info=\u00bb{}\u00bb][et_pb_accordion_item title=\u00bbIndagaremos en:\u00bb open=\u00bbon\u00bb _builder_version=\u00bb4.16&#8243; _module_preset=\u00bbdefault\u00bb global_colors_info=\u00bb{}\u00bb]<\/p>\n<ul>\n<li>Descubre las claves para construir, desarrollar y sostener tu proyecto profesional o empresarial.<\/li>\n<li>Descubriremos juntxs el alma y el valor de tu empresa, qu\u00e9 necesita, qu\u00e9 personas son las ideales para trabajar contigo, en qu\u00e9 contextos y con qu\u00e9 p\u00fablico necesitas contactar.<\/li>\n<li>Si no tienes a\u00fan una organizaci\u00f3n, empresa o proyecto profesional podemos acompa\u00f1arte a desarrollar esa idea o sue\u00f1o que tienes en la mente y el coraz\u00f3n, valorar contigo si es viable y de qu\u00e9 forma.<\/li>\n<li>Si ya est\u00e1s en un proyecto y con un equipo, te acompa\u00f1amos a crear sinergias con ellos, crecer y ser una empresa sostenible, respetuosa y productiva.<\/li>\n<\/ul>\n<p><strong>Empresas y proyectos con alma, \u00a1empresas y proyectos con futuro!<\/strong><\/p>\n<p>&nbsp;<\/p>\n<p>[\/et_pb_accordion_item][\/et_pb_accordion][\/et_pb_column][\/et_pb_row][et_pb_row _builder_version=\u00bb4.16&#8243; _module_preset=\u00bbdefault\u00bb global_colors_info=\u00bb{}\u00bb][et_pb_column type=\u00bb4_4&#8243; _builder_version=\u00bb4.16&#8243; _module_preset=\u00bbdefault\u00bb global_colors_info=\u00bb{}\u00bb][et_pb_button button_url=\u00bb#contacto\u00bb button_text=\u00bbsolicitar consulta\u00bb _builder_version=\u00bb4.16&#8243; _module_preset=\u00bb3ed7a36f-3d8b-486a-a339-c2b3648d9b6e\u00bb global_colors_info=\u00bb{}\u00bb][\/et_pb_button][\/et_pb_column][\/et_pb_row][\/et_pb_section][et_pb_section fb_built=\u00bb1&#8243; _builder_version=\u00bb4.16&#8243; _module_preset=\u00bbdefault\u00bb global_colors_info=\u00bb{}\u00bb][et_pb_row _builder_version=\u00bb4.16&#8243; _module_preset=\u00bbdefault\u00bb custom_margin=\u00bb||26px||false|false\u00bb custom_padding=\u00bb||1px|||\u00bb locked=\u00bboff\u00bb global_colors_info=\u00bb{}\u00bb][et_pb_column type=\u00bb4_4&#8243; _builder_version=\u00bb4.16&#8243; _module_preset=\u00bbdefault\u00bb global_colors_info=\u00bb{}\u00bb][dg_adh_heading title_prefix=\u00bbQu\u00e9 incluyen los \u00bb title_infix=\u00bbconjuntos\u00bb title_suffix=\u00bbastrol\u00f3gicos\u00bb _builder_version=\u00bb4.16&#8243; _module_preset=\u00bbdefault\u00bb title_level=\u00bbh2&#8243; title_text_align=\u00bbcenter\u00bb title_font_size=\u00bb40px\u00bb t_dual_text_color=\u00bb#9ed7cd\u00bb t_infix_font=\u00bbSusy||||||||\u00bb t_infix_text_color=\u00bb#cd5b3e\u00bb t_infix_font_size=\u00bb65px\u00bb global_colors_info=\u00bb{}\u00bb][\/dg_adh_heading][\/et_pb_column][\/et_pb_row][et_pb_row column_structure=\u00bb1_2,1_2&#8243; _builder_version=\u00bb4.16&#8243; _module_preset=\u00bbdefault\u00bb global_colors_info=\u00bb{}\u00bb][et_pb_column type=\u00bb1_2&#8243; _builder_version=\u00bb4.16&#8243; _module_preset=\u00bbdefault\u00bb global_colors_info=\u00bb{}\u00bb][et_pb_blurb image=\u00bbhttps:\/\/susannaarjona.com\/wp-content\/uploads\/2020\/10\/psicopedagoga-psicopedagogia-terapeuta-infantil-adolescences-adultos-astrologia-susanna-arjona-aria-vital-girona-34.png\u00bb icon_placement=\u00bbleft\u00bb _builder_version=\u00bb4.16&#8243; _module_preset=\u00bbdefault\u00bb header_level=\u00bbh5&#8243; header_font=\u00bbYeseva One||||||||\u00bb animation_style=\u00bbslide\u00bb animation_direction=\u00bbleft\u00bb animation_intensity_slide=\u00bb5%\u00bb animation=\u00bbleft\u00bb motion_trigger_start=\u00bbbottom\u00bb locked=\u00bboff\u00bb global_colors_info=\u00bb{}\u00bb]<\/p>\n<p>Un peque\u00f1o formulario para conocerte y saber qu\u00e9 \u00e1reas o cuestiones necesitas conocer m\u00e1s.<\/p>\n<p>[\/et_pb_blurb][et_pb_blurb image=\u00bbhttps:\/\/susannaarjona.com\/wp-content\/uploads\/2020\/10\/psicopedagoga-psicopedagogia-terapeuta-infantil-adolescences-adultos-astrologia-susanna-arjona-aria-vital-girona-34.png\u00bb icon_placement=\u00bbleft\u00bb _builder_version=\u00bb4.16&#8243; _module_preset=\u00bbdefault\u00bb header_level=\u00bbh5&#8243; header_font=\u00bbYeseva One||||||||\u00bb animation_style=\u00bbslide\u00bb animation_direction=\u00bbleft\u00bb animation_intensity_slide=\u00bb5%\u00bb animation=\u00bbleft\u00bb motion_trigger_start=\u00bbbottom\u00bb locked=\u00bboff\u00bb global_colors_info=\u00bb{}\u00bb]<\/p>\n<p>El estudio psico-astrol\u00f3gico de tu carta natal y en el caso del pack familiar o el relacional, se incluye tambi\u00e9n el estudio de las cartas compuestas con las personas con quienes te relacionas.<\/p>\n<p>[\/et_pb_blurb][et_pb_blurb image=\u00bbhttps:\/\/susannaarjona.com\/wp-content\/uploads\/2020\/10\/psicopedagoga-psicopedagogia-terapeuta-infantil-adolescences-adultos-astrologia-susanna-arjona-aria-vital-girona-34.png\u00bb icon_placement=\u00bbleft\u00bb _builder_version=\u00bb4.19.4&#8243; _module_preset=\u00bbdefault\u00bb header_level=\u00bbh5&#8243; header_font=\u00bbYeseva One||||||||\u00bb animation_style=\u00bbslide\u00bb animation_direction=\u00bbleft\u00bb animation_intensity_slide=\u00bb5%\u00bb animation=\u00bbleft\u00bb motion_trigger_start=\u00bbbottom\u00bb locked=\u00bboff\u00bb global_colors_info=\u00bb{}\u00bb]<\/p>\n<p>Dos sesiones individuales, de 75 minutos cada una, para comentar tu carta natal y tus necesidades.<\/p>\n<p>[\/et_pb_blurb][\/et_pb_column][et_pb_column type=\u00bb1_2&#8243; _builder_version=\u00bb4.16&#8243; _module_preset=\u00bbdefault\u00bb global_colors_info=\u00bb{}\u00bb][et_pb_blurb image=\u00bbhttps:\/\/susannaarjona.com\/wp-content\/uploads\/2020\/10\/psicopedagoga-psicopedagogia-terapeuta-infantil-adolescences-adultos-astrologia-susanna-arjona-aria-vital-girona-34.png\u00bb icon_placement=\u00bbleft\u00bb _builder_version=\u00bb4.16&#8243; _module_preset=\u00bbdefault\u00bb header_level=\u00bbh5&#8243; header_font=\u00bbYeseva One||||||||\u00bb animation_style=\u00bbslide\u00bb animation_direction=\u00bbleft\u00bb animation_intensity_slide=\u00bb5%\u00bb animation=\u00bbleft\u00bb motion_trigger_start=\u00bbbottom\u00bb locked=\u00bboff\u00bb global_colors_info=\u00bb{}\u00bb]<\/p>\n<p>Las sesiones ser\u00e1n grabadas, tanto si son online como presenciales para que puedas acceder a ellas y revisarlas cuando quieras o necesites.<\/p>\n<p>[\/et_pb_blurb][et_pb_blurb image=\u00bbhttps:\/\/susannaarjona.com\/wp-content\/uploads\/2020\/10\/psicopedagoga-psicopedagogia-terapeuta-infantil-adolescences-adultos-astrologia-susanna-arjona-aria-vital-girona-34.png\u00bb icon_placement=\u00bbleft\u00bb _builder_version=\u00bb4.16&#8243; _module_preset=\u00bbdefault\u00bb header_level=\u00bbh5&#8243; header_font=\u00bbYeseva One||||||||\u00bb animation_style=\u00bbslide\u00bb animation_direction=\u00bbleft\u00bb animation_intensity_slide=\u00bb5%\u00bb animation=\u00bbleft\u00bb motion_trigger_start=\u00bbbottom\u00bb locked=\u00bboff\u00bb global_colors_info=\u00bb{}\u00bb]<\/p>\n<p>Un informe en PDF con los principales aspectos comentados y analizados y con un peque\u00f1o plan de acci\u00f3n para t\u00ed y tu futuro saludable.<\/p>\n<p>[\/et_pb_blurb][et_pb_blurb image=\u00bbhttps:\/\/susannaarjona.com\/wp-content\/uploads\/2020\/10\/psicopedagoga-psicopedagogia-terapeuta-infantil-adolescences-adultos-astrologia-susanna-arjona-aria-vital-girona-34.png\u00bb icon_placement=\u00bbleft\u00bb _builder_version=\u00bb4.16&#8243; _module_preset=\u00bbdefault\u00bb header_level=\u00bbh5&#8243; header_font=\u00bbYeseva One||||||||\u00bb animation_style=\u00bbslide\u00bb animation_direction=\u00bbleft\u00bb animation_intensity_slide=\u00bb5%\u00bb animation=\u00bbleft\u00bb motion_trigger_start=\u00bbbottom\u00bb locked=\u00bboff\u00bb global_colors_info=\u00bb{}\u00bb]<\/p>\n<p>Existe la posibilidad posterior de realizar sesiones de Coaching de Vida Generativo para seguir trabajando contigo en lo que necesitas o asesorarte en tu proceso de cambio y transformaci\u00f3n.<\/p>\n<p>[\/et_pb_blurb][\/et_pb_column][\/et_pb_row][\/et_pb_section][et_pb_section fb_built=\u00bb1&#8243; _builder_version=\u00bb4.16&#8243; _module_preset=\u00bbdefault\u00bb global_colors_info=\u00bb{}\u00bb][et_pb_row _builder_version=\u00bb4.16&#8243; _module_preset=\u00bbdefault\u00bb global_colors_info=\u00bb{}\u00bb][et_pb_column type=\u00bb4_4&#8243; _builder_version=\u00bb4.16&#8243; _module_preset=\u00bbdefault\u00bb global_colors_info=\u00bb{}\u00bb][et_pb_text _builder_version=\u00bb4.16&#8243; _module_preset=\u00bbdefault\u00bb global_colors_info=\u00bb{}\u00bb][\/et_pb_text][\/et_pb_column][\/et_pb_row][\/et_pb_section][et_pb_section fb_built=\u00bb1&#8243; admin_label=\u00bbcontacto\u00bb module_id=\u00bbcontacto\u00bb _builder_version=\u00bb4.16&#8243; _module_preset=\u00bbdefault\u00bb background_color=\u00bb#9ed7cd\u00bb background_enable_color=\u00bboff\u00bb use_background_color_gradient=\u00bbon\u00bb background_color_gradient_direction=\u00bb90deg\u00bb background_color_gradient_stops=\u00bb#ddc07c 83%|rgba(221,192,124,0.61) 100%\u00bb background_color_gradient_start=\u00bb#ddc07c\u00bb background_color_gradient_start_position=\u00bb83%\u00bb background_color_gradient_end=\u00bbrgba(221,192,124,0.61)\u00bb custom_padding=\u00bb113px||113px||true|\u00bb top_divider_style=\u00bbasymmetric2&#8243; top_divider_color=\u00bb#FFFFFF\u00bb top_divider_height=\u00bb78px\u00bb top_divider_flip=\u00bbvertical|horizontal\u00bb locked=\u00bboff\u00bb global_colors_info=\u00bb{}\u00bb][et_pb_row _builder_version=\u00bb4.16&#8243; _module_preset=\u00bbdefault\u00bb custom_margin=\u00bb|auto|48px|auto|false|false\u00bb custom_padding=\u00bb||1px|||\u00bb locked=\u00bboff\u00bb global_colors_info=\u00bb{}\u00bb][et_pb_column type=\u00bb4_4&#8243; _builder_version=\u00bb4.16&#8243; _module_preset=\u00bbdefault\u00bb global_colors_info=\u00bb{}\u00bb][dg_adh_heading title_prefix=\u00bbContacta para\u00bb title_infix=\u00bbsolicitar\u00bb title_suffix=\u00bbtu consulta\u00bb _builder_version=\u00bb4.16&#8243; _module_preset=\u00bbdefault\u00bb title_level=\u00bbh2&#8243; title_text_align=\u00bbcenter\u00bb title_text_color=\u00bb#FFFFFF\u00bb title_font_size=\u00bb40px\u00bb t_dual_text_color=\u00bb#FFFFFF\u00bb t_prefix_text_color=\u00bb#FFFFFF\u00bb t_infix_font=\u00bbSusy||||||||\u00bb t_infix_text_color=\u00bb#FFFFFF\u00bb t_infix_font_size=\u00bb65px\u00bb custom_margin=\u00bb||3px|||\u00bb global_colors_info=\u00bb{}\u00bb][\/dg_adh_heading][et_pb_text _builder_version=\u00bb4.19.4&#8243; _module_preset=\u00bbdefault\u00bb text_font_size=\u00bb19px\u00bb background_layout=\u00bbdark\u00bb global_colors_info=\u00bb{}\u00bb]<\/p>\n<p style=\"text-align: center;\">Escr\u00edbenos en el siguiente formulario de contacto para solicitar tu consulta o m\u00e1s informaci\u00f3n sobre la astrolog\u00eda psicol\u00f3gica y la carta natal.<\/p>\n<p>[\/et_pb_text][\/et_pb_column][\/et_pb_row][et_pb_row column_structure=\u00bb2_5,3_5&#8243; _builder_version=\u00bb4.16&#8243; _module_preset=\u00bbdefault\u00bb global_colors_info=\u00bb{}\u00bb][et_pb_column type=\u00bb2_5&#8243; _builder_version=\u00bb4.16&#8243; _module_preset=\u00bbdefault\u00bb global_colors_info=\u00bb{}\u00bb][et_pb_blurb use_icon=\u00bbon\u00bb font_icon=\u00bb&#x45;||divi||400&#8243; icon_color=\u00bb#cd5b3e\u00bb icon_placement=\u00bbleft\u00bb _builder_version=\u00bb4.19.4&#8243; _module_preset=\u00bbdefault\u00bb header_level=\u00bbh5&#8243; header_font=\u00bbYeseva One||||||||\u00bb animation_style=\u00bbslide\u00bb animation_direction=\u00bbleft\u00bb animation_intensity_slide=\u00bb5%\u00bb animation=\u00bbleft\u00bb motion_trigger_start=\u00bbbottom\u00bb locked=\u00bboff\u00bb global_colors_info=\u00bb{}\u00bb]<\/p>\n<p>Las sesiones son presenciales en nuestro centro de Girona o bien mediante v\u00eddeo llamada.<\/p>\n<p>[\/et_pb_blurb][et_pb_blurb use_icon=\u00bbon\u00bb font_icon=\u00bb&#x45;||divi||400&#8243; icon_color=\u00bb#cd5b3e\u00bb icon_placement=\u00bbleft\u00bb _builder_version=\u00bb4.19.4&#8243; _module_preset=\u00bbdefault\u00bb header_level=\u00bbh5&#8243; header_font=\u00bbYeseva One||||||||\u00bb animation_style=\u00bbslide\u00bb animation_direction=\u00bbleft\u00bb animation_intensity_slide=\u00bb5%\u00bb animation=\u00bbleft\u00bb motion_trigger_start=\u00bbbottom\u00bb locked=\u00bboff\u00bb global_colors_info=\u00bb{}\u00bb]<\/p>\n<p>Seg\u00fan tu proceso y situaci\u00f3n, valoramos qu\u00e9 necesidad existe y qu\u00e9 posibilidades hay. Para seg\u00fan qu\u00e9 trabajos y procesos, la terapia presencial es imprescindible.<\/p>\n<p>[\/et_pb_blurb][\/et_pb_column][et_pb_column type=\u00bb3_5&#8243; _builder_version=\u00bb4.16&#8243; _module_preset=\u00bbdefault\u00bb global_colors_info=\u00bb{}\u00bb][et_pb_contact_form captcha=\u00bboff\u00bb email=\u00bbinfo@susannaarjona.com\u00bb custom_message=\u00bbHola %%Nombre%%,||et_pb_line_break_holder||||et_pb_line_break_holder||Este es un correo autom\u00e1tico con copia de tu mensaje enviado a susannaarjona.com desde la p\u00e1gina %22Astrolog\u00eda Psicol\u00f3gica%22.||et_pb_line_break_holder||||et_pb_line_break_holder||Para asegurarte que recibes correctamente respuesta, por favor agrega info@susannaarjona.com a tu lista de contactos.||et_pb_line_break_holder||||et_pb_line_break_holder||Gracias, te responderemos lo antes posible.||et_pb_line_break_holder||||et_pb_line_break_holder||Un saludo,||et_pb_line_break_holder||||et_pb_line_break_holder||Susanna Arjona||et_pb_line_break_holder||AriaVital||et_pb_line_break_holder||||et_pb_line_break_holder||\u2014\u2014\u2014||et_pb_line_break_holder||||et_pb_line_break_holder||Datos de contacto:||et_pb_line_break_holder||%%Nombre%%||et_pb_line_break_holder||%%Tel%%||et_pb_line_break_holder||%%Email%%||et_pb_line_break_holder||||et_pb_line_break_holder||||et_pb_line_break_holder||Tipo de consulta:||et_pb_line_break_holder||%%tipo%%||et_pb_line_break_holder||||et_pb_line_break_holder||En este momento necesitas:||et_pb_line_break_holder||%%necesitas%%||et_pb_line_break_holder||||et_pb_line_break_holder||\u00bfQu\u00e9 crees que te puede aportar la astrolog\u00eda?||et_pb_line_break_holder||%%aportar%||et_pb_line_break_holder||||et_pb_line_break_holder||\u00bfConoces algo de astrolog\u00eda?||et_pb_line_break_holder||%%conoces%%||et_pb_line_break_holder||||et_pb_line_break_holder||\u00bfTe gustar\u00eda aprender m\u00e1s?||et_pb_line_break_holder||%%aprender%%||et_pb_line_break_holder||||et_pb_line_break_holder||||et_pb_line_break_holder||Tu mensaje (casilla opcional):||et_pb_line_break_holder||%%mensaje%%||et_pb_line_break_holder||||et_pb_line_break_holder||||et_pb_line_break_holder||%%pol%%\u00bb use_redirect=\u00bbon\u00bb redirect_url=\u00bbhttps:\/\/susannaarjona.com\/enviado\/\u00bb success_message=\u00bbmensaje enviado\u00bb _builder_version=\u00bb4.16&#8243; _module_preset=\u00bbdefault\u00bb _unique_id=\u00bbfd90c824-5cbe-40a1-b255-9beaf0db35bd\u00bb form_field_background_color=\u00bb#FFFFFF\u00bb form_field_text_color=\u00bb#231F20&#8243; form_field_focus_background_color=\u00bb#FBF6EC\u00bb form_field_focus_text_color=\u00bb#231F20&#8243; form_field_font_size=\u00bb15px\u00bb custom_button=\u00bbon\u00bb button_text_size=\u00bb15px\u00bb button_text_color=\u00bb#ffffff\u00bb button_bg_color=\u00bb#9ED7CD\u00bb button_bg_enable_image=\u00bboff\u00bb button_border_width=\u00bb0px\u00bb button_border_radius=\u00bb5px\u00bb button_letter_spacing=\u00bb2px\u00bb button_font=\u00bbMuli|800||on|||||\u00bb button_icon=\u00bb&#x35;||divi||400&#8243; button_custom_padding=\u00bb7px|2vw|7px|2vw|true|true\u00bb box_shadow_style_button=\u00bbpreset3&#8243; global_colors_info=\u00bb{}\u00bb button_bg_color__hover_enabled=\u00bbon|hover\u00bb button_bg_color__hover=\u00bb#82B29E\u00bb button_bg_enable_color__hover=\u00bbon\u00bb button_letter_spacing__hover_enabled=\u00bbon|hover\u00bb button_letter_spacing__hover=\u00bb5px\u00bb][et_pb_contact_field field_id=\u00bbNombre\u00bb field_title=\u00bbNombre\u00bb _builder_version=\u00bb4.16&#8243; global_colors_info=\u00bb{}\u00bb button_text_size__hover_enabled=\u00bboff\u00bb button_one_text_size__hover_enabled=\u00bboff\u00bb button_two_text_size__hover_enabled=\u00bboff\u00bb button_text_color__hover_enabled=\u00bboff\u00bb button_one_text_color__hover_enabled=\u00bboff\u00bb button_two_text_color__hover_enabled=\u00bboff\u00bb button_border_width__hover_enabled=\u00bboff\u00bb button_one_border_width__hover_enabled=\u00bboff\u00bb button_two_border_width__hover_enabled=\u00bboff\u00bb button_border_color__hover_enabled=\u00bboff\u00bb button_one_border_color__hover_enabled=\u00bboff\u00bb button_two_border_color__hover_enabled=\u00bboff\u00bb button_border_radius__hover_enabled=\u00bboff\u00bb button_one_border_radius__hover_enabled=\u00bboff\u00bb button_two_border_radius__hover_enabled=\u00bboff\u00bb button_letter_spacing__hover_enabled=\u00bboff\u00bb button_one_letter_spacing__hover_enabled=\u00bboff\u00bb button_two_letter_spacing__hover_enabled=\u00bboff\u00bb button_bg_color__hover_enabled=\u00bboff\u00bb button_one_bg_color__hover_enabled=\u00bboff\u00bb button_two_bg_color__hover_enabled=\u00bboff\u00bb][\/et_pb_contact_field][et_pb_contact_field field_id=\u00bbTel\u00bb field_title=\u00bbM\u00f3vil\u00bb allowed_symbols=\u00bbnumbers\u00bb _builder_version=\u00bb4.16&#8243; global_colors_info=\u00bb{}\u00bb button_text_size__hover_enabled=\u00bboff\u00bb button_one_text_size__hover_enabled=\u00bboff\u00bb button_two_text_size__hover_enabled=\u00bboff\u00bb button_text_color__hover_enabled=\u00bboff\u00bb button_one_text_color__hover_enabled=\u00bboff\u00bb button_two_text_color__hover_enabled=\u00bboff\u00bb button_border_width__hover_enabled=\u00bboff\u00bb button_one_border_width__hover_enabled=\u00bboff\u00bb button_two_border_width__hover_enabled=\u00bboff\u00bb button_border_color__hover_enabled=\u00bboff\u00bb button_one_border_color__hover_enabled=\u00bboff\u00bb button_two_border_color__hover_enabled=\u00bboff\u00bb button_border_radius__hover_enabled=\u00bboff\u00bb button_one_border_radius__hover_enabled=\u00bboff\u00bb button_two_border_radius__hover_enabled=\u00bboff\u00bb button_letter_spacing__hover_enabled=\u00bboff\u00bb button_one_letter_spacing__hover_enabled=\u00bboff\u00bb button_two_letter_spacing__hover_enabled=\u00bboff\u00bb button_bg_color__hover_enabled=\u00bboff\u00bb button_one_bg_color__hover_enabled=\u00bboff\u00bb button_two_bg_color__hover_enabled=\u00bboff\u00bb][\/et_pb_contact_field][et_pb_contact_field field_id=\u00bbEmail\u00bb field_title=\u00bbEmail\u00bb field_type=\u00bbemail\u00bb fullwidth_field=\u00bbon\u00bb _builder_version=\u00bb4.16&#8243; global_colors_info=\u00bb{}\u00bb button_text_size__hover_enabled=\u00bboff\u00bb button_one_text_size__hover_enabled=\u00bboff\u00bb button_two_text_size__hover_enabled=\u00bboff\u00bb button_text_color__hover_enabled=\u00bboff\u00bb button_one_text_color__hover_enabled=\u00bboff\u00bb button_two_text_color__hover_enabled=\u00bboff\u00bb button_border_width__hover_enabled=\u00bboff\u00bb button_one_border_width__hover_enabled=\u00bboff\u00bb button_two_border_width__hover_enabled=\u00bboff\u00bb button_border_color__hover_enabled=\u00bboff\u00bb button_one_border_color__hover_enabled=\u00bboff\u00bb button_two_border_color__hover_enabled=\u00bboff\u00bb button_border_radius__hover_enabled=\u00bboff\u00bb button_one_border_radius__hover_enabled=\u00bboff\u00bb button_two_border_radius__hover_enabled=\u00bboff\u00bb button_letter_spacing__hover_enabled=\u00bboff\u00bb button_one_letter_spacing__hover_enabled=\u00bboff\u00bb button_two_letter_spacing__hover_enabled=\u00bboff\u00bb button_bg_color__hover_enabled=\u00bboff\u00bb button_one_bg_color__hover_enabled=\u00bboff\u00bb button_two_bg_color__hover_enabled=\u00bboff\u00bb][\/et_pb_contact_field][et_pb_contact_field field_id=\u00bbtipo\u00bb field_title=\u00bbConsulta relacionada con:\u00bb field_type=\u00bbselect\u00bb select_options=\u00bb%91{%22value%22:%22Tu Sol Vital%22,%22checked%22:0,%22dragID%22:-1},{%22value%22:%22AstroFamilia%22,%22checked%22:0,%22dragID%22:0},{%22value%22:%22AstroRelaciones%22,%22checked%22:0,%22dragID%22:1},{%22value%22:%22AstroEmpresa%22,%22checked%22:0,%22dragID%22:2},{%22value%22:%22Ninguna de las anteriores, necesito hablar con vosotras para m\u00e1s informaci\u00f3n%22,%22checked%22:0,%22dragID%22:3}%93&#8243; fullwidth_field=\u00bbon\u00bb _builder_version=\u00bb4.16&#8243; _module_preset=\u00bbdefault\u00bb global_colors_info=\u00bb{}\u00bb][\/et_pb_contact_field][et_pb_contact_field field_id=\u00bbnecesitas\u00bb field_title=\u00bbEn este momento necesitas:\u00bb field_type=\u00bbselect\u00bb select_options=\u00bb%91{%22value%22:%22Respuestas a situaciones concretas%22,%22checked%22:0,%22dragID%22:-1},{%22value%22:%22Conocerte m\u00e1s%22,%22checked%22:0,%22dragID%22:0},{%22value%22:%22Aprender m\u00e1s sobre t\u00ed y sobre el mundo%22,%22checked%22:0,%22dragID%22:1},{%22value%22:%22Todo a la vez%22,%22checked%22:0,%22dragID%22:2}%93&#8243; fullwidth_field=\u00bbon\u00bb _builder_version=\u00bb4.16&#8243; _module_preset=\u00bbdefault\u00bb global_colors_info=\u00bb{}\u00bb][\/et_pb_contact_field][et_pb_contact_field field_id=\u00bbaportar\u00bb field_title=\u00bb\u00bfQu\u00e9 crees que te puede aportar la astrolog\u00eda?\u00bb field_type=\u00bbtext\u00bb fullwidth_field=\u00bbon\u00bb _builder_version=\u00bb4.16&#8243; global_colors_info=\u00bb{}\u00bb button_text_size__hover_enabled=\u00bboff\u00bb button_one_text_size__hover_enabled=\u00bboff\u00bb button_two_text_size__hover_enabled=\u00bboff\u00bb button_text_color__hover_enabled=\u00bboff\u00bb button_one_text_color__hover_enabled=\u00bboff\u00bb button_two_text_color__hover_enabled=\u00bboff\u00bb button_border_width__hover_enabled=\u00bboff\u00bb button_one_border_width__hover_enabled=\u00bboff\u00bb button_two_border_width__hover_enabled=\u00bboff\u00bb button_border_color__hover_enabled=\u00bboff\u00bb button_one_border_color__hover_enabled=\u00bboff\u00bb button_two_border_color__hover_enabled=\u00bboff\u00bb button_border_radius__hover_enabled=\u00bboff\u00bb button_one_border_radius__hover_enabled=\u00bboff\u00bb button_two_border_radius__hover_enabled=\u00bboff\u00bb button_letter_spacing__hover_enabled=\u00bboff\u00bb button_one_letter_spacing__hover_enabled=\u00bboff\u00bb button_two_letter_spacing__hover_enabled=\u00bboff\u00bb button_bg_color__hover_enabled=\u00bboff\u00bb button_one_bg_color__hover_enabled=\u00bboff\u00bb button_two_bg_color__hover_enabled=\u00bboff\u00bb][\/et_pb_contact_field][et_pb_contact_field field_id=\u00bbconoces\u00bb field_title=\u00bb\u00bfConoces algo de astrolog\u00eda?\u00bb field_type=\u00bbselect\u00bb select_options=\u00bb%91{%22value%22:%22Nada de nada%22,%22checked%22:0,%22dragID%22:-1},{%22value%22:%22Un poco%22,%22checked%22:0,%22dragID%22:0},{%22value%22:%22Bastante, aunque soy autodidacta%22,%22checked%22:0,%22dragID%22:1},{%22value%22:%22Soy expert@, aunque ahora necesito una visi\u00f3n externa %22,%22checked%22:0,%22dragID%22:2}%93&#8243; fullwidth_field=\u00bbon\u00bb _builder_version=\u00bb4.16&#8243; _module_preset=\u00bbdefault\u00bb global_colors_info=\u00bb{}\u00bb][\/et_pb_contact_field][et_pb_contact_field field_id=\u00bbaprender\u00bb field_title=\u00bb\u00bfTe gustar\u00eda aprender m\u00e1s?\u00bb field_type=\u00bbselect\u00bb select_options=\u00bb%91{%22value%22:%22Me encantar\u00eda para poder ayudar a otras personas%22,%22checked%22:0,%22dragID%22:-1},{%22value%22:%22S\u00ed, para conocerme mejor%22,%22checked%22:0,%22dragID%22:0},{%22value%22:%22Ahora no lo tengo previsto%22,%22checked%22:0,%22dragID%22:1},{%22value%22:%22No, prefiero dedicar mi tiempo en otra cosa%22,%22checked%22:0,%22dragID%22:2}%93&#8243; fullwidth_field=\u00bbon\u00bb _builder_version=\u00bb4.16&#8243; _module_preset=\u00bbdefault\u00bb global_colors_info=\u00bb{}\u00bb][\/et_pb_contact_field][et_pb_contact_field field_id=\u00bbmensaje\u00bb field_title=\u00bbSi lo deseas, escribe aqu\u00ed tu mensaje u otros comentarios, gracias.\u00bb field_type=\u00bbtext\u00bb required_mark=\u00bboff\u00bb fullwidth_field=\u00bbon\u00bb _builder_version=\u00bb4.16&#8243; global_colors_info=\u00bb{}\u00bb button_text_size__hover_enabled=\u00bboff\u00bb button_one_text_size__hover_enabled=\u00bboff\u00bb button_two_text_size__hover_enabled=\u00bboff\u00bb button_text_color__hover_enabled=\u00bboff\u00bb button_one_text_color__hover_enabled=\u00bboff\u00bb button_two_text_color__hover_enabled=\u00bboff\u00bb button_border_width__hover_enabled=\u00bboff\u00bb button_one_border_width__hover_enabled=\u00bboff\u00bb button_two_border_width__hover_enabled=\u00bboff\u00bb button_border_color__hover_enabled=\u00bboff\u00bb button_one_border_color__hover_enabled=\u00bboff\u00bb button_two_border_color__hover_enabled=\u00bboff\u00bb button_border_radius__hover_enabled=\u00bboff\u00bb button_one_border_radius__hover_enabled=\u00bboff\u00bb button_two_border_radius__hover_enabled=\u00bboff\u00bb button_letter_spacing__hover_enabled=\u00bboff\u00bb button_one_letter_spacing__hover_enabled=\u00bboff\u00bb button_two_letter_spacing__hover_enabled=\u00bboff\u00bb button_bg_color__hover_enabled=\u00bboff\u00bb button_one_bg_color__hover_enabled=\u00bboff\u00bb button_two_bg_color__hover_enabled=\u00bboff\u00bb][\/et_pb_contact_field][et_pb_contact_field field_id=\u00bbpol\u00bb field_title=\u00bb \u00bb field_type=\u00bbcheckbox\u00bb checkbox_options=\u00bb%91{%22value%22:%22 He le\u00eddo y acepto la %22,%22checked%22:0,%22dragID%22:-1,%22link_url%22:%22https:\/\/susannaarjona.com\/politica-de-privacidad\/%22,%22link_text%22:%22pol\u00edtica de privacidad%22}%93&#8243; fullwidth_field=\u00bbon\u00bb _builder_version=\u00bb4.16&#8243; _module_preset=\u00bbdefault\u00bb global_colors_info=\u00bb{}\u00bb][\/et_pb_contact_field][\/et_pb_contact_form][et_pb_text _builder_version=\u00bb4.8.0&#8243; text_font=\u00bb||||||||\u00bb text_font_size=\u00bb12px\u00bb text_line_height=\u00bb1.4em\u00bb text_orientation=\u00bbjustified\u00bb global_module=\u00bb18294&#8243; global_colors_info=\u00bb{}\u00bb]<\/p>\n<p>INFORMACI\u00d3N PROTECCI\u00d3N DE DATOS: Responsable: Susanna Arjona. Finalidades: Responder a sus solicitudes. En ning\u00fan caso realizaremos env\u00edos de car\u00e1cter promocional o comercial. Legitimaci\u00f3n: Consentimiento del interesado. Destinatarios: No est\u00e1n previstas cesiones de datos. Los datos facilitados se almacenan en nuestros servidores gestionados por AFX Solutions. Derechos: Puede retirar su consentimiento en cualquier momento, as\u00ed como acceder, rectificar, suprimir sus datos y dem\u00e1s derechos en info@susannaarjona.com. Informaci\u00f3n Adicional: Puede ampliar la informaci\u00f3n en el enlace de <a href=\"https:\/\/susannaarjona.com\/aviso-legal\/\" target=\"_blank\" rel=\"noopener noreferrer\">Avisos Legales<\/a>.<\/p>\n<p>[\/et_pb_text][\/et_pb_column][\/et_pb_row][\/et_pb_section]<\/p>\n","protected":false},"excerpt":{"rendered":"<div class=\"et_pb_module dg_adh_heading dg_adh_heading_0\">\n\t\t\t\t\n\t\t\t\t\n\t\t\t\t\n\t\t\t\t\n\t\t\t\t\n\t\t\t\t\n\t\t\t\t<div class=\"et_pb_module_inner\">\n\t\t\t\t\t<div class=\"dg-heading-container\">\r\n                \r\n                \r\n                <h4 class=\"dg-heading\"><span class=\"prefix\">\u00bbAstrolog\u00eda<\/span>  <span class=\"suffix\">\u00bbCARTA<\/span><\/h4>\r\n                \r\n            <\/div>\n\t\t\t\t<\/div>\n\t\t\t<\/div>","protected":false},"author":4,"featured_media":24822,"parent":25213,"menu_order":0,"comment_status":"closed","ping_status":"closed","template":"","meta":{"_et_pb_use_builder":"on","_et_pb_old_content":"<!-- wp:divi\/placeholder \/-->","_et_gb_content_width":"","footnotes":""},"class_list":["post-24479","page","type-page","status-publish","has-post-thumbnail","hentry"],"_links":{"self":[{"href":"https:\/\/susannaarjona.com\/ca\/wp-json\/wp\/v2\/pages\/24479","targetHints":{"allow":["GET"]}}],"collection":[{"href":"https:\/\/susannaarjona.com\/ca\/wp-json\/wp\/v2\/pages"}],"about":[{"href":"https:\/\/susannaarjona.com\/ca\/wp-json\/wp\/v2\/types\/page"}],"author":[{"embeddable":true,"href":"https:\/\/susannaarjona.com\/ca\/wp-json\/wp\/v2\/users\/4"}],"replies":[{"embeddable":true,"href":"https:\/\/susannaarjona.com\/ca\/wp-json\/wp\/v2\/comments?post=24479"}],"version-history":[{"count":2,"href":"https:\/\/susannaarjona.com\/ca\/wp-json\/wp\/v2\/pages\/24479\/revisions"}],"predecessor-version":[{"id":26531,"href":"https:\/\/susannaarjona.com\/ca\/wp-json\/wp\/v2\/pages\/24479\/revisions\/26531"}],"up":[{"embeddable":true,"href":"https:\/\/susannaarjona.com\/ca\/wp-json\/wp\/v2\/pages\/25213"}],"wp:featuredmedia":[{"embeddable":true,"href":"https:\/\/susannaarjona.com\/ca\/wp-json\/wp\/v2\/media\/24822"}],"wp:attachment":[{"href":"https:\/\/susannaarjona.com\/ca\/wp-json\/wp\/v2\/media?parent=24479"}],"curies":[{"name":"wp","href":"https:\/\/api.w.org\/{rel}","templated":true}]}}