{"id":24458,"date":"2020-10-06T16:46:39","date_gmt":"2020-10-06T14:46:39","guid":{"rendered":"https:\/\/susannaarjona.com\/?page_id=24458"},"modified":"2025-05-27T12:15:16","modified_gmt":"2025-05-27T10:15:16","slug":"inicio","status":"publish","type":"page","link":"https:\/\/susannaarjona.com\/ca\/","title":{"rendered":"Psicoterapia y Psicopedagog\u00eda Girona"},"content":{"rendered":"<p>[et_pb_section fb_built=\u00bb1&#8243; disabled_on=\u00bbon|on|off\u00bb _builder_version=\u00bb4.16&#8243; _module_preset=\u00bbdefault\u00bb background_image=\u00bbhttps:\/\/susannaarjona.com\/wp-content\/uploads\/2020\/10\/susanna-arjona-aria-vital-psicopedagogia-infaltil-psicopedagoga-terapia-familiar-infantil-girona-2.jpg\u00bb background_position=\u00bbtop_left\u00bb custom_padding=\u00bb158px||195px|||\u00bb locked=\u00bboff\u00bb global_colors_info=\u00bb{}\u00bb][et_pb_row column_structure=\u00bb1_2,1_2&#8243; _builder_version=\u00bb4.16&#8243; _module_preset=\u00bbdefault\u00bb custom_margin=\u00bb|auto||196px||\u00bb custom_padding=\u00bb0px||0px|||\u00bb global_colors_info=\u00bb{}\u00bb][et_pb_column type=\u00bb1_2&#8243; _builder_version=\u00bb4.16&#8243; _module_preset=\u00bbdefault\u00bb global_colors_info=\u00bb{}\u00bb][\/et_pb_column][et_pb_column type=\u00bb1_2&#8243; _builder_version=\u00bb4.16&#8243; _module_preset=\u00bbdefault\u00bb global_colors_info=\u00bb{}\u00bb][et_pb_image src=\u00bbhttps:\/\/susannaarjona.com\/wp-content\/uploads\/2020\/10\/susanna-arjona-aria-vital-1.png\u00bb title_text=\u00bbsusanna arjona aria vital 1&#8243; align=\u00bbright\u00bb _builder_version=\u00bb4.16&#8243; _module_preset=\u00bbdefault\u00bb width=\u00bb64%\u00bb animation_style=\u00bbfade\u00bb scroll_rotating_enable=\u00bbon\u00bb global_colors_info=\u00bb{}\u00bb][\/et_pb_image][\/et_pb_column][\/et_pb_row][\/et_pb_section][et_pb_section fb_built=\u00bb1&#8243; fullwidth=\u00bbon\u00bb disabled_on=\u00bboff|off|on\u00bb _builder_version=\u00bb4.16&#8243; _module_preset=\u00bbdefault\u00bb locked=\u00bboff\u00bb global_colors_info=\u00bb{}\u00bb][et_pb_fullwidth_header _builder_version=\u00bb4.16&#8243; _module_preset=\u00bbdefault\u00bb background_enable_color=\u00bboff\u00bb background_image=\u00bbhttps:\/\/susannaarjona.com\/wp-content\/uploads\/2020\/10\/psicopedagoga-psicopedagogia-terapeuta-infantil-adolescences-adultos-astrologia-susanna-arjona-aria-vital-girona-31.jpg\u00bb background_position=\u00bbtop_center\u00bb custom_padding=\u00bb47vw||47vw||true|false\u00bb global_colors_info=\u00bb{}\u00bb][\/et_pb_fullwidth_header][\/et_pb_section][et_pb_section fb_built=\u00bb1&#8243; _builder_version=\u00bb4.27.4&#8243; _module_preset=\u00bbdefault\u00bb background_color=\u00bb#b3d6cd\u00bb custom_padding=\u00bb6px||6px||true|\u00bb bottom_divider_style=\u00bbwaves2&#8243; bottom_divider_color=\u00bb#FFFFFF\u00bb bottom_divider_height=\u00bb27px\u00bb hover_enabled=\u00bb0&#8243; locked=\u00bboff\u00bb global_colors_info=\u00bb{}\u00bb sticky_enabled=\u00bb0&#8243;][et_pb_row _builder_version=\u00bb4.27.4&#8243; _module_preset=\u00bbdefault\u00bb width=\u00bb90%\u00bb max_width=\u00bb1308px\u00bb global_colors_info=\u00bb{}\u00bb][et_pb_column type=\u00bb4_4&#8243; _builder_version=\u00bb4.16&#8243; _module_preset=\u00bbdefault\u00bb global_colors_info=\u00bb{}\u00bb][et_pb_text _builder_version=\u00bb4.27.4&#8243; _module_preset=\u00bbdefault\u00bb text_font_size=\u00bb22px\u00bb text_letter_spacing=\u00bb3px\u00bb text_line_height=\u00bb2em\u00bb header_font=\u00bbYeseva One|700|||||||\u00bb header_text_align=\u00bbcenter\u00bb header_font_size=\u00bb40px\u00bb header_letter_spacing=\u00bb7px\u00bb header_line_height=\u00bb1.3em\u00bb header_2_font=\u00bbArial||||||||\u00bb header_2_text_align=\u00bbcenter\u00bb header_2_font_size=\u00bb30px\u00bb header_2_letter_spacing=\u00bb24px\u00bb header_2_line_height=\u00bb1.5em\u00bb text_orientation=\u00bbcenter\u00bb background_layout=\u00bbdark\u00bb hover_enabled=\u00bb0&#8243; header_font_size_tablet=\u00bb\u00bb header_font_size_phone=\u00bb36px\u00bb header_font_size_last_edited=\u00bbon|phone\u00bb header_letter_spacing_tablet=\u00bb\u00bb header_letter_spacing_phone=\u00bb1px\u00bb header_letter_spacing_last_edited=\u00bbon|phone\u00bb header_line_height_tablet=\u00bb\u00bb header_line_height_phone=\u00bb1.5em\u00bb header_line_height_last_edited=\u00bbon|phone\u00bb global_colors_info=\u00bb{}\u00bb sticky_enabled=\u00bb0&#8243; text_text_color=\u00bb#231F20&#8243; header_text_color=\u00bb#231F20&#8243;]<\/p>\n<h1>Psicolog\u00eda y Pedagog\u00eda de la Autenticidad. Procesos de transformaci\u00f3n y v\u00ednculos de vida<\/h1>\n<p>[\/et_pb_text][et_pb_text disabled_on=\u00bbon|on|on\u00bb _builder_version=\u00bb4.16&#8243; _module_preset=\u00bbdefault\u00bb text_font_size=\u00bb22px\u00bb text_letter_spacing=\u00bb3px\u00bb text_line_height=\u00bb2em\u00bb header_font=\u00bbYeseva One|700|||||||\u00bb header_text_align=\u00bbcenter\u00bb header_font_size=\u00bb40px\u00bb header_letter_spacing=\u00bb7px\u00bb header_line_height=\u00bb1.3em\u00bb header_2_font=\u00bbArial||||||||\u00bb header_2_text_align=\u00bbcenter\u00bb header_2_font_size=\u00bb30px\u00bb header_2_letter_spacing=\u00bb24px\u00bb header_2_line_height=\u00bb1.5em\u00bb text_orientation=\u00bbcenter\u00bb background_layout=\u00bbdark\u00bb header_font_size_tablet=\u00bb\u00bb header_font_size_phone=\u00bb36px\u00bb header_font_size_last_edited=\u00bbon|phone\u00bb header_letter_spacing_tablet=\u00bb\u00bb header_letter_spacing_phone=\u00bb1px\u00bb header_letter_spacing_last_edited=\u00bbon|phone\u00bb header_line_height_tablet=\u00bb\u00bb header_line_height_phone=\u00bb1.5em\u00bb header_line_height_last_edited=\u00bbon|phone\u00bb disabled=\u00bbon\u00bb global_colors_info=\u00bb{}\u00bb]<\/p>\n<h1>Psicoterapia y Psicopedagog\u00eda<\/h1>\n<p>Atenci\u00f3n presencial en Girona ciudad, en la naturaleza y online<\/p>\n<p>[\/et_pb_text][\/et_pb_column][\/et_pb_row][\/et_pb_section][et_pb_section fb_built=\u00bb1&#8243; _builder_version=\u00bb4.16&#8243; _module_preset=\u00bbdefault\u00bb global_colors_info=\u00bb{}\u00bb][et_pb_row _builder_version=\u00bb4.16&#8243; _module_preset=\u00bbdefault\u00bb custom_margin=\u00bb41px|auto||auto||\u00bb locked=\u00bboff\u00bb global_colors_info=\u00bb{}\u00bb][et_pb_column type=\u00bb4_4&#8243; _builder_version=\u00bb4.16&#8243; _module_preset=\u00bbdefault\u00bb global_colors_info=\u00bb{}\u00bb][et_pb_text _builder_version=\u00bb4.27.4&#8243; _module_preset=\u00bbdefault\u00bb hover_enabled=\u00bb0&#8243; global_colors_info=\u00bb{}\u00bb sticky_enabled=\u00bb0&#8243;]<\/p>\n<blockquote><p>\n\u201cEl v\u00ednculo que te une a tu verdadera familia no es el de la sangre, sino el del respeto y la alegr\u00eda que t\u00fa sientes por las vidas de ellos y ellos por la tuya.\u00bb Richard Bach\n<\/p><\/blockquote>\n<p>[\/et_pb_text][\/et_pb_column][\/et_pb_row][et_pb_row column_structure=\u00bb1_2,1_2&#8243; _builder_version=\u00bb4.16&#8243; _module_preset=\u00bbdefault\u00bb locked=\u00bboff\u00bb global_colors_info=\u00bb{}\u00bb][et_pb_column type=\u00bb1_2&#8243; _builder_version=\u00bb4.16&#8243; _module_preset=\u00bbdefault\u00bb global_colors_info=\u00bb{}\u00bb][et_pb_text _builder_version=\u00bb4.16&#8243; _module_preset=\u00bbdefault\u00bb global_colors_info=\u00bb{}\u00bb]<\/p>\n<p><strong>Nuestros pilares fundamentales son: <\/strong>nuestra capacidad de aprender, el cuidado de nuestras emociones, el acompa\u00f1amiento en procesos de cambio y crecimiento, la familia y nuestras relaciones.<\/p>\n<p>Somos especialistas en: <strong>Dificultades de aprendizaje y altas capacidades. Gesti\u00f3n emocional.\u00a0<\/strong><strong>Relaciones y v\u00ednculos. Trauma, duelo y estr\u00e9s.\u00a0<\/strong><\/p>\n<p><strong>Educar en la Alegr\u00eda.<\/strong> Te acompa\u00f1amos a descubrir c\u00f3mo es tu forma de educar y qu\u00e9 necesita tu familia.<\/p>\n<p>\u00bfSientes que tu familia necesita m\u00e1s <strong>bienestar emocional<\/strong>? \u00bfO quiz\u00e1 hay situaciones escolares, emocionales, relacionales o de desarrollo con tus hijos que necesitan respuesta?<\/p>\n<p>\u00bfSue\u00f1as con un <strong>espacio sagrado<\/strong> para t\u00ed? Para tener tiempo, conocerte mejor, relacionarte de forma sana, conseguir tus objetivos y vivir una vida plena.<\/p>\n<p>\u00bfEres un <strong>profesional de la educaci\u00f3n<\/strong> y necesitas acompa\u00f1amiento? En AriaVital somos especialistas en procesos de mentor\u00eda y acompa\u00f1amiento para profesionales de la educaci\u00f3n.<\/p>\n<p>[\/et_pb_text][\/et_pb_column][et_pb_column type=\u00bb1_2&#8243; _builder_version=\u00bb4.16&#8243; _module_preset=\u00bbdefault\u00bb global_colors_info=\u00bb{}\u00bb][et_pb_video src=\u00bbhttps:\/\/youtu.be\/l2Swp6dkXQY\u00bb play_icon_color=\u00bb#9ED7CD\u00bb use_icon_font_size=\u00bbon\u00bb icon_font_size=\u00bb76px\u00bb _builder_version=\u00bb4.27.4&#8243; _module_preset=\u00bbdefault\u00bb hover_enabled=\u00bb0&#8243; global_colors_info=\u00bb{}\u00bb custom_css_free_form=\u00bb.et_pb_video_play a{||  display:none;||}\u00bb module_class=\u00bbvideog\u00bb db_show_youtube_controls=\u00bboff\u00bb sticky_enabled=\u00bb0&#8243;][\/et_pb_video][\/et_pb_column][\/et_pb_row][\/et_pb_section][et_pb_section fb_built=\u00bb1&#8243; next_background_color=\u00bb#ffffff\u00bb module_id=\u00bbinfancia\u00bb _builder_version=\u00bb4.16&#8243; _module_preset=\u00bbdefault\u00bb background_color=\u00bb#ffffff\u00bb use_background_color_gradient=\u00bbon\u00bb background_color_gradient_direction=\u00bb90deg\u00bb background_color_gradient_stops=\u00bb#fbf6ec 0%|rgba(251,246,236,0.92) 100%\u00bb background_color_gradient_overlays_image=\u00bbon\u00bb background_color_gradient_start=\u00bb#fbf6ec\u00bb background_color_gradient_end=\u00bbrgba(251,246,236,0.92)\u00bb background_enable_image=\u00bboff\u00bb background_size=\u00bbinitial\u00bb custom_padding=\u00bb||118px|||\u00bb bottom_divider_style=\u00bbasymmetric2&#8243; bottom_divider_flip=\u00bbhorizontal\u00bb global_colors_info=\u00bb{}\u00bb][et_pb_row _builder_version=\u00bb4.16&#8243; _module_preset=\u00bbdefault\u00bb global_colors_info=\u00bb{}\u00bb][et_pb_column type=\u00bb4_4&#8243; _builder_version=\u00bb4.16&#8243; _module_preset=\u00bbdefault\u00bb global_colors_info=\u00bb{}\u00bb][et_pb_text _builder_version=\u00bb4.27.4&#8243; _module_preset=\u00bbdefault\u00bb text_orientation=\u00bbcenter\u00bb hover_enabled=\u00bb0&#8243; text_orientation_tablet=\u00bbleft\u00bb text_orientation_phone=\u00bb\u00bb text_orientation_last_edited=\u00bbon|phone\u00bb global_colors_info=\u00bb{}\u00bb sticky_enabled=\u00bb0&#8243;]<\/p>\n<h2>Espacio para familias, para el clan. Somos un lugar de servicio para la calidad de vida de las personas.<\/h2>\n<p>Profesionales entregados\/as a la misi\u00f3n de caminar hacia la salud vital, investigar nuevas formas de aprender y construir infancias felices, nuestro lema es <strong>\u201cConvertir las dificultades en oportunidades\u201d<\/strong>. Cuidamos de la mente, las emociones, el desarrollo vital y las relaciones de las personas.<\/p>\n<p>[\/et_pb_text][\/et_pb_column][\/et_pb_row][\/et_pb_section][et_pb_section fb_built=\u00bb1&#8243; _builder_version=\u00bb4.16&#8243; _module_preset=\u00bbdefault\u00bb global_colors_info=\u00bb{}\u00bb][et_pb_row _builder_version=\u00bb4.16&#8243; _module_preset=\u00bbdefault\u00bb locked=\u00bboff\u00bb global_colors_info=\u00bb{}\u00bb][et_pb_column type=\u00bb4_4&#8243; _builder_version=\u00bb4.16&#8243; _module_preset=\u00bbdefault\u00bb global_colors_info=\u00bb{}\u00bb][dg_adh_heading title_prefix=\u00bbEspacio \u00bb title_infix=\u00bbSaludable\u00bb _builder_version=\u00bb4.27.4&#8243; _module_preset=\u00bbdefault\u00bb title_level=\u00bbh2&#8243; title_text_align=\u00bbcenter\u00bb title_font_size=\u00bb40px\u00bb t_dual_text_color=\u00bb#82B29E\u00bb t_infix_font=\u00bbSusy||||||||\u00bb t_infix_text_color=\u00bb#231F20&#8243; t_infix_font_size=\u00bb65px\u00bb hover_enabled=\u00bb0&#8243; global_colors_info=\u00bb{}\u00bb sticky_enabled=\u00bb0&#8243; title_text_color=\u00bb#231F20&#8243;][\/dg_adh_heading][\/et_pb_column][\/et_pb_row][et_pb_row column_structure=\u00bb1_2,1_2&#8243; _builder_version=\u00bb4.16&#8243; _module_preset=\u00bbdefault\u00bb global_colors_info=\u00bb{}\u00bb][et_pb_column type=\u00bb1_2&#8243; _builder_version=\u00bb4.16&#8243; _module_preset=\u00bbdefault\u00bb global_colors_info=\u00bb{}\u00bb][et_pb_text _builder_version=\u00bb4.27.4&#8243; _module_preset=\u00bbdefault\u00bb header_5_line_height=\u00bb1.5em\u00bb header_6_line_height=\u00bb1.5em\u00bb background_enable_color=\u00bboff\u00bb use_background_color_gradient=\u00bbon\u00bb background_color_gradient_stops=\u00bbrgba(158,215,205,0.93) 0%|rgba(158,215,205,0.93) 100%\u00bb background_color_gradient_overlays_image=\u00bbon\u00bb background_color_gradient_start=\u00bbrgba(158,215,205,0.93)\u00bb background_color_gradient_end=\u00bbrgba(158,215,205,0.93)\u00bb background_image=\u00bbhttps:\/\/susannaarjona.com\/wp-content\/uploads\/2020\/10\/psicopedagogia-infancia-y-adolescencia-girona-susanna-arjona-aria-vital-5.jpg\u00bb text_orientation=\u00bbcenter\u00bb background_layout=\u00bbdark\u00bb custom_padding=\u00bb8vw|3vw|8vw|3vw|true|true\u00bb hover_enabled=\u00bb0&#8243; global_colors_info=\u00bb{}\u00bb sticky_enabled=\u00bb0&#8243; text_font_size=\u00bb24px\u00bb text_text_shadow_style=\u00bbpreset3&#8243; text_font=\u00bb||||||||\u00bb]Psicopedagog\u00eda en la Infancia[\/et_pb_text][et_pb_button button_url=\u00bb@ET-DC@eyJkeW5hbWljIjp0cnVlLCJjb250ZW50IjoicG9zdF9saW5rX3VybF9wYWdlIiwic2V0dGluZ3MiOnsicG9zdF9pZCI6IjI1MTQ1In19@\u00bb button_text=\u00bbm\u00e1s informaci\u00f3n\u00bb _builder_version=\u00bb4.27.4&#8243; _dynamic_attributes=\u00bbbutton_url\u00bb _module_preset=\u00bb3ed7a36f-3d8b-486a-a339-c2b3648d9b6e\u00bb custom_margin=\u00bb-42px|||||\u00bb hover_enabled=\u00bb0&#8243; global_colors_info=\u00bb{}\u00bb sticky_enabled=\u00bb0&#8243; button_font=\u00bb|800||on|||||\u00bb button_text_color=\u00bb#231F20&#8243; button_bg_color=\u00bb#d8ceb1&#8243; button_bg_enable_color=\u00bbon\u00bb][\/et_pb_button][\/et_pb_column][et_pb_column type=\u00bb1_2&#8243; _builder_version=\u00bb4.16&#8243; _module_preset=\u00bbdefault\u00bb global_colors_info=\u00bb{}\u00bb][et_pb_text _builder_version=\u00bb4.27.4&#8243; _module_preset=\u00bbdefault\u00bb header_5_line_height=\u00bb1.5em\u00bb header_6_line_height=\u00bb1.5em\u00bb background_enable_color=\u00bboff\u00bb use_background_color_gradient=\u00bbon\u00bb background_color_gradient_stops=\u00bbrgba(158,215,205,0.93) 0%|rgba(158,215,205,0.93) 100%\u00bb background_color_gradient_overlays_image=\u00bbon\u00bb background_color_gradient_start=\u00bbrgba(158,215,205,0.93)\u00bb background_color_gradient_end=\u00bbrgba(158,215,205,0.93)\u00bb background_image=\u00bbhttps:\/\/susannaarjona.com\/wp-content\/uploads\/2020\/11\/psicopedagoga-psicopedagogia-terapeuta-infantil-adolescences-adultos-astrologia-susanna-arjona-aria-vital-girona-36.jpg\u00bb text_orientation=\u00bbcenter\u00bb background_layout=\u00bbdark\u00bb custom_padding=\u00bb8vw|3vw|8vw|3vw|true|true\u00bb hover_enabled=\u00bb0&#8243; global_colors_info=\u00bb{}\u00bb text_font_size=\u00bb25px\u00bb text_text_shadow_style=\u00bbpreset3&#8243; sticky_enabled=\u00bb0&#8243;]Psicopedagog\u00eda en la Adolescencia[\/et_pb_text][et_pb_button button_url=\u00bb@ET-DC@eyJkeW5hbWljIjp0cnVlLCJjb250ZW50IjoicG9zdF9saW5rX3VybF9wYWdlIiwic2V0dGluZ3MiOnsicG9zdF9pZCI6IjI0NDY3In19@\u00bb button_text=\u00bbm\u00e1s informaci\u00f3n\u00bb _builder_version=\u00bb4.27.4&#8243; _dynamic_attributes=\u00bbbutton_url\u00bb _module_preset=\u00bb3ed7a36f-3d8b-486a-a339-c2b3648d9b6e\u00bb custom_margin=\u00bb-42px|||||\u00bb hover_enabled=\u00bb0&#8243; global_colors_info=\u00bb{}\u00bb sticky_enabled=\u00bb0&#8243; button_font=\u00bb|800||on|||||\u00bb button_text_color=\u00bb#231F20&#8243; button_bg_color=\u00bb#d8ccaf\u00bb button_bg_enable_color=\u00bbon\u00bb][\/et_pb_button][\/et_pb_column][\/et_pb_row][\/et_pb_section][et_pb_section fb_built=\u00bb1&#8243; _builder_version=\u00bb4.16&#8243; _module_preset=\u00bbdefault\u00bb global_colors_info=\u00bb{}\u00bb][et_pb_row _builder_version=\u00bb4.16&#8243; _module_preset=\u00bbdefault\u00bb global_colors_info=\u00bb{}\u00bb][et_pb_column type=\u00bb4_4&#8243; _builder_version=\u00bb4.16&#8243; _module_preset=\u00bbdefault\u00bb global_colors_info=\u00bb{}\u00bb][et_pb_text _builder_version=\u00bb4.27.4&#8243; _module_preset=\u00bbdefault\u00bb header_6_line_height=\u00bb1.6em\u00bb hover_enabled=\u00bb0&#8243; global_colors_info=\u00bb{}\u00bb sticky_enabled=\u00bb0&#8243;]<\/p>\n<h5 style=\"text-align: center;\">Espacio saludable donde compartir tus dudas, tus preguntas, tus objetivos o la falta de ellos y entre todos crear Encuentros para crecer juntos.<\/h6>\n<h6 style=\"text-align: center;\">All\u00ed donde hay adultos presentes, encontramos ni\u00f1os conscientes.<\/h5>\n<p>[\/et_pb_text][\/et_pb_column][\/et_pb_row][\/et_pb_section][et_pb_section fb_built=\u00bb1&#8243; admin_label=\u00bbSecci\u00f3n\u00bb module_id=\u00bbayuda\u00bb _builder_version=\u00bb4.27.4&#8243; _module_preset=\u00bbdefault\u00bb background_color=\u00bb#9ED7CD\u00bb use_background_color_gradient=\u00bbon\u00bb background_color_gradient_stops=\u00bbrgba(255,255,255,0.95) 0%|rgba(255,255,255,0.95) 100%\u00bb background_color_gradient_overlays_image=\u00bbon\u00bb background_color_gradient_start=\u00bbrgba(255,255,255,0.95)\u00bb background_color_gradient_end=\u00bbrgba(255,255,255,0.95)\u00bb background_image=\u00bbhttps:\/\/susannaarjona.com\/wp-content\/uploads\/2020\/10\/psicopedagoga-psicopedagogia-terapeuta-infantil-adolescences-adultos-astrologia-susanna-arjona-aria-vital-girona-32.png\u00bb background_size=\u00bbinitial\u00bb background_position=\u00bbbottom_center\u00bb custom_padding=\u00bb110px||110px||true|\u00bb background_color_gradient_stops_tablet=\u00bbrgba(255,255,255,0.95) 0%|rgba(255,255,255,0.95) 100%\u00bb background_color_gradient_stops_phone=\u00bbrgba(255,255,255,0.95) 0%|rgba(255,255,255,0.95) 100%\u00bb global_module=\u00bb25193&#8243; saved_tabs=\u00bball\u00bb locked=\u00bboff\u00bb global_colors_info=\u00bb{}\u00bb][et_pb_row _builder_version=\u00bb4.16&#8243; _module_preset=\u00bbdefault\u00bb locked=\u00bboff\u00bb global_colors_info=\u00bb{}\u00bb][et_pb_column type=\u00bb4_4&#8243; _builder_version=\u00bb4.16&#8243; _module_preset=\u00bbdefault\u00bb global_colors_info=\u00bb{}\u00bb][dg_adh_heading title_prefix=\u00bb\u00bfEn qu\u00e9 podemos\u00bb title_infix=\u00bbAyudarte\u00bb title_suffix=\u00bb?\u00bb _builder_version=\u00bb4.27.4&#8243; _module_preset=\u00bbdefault\u00bb title_level=\u00bbh2&#8243; title_text_align=\u00bbcenter\u00bb title_font_size=\u00bb40px\u00bb t_dual_text_color=\u00bb#231F20&#8243; t_infix_font=\u00bbSusy||||||||\u00bb t_infix_text_color=\u00bb#0c0d11&#8243; t_infix_font_size=\u00bb65px\u00bb hover_enabled=\u00bb0&#8243; global_colors_info=\u00bb{}\u00bb sticky_enabled=\u00bb0&#8243;][\/dg_adh_heading][\/et_pb_column][\/et_pb_row][et_pb_row column_structure=\u00bb1_3,1_3,1_3&#8243; use_custom_gutter=\u00bbon\u00bb gutter_width=\u00bb2&#8243; make_equal=\u00bbon\u00bb _builder_version=\u00bb4.16&#8243; _module_preset=\u00bbdefault\u00bb custom_margin=\u00bb65px|auto||auto||\u00bb global_colors_info=\u00bb{}\u00bb][et_pb_column type=\u00bb1_3&#8243; admin_label=\u00bbinfancia\u00bb _builder_version=\u00bb4.16&#8243; _module_preset=\u00bbdefault\u00bb background_color=\u00bb#9ed7cd\u00bb custom_padding=\u00bb1vw|1vw|1vw|1vw|true|true\u00bb custom_padding_tablet=\u00bb||50px||false|false\u00bb custom_padding_phone=\u00bb||50px||false|false\u00bb custom_padding_last_edited=\u00bboff|desktop\u00bb border_radii=\u00bbon|7px|7px|7px|7px\u00bb global_colors_info=\u00bb{}\u00bb][et_pb_image src=\u00bbhttps:\/\/susannaarjona.com\/wp-content\/uploads\/2020\/10\/agua-psicopedagoga-psicopedagogia-terapeuta-infantil-adolescences-adultos-astrologia-susanna-arjona-aria-vital-girona-16.png\u00bb title_text=\u00bbagua psicopedagoga psicopedagogia terapeuta infantil adolescences adultos astrologia susanna arjona aria vital girona 16&#8243; _builder_version=\u00bb4.16&#8243; _module_preset=\u00bbdefault\u00bb width=\u00bb81%\u00bb width_tablet=\u00bb\u00bb width_phone=\u00bb\u00bb width_last_edited=\u00bbon|desktop\u00bb module_alignment=\u00bbcenter\u00bb global_colors_info=\u00bb{}\u00bb][\/et_pb_image][et_pb_text _builder_version=\u00bb4.27.4&#8243; _module_preset=\u00bbdefault\u00bb text_font=\u00bb|600|||||||\u00bb text_font_size=\u00bb20px\u00bb text_letter_spacing=\u00bb1px\u00bb text_line_height=\u00bb1.5em\u00bb text_orientation=\u00bbcenter\u00bb background_layout=\u00bbdark\u00bb hover_enabled=\u00bb0&#8243; global_colors_info=\u00bb{}\u00bb sticky_enabled=\u00bb0&#8243; text_text_color=\u00bb#231F20&#8243;]<\/p>\n<p style=\"text-align: center;\">Infancia y Adolescencia<\/p>\n<p>[\/et_pb_text][et_pb_button button_url=\u00bb@ET-DC@eyJkeW5hbWljIjp0cnVlLCJjb250ZW50IjoicG9zdF9saW5rX3VybF9wYWdlIiwic2V0dGluZ3MiOnsicG9zdF9pZCI6IjI1MjAxIn19@\u00bb button_text=\u00bbsaber m\u00e1s\u00bb button_alignment=\u00bbcenter\u00bb _builder_version=\u00bb4.27.4&#8243; _dynamic_attributes=\u00bbbutton_url\u00bb _module_preset=\u00bbdefault\u00bb custom_button=\u00bbon\u00bb button_text_size=\u00bb15px\u00bb button_text_color=\u00bb#231F20&#8243; button_bg_color=\u00bb#FFFFFF\u00bb button_bg_enable_image=\u00bboff\u00bb button_bg_position=\u00bbtop_center\u00bb button_border_width=\u00bb0px\u00bb button_border_radius=\u00bb0px\u00bb button_letter_spacing=\u00bb2px\u00bb button_font=\u00bb|800||on|||||\u00bb button_icon=\u00bb&#x35;||divi||400&#8243; custom_padding=\u00bb10px|11px|10px|11px|true|true\u00bb hover_enabled=\u00bb0&#8243; global_colors_info=\u00bb{}\u00bb button_bg_color__hover=\u00bbrgba(255,255,255,0.28)\u00bb button_bg_color__hover_enabled=\u00bbon|desktop\u00bb button_bg_enable_color__hover=\u00bbon\u00bb button_letter_spacing__hover_enabled=\u00bbon|desktop\u00bb button_letter_spacing__hover=\u00bb3px\u00bb sticky_enabled=\u00bb0&#8243; button_bg_enable_color=\u00bbon\u00bb][\/et_pb_button][\/et_pb_column][et_pb_column type=\u00bb1_3&#8243; admin_label=\u00bbfamilia\u00bb _builder_version=\u00bb4.16&#8243; _module_preset=\u00bbdefault\u00bb background_color=\u00bb#ddc07c\u00bb custom_padding=\u00bb1vw|1vw|1vw|1vw|true|true\u00bb border_radii=\u00bbon|7px|7px|7px|7px\u00bb global_colors_info=\u00bb{}\u00bb][et_pb_image src=\u00bbhttps:\/\/susannaarjona.com\/wp-content\/uploads\/2020\/10\/tierra-psicopedagoga-psicopedagogia-terapeuta-infantil-adolescences-adultos-astrologia-susanna-arjona-aria-vital-girona-17.png\u00bb title_text=\u00bbtierra psicopedagoga psicopedagogia terapeuta infantil adolescences adultos astrologia susanna arjona aria vital girona 17&#8243; _builder_version=\u00bb4.16&#8243; _module_preset=\u00bbdefault\u00bb width=\u00bb81%\u00bb width_tablet=\u00bb\u00bb width_phone=\u00bb\u00bb width_last_edited=\u00bbon|desktop\u00bb module_alignment=\u00bbcenter\u00bb global_colors_info=\u00bb{}\u00bb][\/et_pb_image][et_pb_text _builder_version=\u00bb4.27.4&#8243; _module_preset=\u00bbdefault\u00bb text_font=\u00bb|600|||||||\u00bb text_font_size=\u00bb20px\u00bb text_letter_spacing=\u00bb1px\u00bb text_line_height=\u00bb1.5em\u00bb text_orientation=\u00bbcenter\u00bb background_layout=\u00bbdark\u00bb hover_enabled=\u00bb0&#8243; global_colors_info=\u00bb{}\u00bb sticky_enabled=\u00bb0&#8243; header_text_color=\u00bb#231F20&#8243; text_text_color=\u00bb#231F20&#8243;]<\/p>\n<p style=\"text-align: center;\">Familia y Adultos<\/p>\n<p>[\/et_pb_text][et_pb_button button_url=\u00bb@ET-DC@eyJkeW5hbWljIjp0cnVlLCJjb250ZW50IjoicG9zdF9saW5rX3VybF9wYWdlIiwic2V0dGluZ3MiOnsicG9zdF9pZCI6IjI1MjEzIn19@\u00bb button_text=\u00bbsaber m\u00e1s\u00bb button_alignment=\u00bbcenter\u00bb _builder_version=\u00bb4.27.4&#8243; _dynamic_attributes=\u00bbbutton_url\u00bb _module_preset=\u00bbdefault\u00bb custom_button=\u00bbon\u00bb button_text_size=\u00bb15px\u00bb button_text_color=\u00bb#231F20&#8243; button_bg_color=\u00bb#FFFFFF\u00bb button_bg_enable_image=\u00bboff\u00bb button_bg_position=\u00bbtop_center\u00bb button_border_width=\u00bb0px\u00bb button_border_radius=\u00bb0px\u00bb button_letter_spacing=\u00bb2px\u00bb button_font=\u00bb|800||on|||||\u00bb button_icon=\u00bb&#x35;||divi||400&#8243; custom_padding=\u00bb10px|11px|10px|11px|true|true\u00bb hover_enabled=\u00bb0&#8243; global_colors_info=\u00bb{}\u00bb button_bg_color__hover=\u00bbrgba(255,255,255,0.28)\u00bb button_bg_color__hover_enabled=\u00bbon|desktop\u00bb button_bg_enable_color__hover=\u00bbon\u00bb button_letter_spacing__hover_enabled=\u00bbon|desktop\u00bb button_letter_spacing__hover=\u00bb3px\u00bb sticky_enabled=\u00bb0&#8243; button_bg_enable_color=\u00bbon\u00bb][\/et_pb_button][\/et_pb_column][et_pb_column type=\u00bb1_3&#8243; admin_label=\u00bbformacion\u00bb _builder_version=\u00bb4.16&#8243; _module_preset=\u00bbdefault\u00bb background_color=\u00bb#82b29e\u00bb custom_padding=\u00bb1vw|1vw|1vw|1vw|true|true\u00bb border_radii=\u00bbon|7px|7px|7px|7px\u00bb global_colors_info=\u00bb{}\u00bb][et_pb_image src=\u00bbhttps:\/\/susannaarjona.com\/wp-content\/uploads\/2020\/10\/aire-psicopedagoga-psicopedagogia-terapeuta-infantil-adolescences-adultos-astrologia-susanna-arjona-aria-vital-girona-20.png\u00bb title_text=\u00bbaire psicopedagoga psicopedagogia terapeuta infantil adolescences adultos astrologia susanna arjona aria vital girona 20&#8243; _builder_version=\u00bb4.16&#8243; _module_preset=\u00bbdefault\u00bb width=\u00bb81%\u00bb width_tablet=\u00bb\u00bb width_phone=\u00bb\u00bb width_last_edited=\u00bbon|desktop\u00bb module_alignment=\u00bbcenter\u00bb global_colors_info=\u00bb{}\u00bb][\/et_pb_image][et_pb_text _builder_version=\u00bb4.27.4&#8243; _module_preset=\u00bbdefault\u00bb text_font=\u00bb|600|||||||\u00bb text_font_size=\u00bb20px\u00bb text_letter_spacing=\u00bb1px\u00bb text_line_height=\u00bb1.5em\u00bb text_orientation=\u00bbcenter\u00bb background_layout=\u00bbdark\u00bb hover_enabled=\u00bb0&#8243; global_colors_info=\u00bb{}\u00bb sticky_enabled=\u00bb0&#8243; text_text_color=\u00bb#231F20&#8243;]<\/p>\n<p style=\"text-align: center;\">Formaci\u00f3n<\/p>\n<p>[\/et_pb_text][et_pb_button button_url=\u00bb@ET-DC@eyJkeW5hbWljIjp0cnVlLCJjb250ZW50IjoicG9zdF9saW5rX3VybF9wYWdlIiwic2V0dGluZ3MiOnsicG9zdF9pZCI6IjI1MjE3In19@\u00bb button_text=\u00bbsaber m\u00e1s\u00bb button_alignment=\u00bbcenter\u00bb _builder_version=\u00bb4.27.4&#8243; _dynamic_attributes=\u00bbbutton_url\u00bb _module_preset=\u00bbdefault\u00bb custom_button=\u00bbon\u00bb button_text_size=\u00bb15px\u00bb button_text_color=\u00bb#231F20&#8243; button_bg_color=\u00bb#FFFFFF\u00bb button_bg_enable_image=\u00bboff\u00bb button_bg_position=\u00bbtop_center\u00bb button_border_width=\u00bb0px\u00bb button_border_radius=\u00bb0px\u00bb button_letter_spacing=\u00bb2px\u00bb button_font=\u00bb|800||on|||||\u00bb button_icon=\u00bb&#x35;||divi||400&#8243; custom_padding=\u00bb10px|11px|10px|11px|true|true\u00bb hover_enabled=\u00bb0&#8243; global_colors_info=\u00bb{}\u00bb button_bg_color__hover=\u00bbrgba(255,255,255,0.28)\u00bb button_bg_color__hover_enabled=\u00bbon|desktop\u00bb button_bg_enable_color__hover=\u00bbon\u00bb button_letter_spacing__hover_enabled=\u00bbon|desktop\u00bb button_letter_spacing__hover=\u00bb3px\u00bb sticky_enabled=\u00bb0&#8243; background_layout=\u00bbdark\u00bb button_bg_enable_color=\u00bbon\u00bb][\/et_pb_button][\/et_pb_column][\/et_pb_row][\/et_pb_section]<\/p>\n","protected":false},"excerpt":{"rendered":"<p>Psicolog\u00eda y Pedagog\u00eda de la Autenticidad. Procesos de transformaci\u00f3n y v\u00ednculos de vidaPsicoterapia y Psicopedagog\u00eda Atenci\u00f3n presencial en Girona ciudad, en la naturaleza y online \u201cEl v\u00ednculo que te une a tu verdadera familia no es el de la sangre, sino el del respeto y la alegr\u00eda que t\u00fa sientes por las vidas de ellos [&hellip;]<\/p>\n","protected":false},"author":4,"featured_media":24449,"parent":0,"menu_order":0,"comment_status":"closed","ping_status":"closed","template":"","meta":{"_et_pb_use_builder":"on","_et_pb_old_content":"","_et_gb_content_width":"","footnotes":""},"class_list":["post-24458","page","type-page","status-publish","has-post-thumbnail","hentry"],"_links":{"self":[{"href":"https:\/\/susannaarjona.com\/ca\/wp-json\/wp\/v2\/pages\/24458","targetHints":{"allow":["GET"]}}],"collection":[{"href":"https:\/\/susannaarjona.com\/ca\/wp-json\/wp\/v2\/pages"}],"about":[{"href":"https:\/\/susannaarjona.com\/ca\/wp-json\/wp\/v2\/types\/page"}],"author":[{"embeddable":true,"href":"https:\/\/susannaarjona.com\/ca\/wp-json\/wp\/v2\/users\/4"}],"replies":[{"embeddable":true,"href":"https:\/\/susannaarjona.com\/ca\/wp-json\/wp\/v2\/comments?post=24458"}],"version-history":[{"count":9,"href":"https:\/\/susannaarjona.com\/ca\/wp-json\/wp\/v2\/pages\/24458\/revisions"}],"predecessor-version":[{"id":26523,"href":"https:\/\/susannaarjona.com\/ca\/wp-json\/wp\/v2\/pages\/24458\/revisions\/26523"}],"wp:featuredmedia":[{"embeddable":true,"href":"https:\/\/susannaarjona.com\/ca\/wp-json\/wp\/v2\/media\/24449"}],"wp:attachment":[{"href":"https:\/\/susannaarjona.com\/ca\/wp-json\/wp\/v2\/media?parent=24458"}],"curies":[{"name":"wp","href":"https:\/\/api.w.org\/{rel}","templated":true}]}}